{"id":17629,"date":"2016-04-01T12:36:54","date_gmt":"2016-04-01T10:36:54","guid":{"rendered":"http:\/\/www.libraria-occitana.org\/all-products\/le-reve-du-sorcier?lang=en"},"modified":"2026-04-29T10:10:24","modified_gmt":"2026-04-29T08:10:24","slug":"le-reve-du-sorcier","status":"publish","type":"product","link":"https:\/\/www.libraria-occitana.org\/en\/product\/le-reve-du-sorcier\/","title":{"rendered":"Le r\u00eave du sorcier"},"content":{"rendered":"<p>Antoine (Or\u00e9lie) de Tounens n\u00e9 en 1825, est le fils d\u2019une famille de paysans du P\u00e9rigord. Apr\u00e8s de s\u00e9rieuses \u00e9tudes de droit, le jeune homme s\u2019installe en rachetant une \u00e9tude d\u2019avou\u00e9 en d\u00e9sh\u00e9rence en 1851. Sept ans plus tard, il se trouve \u00e0 la t\u00eate d\u2019une des affaires les plus dynamiques et prosp\u00e8re de la ville de P\u00e9rigueux. Devenu franc-ma\u00e7on, il a pour amis des notables et des hommes politiques de premier plan. C\u2019est pr\u00e9cis\u00e9ment \u00e0 ce moment-l\u00e0 qu\u2019il va vendre son \u00e9tude subitement et dispara\u00eetre sans laisser de traces\u2026<br \/>\nAu m\u00eame moment, mais de l\u2019autre c\u00f4t\u00e9 de la plan\u00e8te, tout au sud de la Cordill\u00e8re des Andes en Am\u00e9rique du sud, le vieux sorcier Magnil, chef du peuple Mapuche, (un peuple am\u00e9rindien libre et ind\u00e9pendant depuis la nuit des temps), est profond\u00e9ment troubl\u00e9 par un r\u00eave \u00e9trange. Dans son r\u00eave, Magnil a \u00e9t\u00e9 visit\u00e9 par un esprit qui lui a annonc\u00e9 qu\u2019un roi, un blanc, allait venir pour d\u00e9fendre les Mapuches et prot\u00e9ger leurs terres des agressions chiliennes et argentines. Emmitoufl\u00e9 dans son poncho tout en haut de la montagne sacr\u00e9e d\u2019Adenkul en Araucanie, le vieux sorcier Magnil r\u00eave et attend.<br \/>\nTrois ans plus tard, une incroyable nouvelle d\u00e9fraie la chronique des journaux Am\u00e9ricains et Europ\u00e9ens. Un fran\u00e7ais, un blanc, vient d\u2019\u00eatre proclam\u00e9 \u00ab roi \u00bb de toutes les communaut\u00e9s des f\u00e9roces guerriers Mapuches d\u2019Araucanie, de la Cordill\u00e8re des Andes et de Patagonie, et le roi se nomme Or\u00e9lie Antoine de Tounens ! Lentement, mais s\u00fbrement, un impitoyable \u00ab western \u00bb va se mettre en place.<\/p>\n","protected":false},"excerpt":{"rendered":"<p>Antoine (Or\u00e9lie) de Tounens n\u00e9 en 1825, est le fils d\u2019une famille de paysans du P\u00e9rigord. Apr\u00e8s de s\u00e9rieuses \u00e9tudes de droit, le jeune homme s\u2019installe en rachetant une \u00e9tude d\u2019avou\u00e9 en d\u00e9sh\u00e9rence en 1851. Sept ans plus tard, il se trouve \u00e0 la t\u00eate d\u2019une des affaires les plus dynamiques et prosp\u00e8re de la [&hellip;]<\/p>\n","protected":false},"featured_media":17625,"template":"","meta":{"_acf_changed":false,"_genesis_hide_title":false,"_genesis_hide_breadcrumbs":false,"_genesis_hide_singular_image":false,"_genesis_hide_footer_widgets":false,"_genesis_custom_body_class":"","_genesis_custom_post_class":"","_genesis_layout":""},"product_brand":[],"product_cat":[7132,7148,7158],"product_tag":[],"class_list":{"0":"post-17629","1":"product","2":"type-product","3":"status-publish","4":"has-post-thumbnail","6":"product_cat-books","7":"product_cat-history-geography-en","8":"product_cat-modern-and-contemporary-history-en","9":"pa_auteur-gareyte-jean-francois-en","10":"pa_editeur-la-lauze-en","11":"pa_langue-francais-en","12":"entry","14":"first","15":"outofstock","16":"shipping-taxable","17":"purchasable","18":"product-type-simple"},"acf":[],"_links":{"self":[{"href":"https:\/\/www.libraria-occitana.org\/en\/wp-json\/wp\/v2\/product\/17629","targetHints":{"allow":["GET"]}}],"collection":[{"href":"https:\/\/www.libraria-occitana.org\/en\/wp-json\/wp\/v2\/product"}],"about":[{"href":"https:\/\/www.libraria-occitana.org\/en\/wp-json\/wp\/v2\/types\/product"}],"wp:featuredmedia":[{"embeddable":true,"href":"https:\/\/www.libraria-occitana.org\/en\/wp-json\/wp\/v2\/media\/17625"}],"wp:attachment":[{"href":"https:\/\/www.libraria-occitana.org\/en\/wp-json\/wp\/v2\/media?parent=17629"}],"wp:term":[{"taxonomy":"product_brand","embeddable":true,"href":"https:\/\/www.libraria-occitana.org\/en\/wp-json\/wp\/v2\/product_brand?post=17629"},{"taxonomy":"product_cat","embeddable":true,"href":"https:\/\/www.libraria-occitana.org\/en\/wp-json\/wp\/v2\/product_cat?post=17629"},{"taxonomy":"product_tag","embeddable":true,"href":"https:\/\/www.libraria-occitana.org\/en\/wp-json\/wp\/v2\/product_tag?post=17629"}],"curies":[{"name":"wp","href":"https:\/\/api.w.org\/{rel}","templated":true}]}}