{"id":17697,"date":"1979-01-01T11:02:38","date_gmt":"1979-01-01T10:02:38","guid":{"rendered":"http:\/\/www.libraria-occitana.org\/all-products\/licona-dins-liscla?lang=en"},"modified":"2026-04-29T03:51:14","modified_gmt":"2026-04-29T01:51:14","slug":"licona-dins-liscla","status":"publish","type":"product","link":"https:\/\/www.libraria-occitana.org\/en\/product\/licona-dins-liscla\/","title":{"rendered":"L&#8217;ic\u00f2na dins l&#8217;iscla"},"content":{"rendered":"<blockquote>\n<p>A cima de rega se revira l&#8217;atalatge e se t\u00f2rna comen\u00e7ar la conquista paci\u00e8nta dau t\u00e8mps. Antau s&#8217;escriu p\u00e8r laurar lis oras. P\u00e8r durar. Quand fai de setmanadas que dure d&#8217;aquela maniera ? Tres \u00f2 quatre, que prene set\u00e8mbre. M&#8217;arr\u00e8ste d&#8217;escriure a la nuech, me i grope mai a l&#8217;auba. M&#8217;aplante p\u00e8r me passejar sus l&#8217;iscla, perfiechament sol, s\u00e8ns esp\u00e8r d&#8217;una votz d&#8217;\u00f2me, d&#8217;un quilar d&#8217;auc\u00e8u, d&#8217;un rondinar d&#8217;avion. M&#8217;aplante p\u00e8r tirar una cons\u00e8rva dau molonet qu&#8217;a dicha se demes\u00eds, p\u00e8r la dobrir, p\u00e8r mastegar lentament frucha \u00f2 carn en agachant l&#8217;orizont ara vuege, solelh\u00f3s, esplendid. T\u00f2rne a la rega. Ai abenat un gredon, mai n&#8217;avi\u00e1u tres de res\u00e8rva. Amb tot lo papier qu&#8217;ai recampat, farai tirar de t\u00e8mps encara. Sabe qu&#8217;escriurai apr\u00e8s qu&#8217;agu\u00e8sse plus r\u00e8n p\u00e8r brifar, de tant que ma man aur\u00e0 pron de f\u00f2r\u00e7a, l&#8217;esperit pron de clartat. Passada la rara de la fam, l&#8217;escrich m&#8217;acompanhar\u00e0 luenh sus lo camin de ma m\u00f2rt.<\/p>\n<\/blockquote>\n<p><strong>Robert Lafont<\/strong> (N\u00eemes, 1923 &#8211; Florence, Italie, 2009) \u00e9tait un intellectuel occitan et plus particuli\u00e8rement un linguiste, un \u00e9crivain, un historien, un sp\u00e9cialiste de la litt\u00e9rature et un th\u00e9oricien politique. Il est une des plus grandes figures historiques de l&#8217;occitanisme.<\/p>\n","protected":false},"excerpt":{"rendered":"<p>A cima de rega se revira l&#8217;atalatge e se t\u00f2rna comen\u00e7ar la conquista paci\u00e8nta dau t\u00e8mps. Antau s&#8217;escriu p\u00e8r laurar lis oras. P\u00e8r durar. Quand fai de setmanadas que dure d&#8217;aquela maniera ? Tres \u00f2 quatre, que prene set\u00e8mbre. M&#8217;arr\u00e8ste d&#8217;escriure a la nuech, me i grope mai a l&#8217;auba. M&#8217;aplante p\u00e8r me passejar sus [&hellip;]<\/p>\n","protected":false},"featured_media":53792,"template":"","meta":{"_acf_changed":false,"_genesis_hide_title":false,"_genesis_hide_breadcrumbs":false,"_genesis_hide_singular_image":false,"_genesis_hide_footer_widgets":false,"_genesis_custom_body_class":"","_genesis_custom_post_class":"","_genesis_layout":""},"product_brand":[],"product_cat":[7132,7174,7182],"product_tag":[],"class_list":{"0":"post-17697","1":"product","2":"type-product","3":"status-publish","4":"has-post-thumbnail","6":"product_cat-books","7":"product_cat-literature-en","8":"product_cat-novels-short-stories-en","9":"pa_editeur-ieo-fr-en","10":"pa_illustrateur-lafont-robert-en","11":"pa_langue-occitan-en","12":"pa_langue-occitan-provencau-en","13":"entry","15":"first","16":"instock","17":"shipping-taxable","18":"purchasable","19":"product-type-simple"},"acf":[],"_links":{"self":[{"href":"https:\/\/www.libraria-occitana.org\/en\/wp-json\/wp\/v2\/product\/17697","targetHints":{"allow":["GET"]}}],"collection":[{"href":"https:\/\/www.libraria-occitana.org\/en\/wp-json\/wp\/v2\/product"}],"about":[{"href":"https:\/\/www.libraria-occitana.org\/en\/wp-json\/wp\/v2\/types\/product"}],"wp:featuredmedia":[{"embeddable":true,"href":"https:\/\/www.libraria-occitana.org\/en\/wp-json\/wp\/v2\/media\/53792"}],"wp:attachment":[{"href":"https:\/\/www.libraria-occitana.org\/en\/wp-json\/wp\/v2\/media?parent=17697"}],"wp:term":[{"taxonomy":"product_brand","embeddable":true,"href":"https:\/\/www.libraria-occitana.org\/en\/wp-json\/wp\/v2\/product_brand?post=17697"},{"taxonomy":"product_cat","embeddable":true,"href":"https:\/\/www.libraria-occitana.org\/en\/wp-json\/wp\/v2\/product_cat?post=17697"},{"taxonomy":"product_tag","embeddable":true,"href":"https:\/\/www.libraria-occitana.org\/en\/wp-json\/wp\/v2\/product_tag?post=17697"}],"curies":[{"name":"wp","href":"https:\/\/api.w.org\/{rel}","templated":true}]}}