{"id":17881,"date":"1995-01-01T13:42:12","date_gmt":"1995-01-01T12:42:12","guid":{"rendered":"http:\/\/www.libraria-occitana.org\/all-products\/aubusson?lang=en"},"modified":"2026-04-29T10:56:34","modified_gmt":"2026-04-29T08:56:34","slug":"aubusson","status":"publish","type":"product","link":"https:\/\/www.libraria-occitana.org\/en\/product\/aubusson\/","title":{"rendered":"Aubusson"},"content":{"rendered":"<p>Pour le visiteur, Aubusson est synonyme de tapisserie. Cette activit\u00e9 a donn\u00e9 \u00e0 la ville, et depuis longtemps, un renom international. Mais l&#8217;homme avait occup\u00e9 ce site bien avant le choix des lissiers. Les p\u00e9rip\u00e9ties de l&#8217;histoire et la r\u00e9ussite de l&#8217;art de la tapisserie ont, en se conjuguant, suscit\u00e9 en ce lieu, le d\u00e9veloppement d&#8217;une cit\u00e9 tout \u00e0 fait originale.<\/p>\n<p>Ce livret se veut un hommage \u00e0 tous les Aubussonnais qui, depuis Cyprien P\u00e9rathon et Maurice Dayras, travaillent avec talent et perspicacit\u00e9 \u00e0 mieux connaitre et faire connaitre le pass\u00e9 de leur ville.<\/p>\n","protected":false},"excerpt":{"rendered":"<p>Pour le visiteur, Aubusson est synonyme de tapisserie. Cette activit\u00e9 a donn\u00e9 \u00e0 la ville, et depuis longtemps, un renom international. Mais l&#8217;homme avait occup\u00e9 ce site bien avant le choix des lissiers. Les p\u00e9rip\u00e9ties de l&#8217;histoire et la r\u00e9ussite de l&#8217;art de la tapisserie ont, en se conjuguant, suscit\u00e9 en ce lieu, le d\u00e9veloppement [&hellip;]<\/p>\n","protected":false},"featured_media":36805,"template":"","meta":{"_acf_changed":false,"_genesis_hide_title":false,"_genesis_hide_breadcrumbs":false,"_genesis_hide_singular_image":false,"_genesis_hide_footer_widgets":false,"_genesis_custom_body_class":"","_genesis_custom_post_class":"","_genesis_layout":""},"product_brand":[],"product_cat":[7132,7198,7196],"product_tag":[],"class_list":{"0":"post-17881","1":"product","2":"type-product","3":"status-publish","4":"has-post-thumbnail","6":"product_cat-books","7":"product_cat-guides-tourism-en","8":"product_cat-nature-tourism-en","9":"pa_auteur-collectiu-en-2","10":"pa_auteur-ferran-luc-en","11":"pa_editeur-pu-limoges-en","12":"pa_langue-francais-en","13":"entry","15":"first","16":"instock","17":"shipping-taxable","18":"purchasable","19":"product-type-simple"},"acf":[],"_links":{"self":[{"href":"https:\/\/www.libraria-occitana.org\/en\/wp-json\/wp\/v2\/product\/17881","targetHints":{"allow":["GET"]}}],"collection":[{"href":"https:\/\/www.libraria-occitana.org\/en\/wp-json\/wp\/v2\/product"}],"about":[{"href":"https:\/\/www.libraria-occitana.org\/en\/wp-json\/wp\/v2\/types\/product"}],"wp:featuredmedia":[{"embeddable":true,"href":"https:\/\/www.libraria-occitana.org\/en\/wp-json\/wp\/v2\/media\/36805"}],"wp:attachment":[{"href":"https:\/\/www.libraria-occitana.org\/en\/wp-json\/wp\/v2\/media?parent=17881"}],"wp:term":[{"taxonomy":"product_brand","embeddable":true,"href":"https:\/\/www.libraria-occitana.org\/en\/wp-json\/wp\/v2\/product_brand?post=17881"},{"taxonomy":"product_cat","embeddable":true,"href":"https:\/\/www.libraria-occitana.org\/en\/wp-json\/wp\/v2\/product_cat?post=17881"},{"taxonomy":"product_tag","embeddable":true,"href":"https:\/\/www.libraria-occitana.org\/en\/wp-json\/wp\/v2\/product_tag?post=17881"}],"curies":[{"name":"wp","href":"https:\/\/api.w.org\/{rel}","templated":true}]}}