{"id":18419,"date":"2007-11-01T13:54:21","date_gmt":"2007-11-01T12:54:21","guid":{"rendered":"http:\/\/www.libraria-occitana.org\/all-products\/le-troubadour-marcabru-et-ses-contemporains?lang=en"},"modified":"2026-04-29T00:36:44","modified_gmt":"2026-04-28T22:36:44","slug":"le-troubadour-marcabru-et-ses-contemporains","status":"publish","type":"product","link":"https:\/\/www.libraria-occitana.org\/en\/product\/le-troubadour-marcabru-et-ses-contemporains\/","title":{"rendered":"Le troubadour Marcabru et ses contemporains"},"content":{"rendered":"<p><strong>Ensenhador :<br \/>\n<\/strong>&#8211; Prologue par Luc de Goustine<br \/>\n&#8211; Le vocabulaire chez Bernart Marti, Cercamon et Marcabru par Peter Ricketts, professeur honoraire Universit\u00e9 de Birmingham<br \/>\n&#8211; La tenson entre Marcabru et Audric : r\u00e9miniscences d\u2019une histoire qu\u2019on croyait enterr\u00e9e par Barbara Spaggiari, Gen\u00e8ve<br \/>\n&#8211; Marcabru pr\u00e9dicateur et po\u00e8te \u2013 \u00c9dition de la pi\u00e8ce 293,18 d\u2019apr\u00e8s le Ms. a\u00a0par Maurizio Perugi, Universit\u00e9 de Gen\u00e8ve<br \/>\n&#8211; Des musiques pour Marcabru \u2013 techniques et probl\u00e8mes de restitution par Brice Duisit, Tours<br \/>\n&#8211; Jaufre Rudel et le monde \u00e0 l\u2019envers par Peter Davies, Universit\u00e9 de Glasgow<br \/>\n&#8211; L\u2019Art roman et la po\u00e9sie occitane : une question de traduction par Catherine L\u00e9glu, Universit\u00e9 de Bristol<br \/>\n&#8211; Synth\u00e8se de la Trobada par Dominique Billy, Universit\u00e9 de Toulouse<\/p>\n<p><strong>Peter Ricketts<\/strong>, Universit\u00e9 de Birmingham, <strong>Le vocabulaire chez Bernart Marti, Cercamon et Marcabru<\/strong> : Entre Marcabru et ses deux contemporains, aux propos\u00a0souvent moralisateurs, une comparaison au niveau des lex\u00e8mes montre comment la\u00a0Concordance de l\u2019occitan m\u00e9di\u00e9val (COM) peut \u00eatre utilis\u00e9e \u00e0 des fins sp\u00e9cifiques.<\/p>\n<p><strong>Barbara Spaggiari<\/strong>, Gen\u00e8ve, <strong>La tenson entre Marcabru et Audric : r\u00e9miniscences d\u2019une histoire qu\u2019on croyait enterr\u00e9e<\/strong> : Qui \u00e9tait vraiment Marcabru ? Dans un d\u00e9bat po\u00e9tique tr\u00e8s connu, on apprend sa condition d\u2019orphelin nourri et \u00e9lev\u00e9 chez un noble, Audric del Vilar : occasion d\u2019\u00e9voquer quelques-uns des myst\u00e8res qui obscurcissent la biographie marcabrunienne.<\/p>\n<p><strong>Maurizio Perugi<\/strong>, Universit\u00e9 de Gen\u00e8ve, <strong>Marcabru, le pr\u00e9dicateur et le po\u00e8te<\/strong> : Fondateur reconnu du \u2018trobar clus\u2019, Marcabru avait l\u2019\u00e9toffe du pr\u00e9dicateur ; ce qu\u2019on devine en lisant nombre de ses po\u00e8mes, c\u2019est sa figure aust\u00e8re. Pourtant, toujours percutant, souvent obsc\u00e8ne, son discours poss\u00e8de une merveilleuse efficacit\u00e9, que l\u2019on s\u2019efforce ici d\u2019illustrer \u00e0 l\u2019aide de quelques \u00e9chantillons tir\u00e9s de son \u0153uvre.<\/p>\n<p><strong>Brice Duisit<\/strong>, musicien, musicologue, Tours, <strong>Des musiques pour Marcabru\u2026 Techniques et probl\u00e8mes de restitution<\/strong> : S\u2019engager dans la restitution de l\u2019\u0153uvre de\u00a0Marcabru pose la question de la valeur historique de l&#8217;interpr\u00e9tation qu&#8217;on en donne. Malgr\u00e9 les maigres sources musicales disponibles, peut-on pr\u00e9tendre \u00e0 une historicit\u00e9 dans la d\u00e9marche ? \u00c0\u00a0moins que le manque de musique ne soit pas un facteur d\u00e9terminant, mais qu\u2019une partie des \u00e9cueils soit li\u00e9e aux conditions m\u00eames de la vie du <em>trobar<\/em>.<\/p>\n<p><strong>Peter Davies<\/strong>, Universit\u00e9 de Glasgow, <strong>Jaufre Rudel et le monde \u00e0 l\u2019envers<\/strong> : Pour ceux qui s\u2019int\u00e9ressent \u00e0 l\u2019histoire culturelle de l\u2019humanit\u00e9, la notion du monde \u00e0 l\u2019envers \u00e9voque surtout l\u2019\u00e9change de r\u00f4les assez comique qui caract\u00e9rise les f\u00eates populaires. Mais le th\u00e8me de l\u2019inversion figure aussi dans la po\u00e9sie de certains troubadours du XIIe si\u00e8cle, parmi lesquels Jaufre Rudel&#8230;<\/p>\n<p><strong>Catherine L\u00e9glu<\/strong>, Universit\u00e9 de Bristol, <strong>L\u2019Art roman et la po\u00e9sie occitane: une question de traduction<\/strong> : S&#8217;il y a des liens entre la sculpture eccl\u00e9siastique romane et l\u2019\u0153uvre de Marcabru, comment concevoir le champ linguistique de ces sculptures ? Le \u2018cri de pierre\u2019 du trumeau de Souillac est le signe de d\u00e9part d\u2019un voyage m\u00e9moriel et psychologique au sein de l\u2019abbaye, con\u00e7u par les moines. L\u2019hybride et sa violence sont-ils per\u00e7us dans d\u2019autres \u0153uvres du XIIe si\u00e8cle ? Une lecture moins litt\u00e9raire montre l\u2019importance du regard dans l\u2019acquisition des connaissances, y compris sur soi-m\u00eame.<\/p>\n","protected":false},"excerpt":{"rendered":"<p>Ensenhador : &#8211; Prologue par Luc de Goustine &#8211; Le vocabulaire chez Bernart Marti, Cercamon et Marcabru par Peter Ricketts, professeur honoraire Universit\u00e9 de Birmingham &#8211; La tenson entre Marcabru et Audric : r\u00e9miniscences d\u2019une histoire qu\u2019on croyait enterr\u00e9e par Barbara Spaggiari, Gen\u00e8ve &#8211; Marcabru pr\u00e9dicateur et po\u00e8te \u2013 \u00c9dition de la pi\u00e8ce 293,18 d\u2019apr\u00e8s [&hellip;]<\/p>\n","protected":false},"featured_media":17479,"template":"","meta":{"_acf_changed":false,"_genesis_hide_title":false,"_genesis_hide_breadcrumbs":false,"_genesis_hide_singular_image":false,"_genesis_hide_footer_widgets":false,"_genesis_custom_body_class":"","_genesis_custom_post_class":"","_genesis_layout":""},"product_brand":[],"product_cat":[7188,7132,7174],"product_tag":[],"class_list":{"0":"post-18419","1":"product","2":"type-product","3":"status-publish","4":"has-post-thumbnail","6":"product_cat-arts-studies-en","7":"product_cat-books","8":"product_cat-literature-en","9":"pa_auteur-collectiu-en-2","10":"pa_editeur-carrefour-ventadour-fr-en","11":"pa_langue-francais-en","12":"entry","14":"first","15":"instock","16":"shipping-taxable","17":"purchasable","18":"product-type-simple"},"acf":[],"_links":{"self":[{"href":"https:\/\/www.libraria-occitana.org\/en\/wp-json\/wp\/v2\/product\/18419","targetHints":{"allow":["GET"]}}],"collection":[{"href":"https:\/\/www.libraria-occitana.org\/en\/wp-json\/wp\/v2\/product"}],"about":[{"href":"https:\/\/www.libraria-occitana.org\/en\/wp-json\/wp\/v2\/types\/product"}],"wp:featuredmedia":[{"embeddable":true,"href":"https:\/\/www.libraria-occitana.org\/en\/wp-json\/wp\/v2\/media\/17479"}],"wp:attachment":[{"href":"https:\/\/www.libraria-occitana.org\/en\/wp-json\/wp\/v2\/media?parent=18419"}],"wp:term":[{"taxonomy":"product_brand","embeddable":true,"href":"https:\/\/www.libraria-occitana.org\/en\/wp-json\/wp\/v2\/product_brand?post=18419"},{"taxonomy":"product_cat","embeddable":true,"href":"https:\/\/www.libraria-occitana.org\/en\/wp-json\/wp\/v2\/product_cat?post=18419"},{"taxonomy":"product_tag","embeddable":true,"href":"https:\/\/www.libraria-occitana.org\/en\/wp-json\/wp\/v2\/product_tag?post=18419"}],"curies":[{"name":"wp","href":"https:\/\/api.w.org\/{rel}","templated":true}]}}