{"id":18499,"date":"2008-04-01T10:26:52","date_gmt":"2008-04-01T09:26:52","guid":{"rendered":"http:\/\/www.libraria-occitana.org\/all-products\/de-lombra-e-autres-titols-de-lombre-et-autres-titres?lang=en"},"modified":"2026-04-29T11:00:15","modified_gmt":"2026-04-29T09:00:15","slug":"de-lombra-e-autres-titols-de-lombre-et-autres-titres","status":"publish","type":"product","link":"https:\/\/www.libraria-occitana.org\/en\/product\/de-lombra-e-autres-titols-de-lombre-et-autres-titres\/","title":{"rendered":"De l&#8217;ombra e autres titols &#8211; De l&#8217;ombre et autres titres"},"content":{"rendered":"<p>\u00c0 \u00e9crire si peu, au fil du temps, se forge tout de m\u00eame ce qui peut finir par ressembler \u00e0 une \u0153uvre. Ainsi de Jan dau Melhau avec ses petits riens qu\u2019il conjugue, fussent-ils rim\u00e9s ou non, de toutes les mani\u00e8res.<\/p>\n<p>Et de quatre petits livres : <em>De l\u2019Ombra<\/em>, <em>Litania<\/em>, <a title=\"Dires de tres per n\u2019annada de bisest \u2013 Dires de trois pour une ann\u00e9e bissextile\" href=\"http:\/\/www.libraria-occitana.org\/all-products\/dires-de-tres-per-nannada-de-bisest-dires-de-trois-pour-une-annee-bissextile\"><em>Dires de tres per \u2019na annada de bisest<\/em><\/a>, <em>A quant de flors se parla de moquet ?<\/em> on en ferait presque un gros. Vous l\u2019avez l\u00e0.<\/p>\n<p>Pour faire suite \u00e0 ces <a title=\"\u00d2bras completas\" href=\"http:\/\/www.libraria-occitana.org\/all-products\/obras-completas\"><em>\u00d2bras completas<\/em><\/a> qui ne l\u2019\u00e9taient que par plaisanterie, aux quatrains de <em><a title=\"Ad un aitau franc desesper \u2013 Pour un si franc d\u00e9sespoir\" href=\"http:\/\/www.libraria-occitana.org\/all-products\/ad-un-aitau-franc-desesper-pour-un-si-franc-desespoir\">Ad un aitau franc desesper<\/a><\/em> dont sourdait belle et bonne joie, \u00e0 ce <a title=\"Au rier-lutz dau silenci\" href=\"http:\/\/www.libraria-occitana.org\/all-products\/au-rier-lutz-dau-silenci\"><em>Au rier-lutz dau silenci<\/em><\/a> qui promettait cri et lumi\u00e8re.<\/p>\n","protected":false},"excerpt":{"rendered":"<p>\u00c0 \u00e9crire si peu, au fil du temps, se forge tout de m\u00eame ce qui peut finir par ressembler \u00e0 une \u0153uvre. Ainsi de Jan dau Melhau avec ses petits riens qu\u2019il conjugue, fussent-ils rim\u00e9s ou non, de toutes les mani\u00e8res. Et de quatre petits livres : De l\u2019Ombra, Litania, Dires de tres per \u2019na [&hellip;]<\/p>\n","protected":false},"featured_media":18500,"template":"","meta":{"_acf_changed":false,"_genesis_hide_title":false,"_genesis_hide_breadcrumbs":false,"_genesis_hide_singular_image":false,"_genesis_hide_footer_widgets":false,"_genesis_custom_body_class":"","_genesis_custom_post_class":"","_genesis_layout":""},"product_brand":[],"product_cat":[7132,7174,7180],"product_tag":[],"class_list":{"0":"post-18499","1":"product","2":"type-product","3":"status-publish","4":"has-post-thumbnail","6":"product_cat-books","7":"product_cat-literature-en","8":"product_cat-poetry-en","9":"pa_auteur-melhau-jan-dau-fr-en","10":"pa_editeur-lo-chamin-de-sent-jaume-en","11":"pa_langue-occitan-lemosin-en","12":"pa_langue-occitan-francais-en","13":"entry","15":"first","16":"instock","17":"shipping-taxable","18":"purchasable","19":"product-type-simple"},"acf":[],"_links":{"self":[{"href":"https:\/\/www.libraria-occitana.org\/en\/wp-json\/wp\/v2\/product\/18499","targetHints":{"allow":["GET"]}}],"collection":[{"href":"https:\/\/www.libraria-occitana.org\/en\/wp-json\/wp\/v2\/product"}],"about":[{"href":"https:\/\/www.libraria-occitana.org\/en\/wp-json\/wp\/v2\/types\/product"}],"wp:featuredmedia":[{"embeddable":true,"href":"https:\/\/www.libraria-occitana.org\/en\/wp-json\/wp\/v2\/media\/18500"}],"wp:attachment":[{"href":"https:\/\/www.libraria-occitana.org\/en\/wp-json\/wp\/v2\/media?parent=18499"}],"wp:term":[{"taxonomy":"product_brand","embeddable":true,"href":"https:\/\/www.libraria-occitana.org\/en\/wp-json\/wp\/v2\/product_brand?post=18499"},{"taxonomy":"product_cat","embeddable":true,"href":"https:\/\/www.libraria-occitana.org\/en\/wp-json\/wp\/v2\/product_cat?post=18499"},{"taxonomy":"product_tag","embeddable":true,"href":"https:\/\/www.libraria-occitana.org\/en\/wp-json\/wp\/v2\/product_tag?post=18499"}],"curies":[{"name":"wp","href":"https:\/\/api.w.org\/{rel}","templated":true}]}}