{"id":19148,"date":"2012-01-01T11:21:49","date_gmt":"2012-01-01T10:21:49","guid":{"rendered":"http:\/\/www.libraria-occitana.org\/all-products\/au-molin-de-coreu-en-lemosin-5?lang=en"},"modified":"2026-04-29T04:36:09","modified_gmt":"2026-04-29T02:36:09","slug":"au-molin-de-coreu-en-lemosin-5","status":"publish","type":"product","link":"https:\/\/www.libraria-occitana.org\/en\/product\/au-molin-de-coreu-en-lemosin-5\/","title":{"rendered":"Au molin de Cor\u00e8u &#8211; Au moulin de Courieux (En Lemosin 5)"},"content":{"rendered":"<p><strong>Au Molin de Cor\u00e8u (Saint-Symphorien sur Couze, 87) passa la Cosa. Dins la maison au b\u00f2rd de l\u2019aiga viven tres generacions\u2026<\/strong><\/p>\n<p>Cela fait bien longtemps que le moulin de Courieux ne tourne plus.<br \/>\nMarcelle Dubreuil, sur sa chaise roulante, se souvient de cette activit\u00e9 et des dangers de la rivi\u00e8re qui manqua lui emporter son petit Francis.<\/p>\n<p>Celui-ci, devenu un fier gaillard, se consacre \u00e0 l\u2019\u00e9levage bovin, bient\u00f4t en compagnie de Lo\u00efc son propre fils de 18 ans, \u00e9pris d\u2019agriculture et qui r\u00eave d\u00e9j\u00e0 de transmettre \u00e0 son tour la propri\u00e9t\u00e9.<\/p>\n<p>Alain, le fr\u00e8re de Francis, vit en r\u00e9gion parisienne et vient se ressourcer dans la maison natale. De Paris, il ne parle jamais \u00e0 sa m\u00e8re qu\u2019en occitan. Alain fut \u00e9duqu\u00e9 en occitan et Francis, plus jeune de quinze ans, exclusivement en fran\u00e7ais. Il parle pourtant une tr\u00e8s belle langue. Mais le fil est rompu\u2026<\/p>\n<p>Un documentaire de 27 minutes en occitan (sous-titr\u00e9 en fran\u00e7ais) r\u00e9alis\u00e9 en 2012 par Jean-Pierre Cavaill\u00e9, Jean-Paul Faure et Jean-Fran\u00e7ois Vignaud.<\/p>\n","protected":false},"excerpt":{"rendered":"<p>Au Molin de Cor\u00e8u (Saint-Symphorien sur Couze, 87) passa la Cosa. Dins la maison au b\u00f2rd de l\u2019aiga viven tres generacions\u2026 Cela fait bien longtemps que le moulin de Courieux ne tourne plus. Marcelle Dubreuil, sur sa chaise roulante, se souvient de cette activit\u00e9 et des dangers de la rivi\u00e8re qui manqua lui emporter son [&hellip;]<\/p>\n","protected":false},"featured_media":36335,"template":"","meta":{"_acf_changed":false,"_genesis_hide_title":false,"_genesis_hide_breadcrumbs":false,"_genesis_hide_singular_image":false,"_genesis_hide_footer_widgets":false,"_genesis_custom_body_class":"","_genesis_custom_post_class":"","_genesis_layout":""},"product_brand":[],"product_cat":[7241,7249],"product_tag":[],"class_list":{"0":"post-19148","1":"product","2":"type-product","3":"status-publish","4":"has-post-thumbnail","6":"product_cat-documentary-en","7":"product_cat-videos-3-en","8":"pa_auteur-cavaille-jean-pierre-en","9":"pa_auteur-faure-jean-paul-en","10":"pa_auteur-vignaud-j-f-en","11":"pa_editeur-ieo-lemosin-en-2","12":"pa_langue-occitan-lemosin-en","13":"pa_langue-occitan-francais-en","14":"entry","16":"first","17":"outofstock","18":"sold-individually","19":"shipping-taxable","20":"purchasable","21":"product-type-simple"},"acf":[],"_links":{"self":[{"href":"https:\/\/www.libraria-occitana.org\/en\/wp-json\/wp\/v2\/product\/19148","targetHints":{"allow":["GET"]}}],"collection":[{"href":"https:\/\/www.libraria-occitana.org\/en\/wp-json\/wp\/v2\/product"}],"about":[{"href":"https:\/\/www.libraria-occitana.org\/en\/wp-json\/wp\/v2\/types\/product"}],"wp:featuredmedia":[{"embeddable":true,"href":"https:\/\/www.libraria-occitana.org\/en\/wp-json\/wp\/v2\/media\/36335"}],"wp:attachment":[{"href":"https:\/\/www.libraria-occitana.org\/en\/wp-json\/wp\/v2\/media?parent=19148"}],"wp:term":[{"taxonomy":"product_brand","embeddable":true,"href":"https:\/\/www.libraria-occitana.org\/en\/wp-json\/wp\/v2\/product_brand?post=19148"},{"taxonomy":"product_cat","embeddable":true,"href":"https:\/\/www.libraria-occitana.org\/en\/wp-json\/wp\/v2\/product_cat?post=19148"},{"taxonomy":"product_tag","embeddable":true,"href":"https:\/\/www.libraria-occitana.org\/en\/wp-json\/wp\/v2\/product_tag?post=19148"}],"curies":[{"name":"wp","href":"https:\/\/api.w.org\/{rel}","templated":true}]}}