{"id":23361,"date":"2014-10-01T10:32:18","date_gmt":"2014-10-01T09:32:18","guid":{"rendered":"http:\/\/www.libraria-occitana.org\/all-products\/le-sud-du-nord-presence-et-usages-du-sud-chez-racine-mallarme-daudet-et-loti?lang=en"},"modified":"2026-04-26T22:01:42","modified_gmt":"2026-04-26T20:01:42","slug":"le-sud-du-nord-presence-et-usages-du-sud-chez-racine-mallarme-daudet-et-loti","status":"publish","type":"product","link":"https:\/\/www.libraria-occitana.org\/en\/product\/le-sud-du-nord-presence-et-usages-du-sud-chez-racine-mallarme-daudet-et-loti\/","title":{"rendered":"Le Sud du Nord : Pr\u00e9sence et usages du Sud chez Racine, Mallarm\u00e9, Daudet et Loti"},"content":{"rendered":"<p>La cat\u00e9gorie du \u00ab postcolonial \u00bb est utilis\u00e9e fr\u00e9quemment aujourd&#8217;hui pour d\u00e9finir les litt\u00e9ratures du Sud.<\/p>\n<p>Mais doit-on en r\u00e9server l&#8217;emploi \u00e0 celles-ci et en exclure les litt\u00e9ratures du Nord ? Tel est le point de d\u00e9part du pr\u00e9sent ouvrage, <em>Le Sud du Nord<\/em> qui propose l&#8217;\u00e9tude de quatre \u00e9crivains fran\u00e7ais, Racine, Mallarm\u00e9, Daudet et Loti, qui ont en commun d&#8217;avoir fix\u00e9 leur destin litt\u00e9raire \u00e0 Paris et qui, \u00e0 un moment de leur parcours, ont \u00e9t\u00e9 confront\u00e9s avec le Sud de la France.<\/p>\n<p>Qu&#8217;ont-ils vu ? Qu&#8217;ont-ils \u00e9crit ? Que ce soit \u00e0 Uz\u00e8s, \u00e0 Avignon, dans la Provence ou au Pays basque, on verra que ces auteurs, sous des formes diverses, ont d\u00e9velopp\u00e9 des probl\u00e9matiques semblables \u00e0 celles des litt\u00e9ratures du Sud : consid\u00e9rations sur le r\u00e9gime des passions en Languedoc chez Racine, rencontre \u00e0 Avignon de Mallarm\u00e9 et des po\u00e8tes du F\u00e9librige, r\u00e9ticences de Daudet \u00e0 l&#8217;\u00e9gard de la Provence de Mistral, critique de l&#8217;identit\u00e9 basque dans <em>Ramuntcho<\/em> de Loti.<\/p>\n<p>De la sorte, <em>Le Sud du Nord<\/em> peut conduire \u00e0 une r\u00e9flexion plus large sur les relations entre litt\u00e9ratures du Sud et litt\u00e9ratures du Nord.<\/p>\n","protected":false},"excerpt":{"rendered":"<p>La cat\u00e9gorie du \u00ab postcolonial \u00bb est utilis\u00e9e fr\u00e9quemment aujourd&#8217;hui pour d\u00e9finir les litt\u00e9ratures du Sud. Mais doit-on en r\u00e9server l&#8217;emploi \u00e0 celles-ci et en exclure les litt\u00e9ratures du Nord ? Tel est le point de d\u00e9part du pr\u00e9sent ouvrage, Le Sud du Nord qui propose l&#8217;\u00e9tude de quatre \u00e9crivains fran\u00e7ais, Racine, Mallarm\u00e9, Daudet et [&hellip;]<\/p>\n","protected":false},"featured_media":23362,"template":"","meta":{"_acf_changed":false,"_genesis_hide_title":false,"_genesis_hide_breadcrumbs":false,"_genesis_hide_singular_image":false,"_genesis_hide_footer_widgets":false,"_genesis_custom_body_class":"","_genesis_custom_post_class":"","_genesis_layout":""},"product_brand":[],"product_cat":[7188,7132,7174],"product_tag":[],"class_list":{"0":"post-23361","1":"product","2":"type-product","3":"status-publish","4":"has-post-thumbnail","6":"product_cat-arts-studies-en","7":"product_cat-books","8":"product_cat-literature-en","9":"pa_auteur-mouralis-bernard-en","10":"pa_editeur-honore-champion-en","11":"pa_langue-francais-en","12":"entry","14":"first","15":"instock","16":"shipping-taxable","17":"purchasable","18":"product-type-simple"},"acf":[],"_links":{"self":[{"href":"https:\/\/www.libraria-occitana.org\/en\/wp-json\/wp\/v2\/product\/23361","targetHints":{"allow":["GET"]}}],"collection":[{"href":"https:\/\/www.libraria-occitana.org\/en\/wp-json\/wp\/v2\/product"}],"about":[{"href":"https:\/\/www.libraria-occitana.org\/en\/wp-json\/wp\/v2\/types\/product"}],"wp:featuredmedia":[{"embeddable":true,"href":"https:\/\/www.libraria-occitana.org\/en\/wp-json\/wp\/v2\/media\/23362"}],"wp:attachment":[{"href":"https:\/\/www.libraria-occitana.org\/en\/wp-json\/wp\/v2\/media?parent=23361"}],"wp:term":[{"taxonomy":"product_brand","embeddable":true,"href":"https:\/\/www.libraria-occitana.org\/en\/wp-json\/wp\/v2\/product_brand?post=23361"},{"taxonomy":"product_cat","embeddable":true,"href":"https:\/\/www.libraria-occitana.org\/en\/wp-json\/wp\/v2\/product_cat?post=23361"},{"taxonomy":"product_tag","embeddable":true,"href":"https:\/\/www.libraria-occitana.org\/en\/wp-json\/wp\/v2\/product_tag?post=23361"}],"curies":[{"name":"wp","href":"https:\/\/api.w.org\/{rel}","templated":true}]}}