{"id":23480,"date":"2026-08-31T17:38:34","date_gmt":"2026-08-31T15:38:34","guid":{"rendered":"http:\/\/www.libraria-occitana.org\/all-products\/les-noms-de-lieux-du-canton-de-felletin-creuse?lang=en"},"modified":"2026-08-31T17:39:21","modified_gmt":"2026-08-31T15:39:21","slug":"les-noms-de-lieux-du-canton-de-felletin-creuse","status":"publish","type":"product","link":"https:\/\/www.libraria-occitana.org\/en\/product\/les-noms-de-lieux-du-canton-de-felletin-creuse\/","title":{"rendered":"LES NOMS DE LIEUX DU CANTON DE FELLETIN (CREUSE)"},"content":{"rendered":"<p style=\"margin:0;\"><span style=\"font-family:'Times New Roman';font-size:12pt;\">Les noms de lieux sont comme un livre ouvert que tout un chacun, Limousin ou non, peut feuilleter \u00e0 son gr\u00e9. Les toponymes du canton de Felletin ne d\u00e9rogent pas \u00e0 la r\u00e8gle. L&#8217;on a parmi eux ceux qui ont un enracinement local pr\u00e9cis <wbr>(les noms cadastraux) mais qui se r\u00e9p\u00e8tent \u00e0 l&#8217;envi bien au-del\u00e0 d&#8217;une commune, d&#8217;un canton, et caract\u00e9risent un ensemble r\u00e9gional, le Limousin : Arfeuille, La Verge, Le Chalard, Le Mazaud, Le Queyriaud, Fontfr\u00e8de, La Faye, La Sagne&#8230; D&#8217;autres vont bien au-del\u00e0, couvrant les Pays d&#8217;Oc : La Borie, La Jasseix, Fressanges, Chavanat, Chirat, Margnat, Epagnat&#8230; ; d\u00e9passant largement ces limites pour r\u00e9sonner \u00e0 travers les Gaules de jadis : La Clide, S\u00e9noueix ; ou prenant une envergure carr\u00e9ment europ\u00e9enne : Truchassou, Serre, Le Tarderon.<br \/>Aucun enfermement donc, mais un tremplin id\u00e9al pour une interminable et toujours renouvel\u00e9e d\u00e9couverte culturelle et patrimoniale ; \u00e0 travers la langue du pays.<\/p>\n<p>Complement de titre : Croze, Felletin, Moutier-Rozeille, Poussanges, Saint-Frion, Saint-Quentin-la-Chabanne, Saint-Yrieix-la-Montagne, Sainte-Feyre-la-Montagne, Valli\u00e8re<br \/>Autor : Lavalade, Yves<br \/>Linga : Franc\u00e9s<br \/>Parucion : 11\/2014<br \/>Editor : L&#8217;Esperluette<br \/>Nb de pajas : 129<br \/>Format : 14,5 x 21 cm<br \/>P\u00e9s : 184 g<br \/>EAN 13 : 979-10-90784-29-1<br \/><\/span><\/p>\n","protected":false},"excerpt":{"rendered":"<p>Les noms de lieux sont comme un livre ouvert que tout un chacun, Limousin ou non, peut feuilleter \u00e0 son gr\u00e9. Les toponymes du canton de Felletin ne d\u00e9rogent pas \u00e0 la r\u00e8gle. L&#8217;on a parmi eux ceux qui ont un enracinement local pr\u00e9cis (les noms cadastraux) mais qui se r\u00e9p\u00e8tent \u00e0 l&#8217;envi bien au-del\u00e0 [&hellip;]<\/p>\n","protected":false},"featured_media":0,"template":"","meta":{"_acf_changed":false,"_genesis_hide_title":false,"_genesis_hide_breadcrumbs":false,"_genesis_hide_singular_image":false,"_genesis_hide_footer_widgets":false,"_genesis_custom_body_class":"","_genesis_custom_post_class":"","_genesis_layout":""},"product_brand":[],"product_cat":[7132,7148,16135,7162],"product_tag":[],"class_list":["post-23480","product","type-product","status-publish","product_cat-books","product_cat-history-geography-en","product_cat-non-classe-en","product_cat-place-names-peoples-names-en","pa_auteur-lavalada-ives-en","pa_auteurs-lavalade-yves","pa_editeur-lesperluette-en","pa_langue-francais-en","entry","has-post-thumbnail","first","outofstock","purchasable","product-type-simple"],"acf":[],"_links":{"self":[{"href":"https:\/\/www.libraria-occitana.org\/en\/wp-json\/wp\/v2\/product\/23480","targetHints":{"allow":["GET"]}}],"collection":[{"href":"https:\/\/www.libraria-occitana.org\/en\/wp-json\/wp\/v2\/product"}],"about":[{"href":"https:\/\/www.libraria-occitana.org\/en\/wp-json\/wp\/v2\/types\/product"}],"wp:attachment":[{"href":"https:\/\/www.libraria-occitana.org\/en\/wp-json\/wp\/v2\/media?parent=23480"}],"wp:term":[{"taxonomy":"product_brand","embeddable":true,"href":"https:\/\/www.libraria-occitana.org\/en\/wp-json\/wp\/v2\/product_brand?post=23480"},{"taxonomy":"product_cat","embeddable":true,"href":"https:\/\/www.libraria-occitana.org\/en\/wp-json\/wp\/v2\/product_cat?post=23480"},{"taxonomy":"product_tag","embeddable":true,"href":"https:\/\/www.libraria-occitana.org\/en\/wp-json\/wp\/v2\/product_tag?post=23480"}],"curies":[{"name":"wp","href":"https:\/\/api.w.org\/{rel}","templated":true}]}}