{"id":27939,"date":"2026-08-31T17:29:26","date_gmt":"2026-08-31T15:29:26","guid":{"rendered":"http:\/\/www.libraria-occitana.org\/all-products\/le-monde-vegetal-dans-les-noms-de-lieux-du-pnr-perigord-limousin?lang=en"},"modified":"2026-08-31T17:29:46","modified_gmt":"2026-08-31T15:29:46","slug":"le-monde-vegetal-dans-les-noms-de-lieux-du-pnr-perigord-limousin","status":"publish","type":"product","link":"https:\/\/www.libraria-occitana.org\/en\/product\/le-monde-vegetal-dans-les-noms-de-lieux-du-pnr-perigord-limousin\/","title":{"rendered":"LE MONDE VEGETAL DANS LES NOMS DE LIEUX DU PNR PERIGORD-LIMOUSIN"},"content":{"rendered":"<p style=\"margin:0;\"><span style=\"font-family:'Times New Roman';font-size:12pt;\">Quelques 6500 noms de lieux pars\u00e8ment les 78 communes de Dordogne et Haute-Vienne qui constituent l&#8217;extension du PNR P\u00e9rigord-Limousin ; dont 17 %&nbsp; font allusion au r\u00e8gne v\u00e9g\u00e9tal. Il y a parmi eux des noms de communes, de villages et d&#8217;\u00e9carts ainsi que de multiples noms cadastraux. &#8220;Vergne, Besse, Ch\u00e2tenet, Fraisse, Faye, Veyssi\u00e8re, Aum\u00e8de, Theil, Tr\u00e9moulie, Noujar\u00e8de, Busserolles, Graffeuil, Bos, Breuil, Gorsas&#8230;&#8221; ; leur forme occitane est indubitable.<br \/>D&#8217;origine celtique, latine ou germanique, parfois ant\u00e9rieure, ils accompagnent notre vie de tous les jours et, avec les noms de famille qui leur sont apparent\u00e9s, sont une marque profonde du territoire.<\/p>\n<p>Autor : Lavalade, Yves<br \/>Linga : Franc\u00e9s<br \/>Parucion : 11\/2011<br \/>Editor : Union Occitana Camila Chabaneu<br \/>Nb de pajas : 28<br \/>Format : 15 x 21 cm<br \/>P\u00e9s : 70 g<br \/>EAN 13 : 9782746641655<br \/><\/span><\/p>\n","protected":false},"excerpt":{"rendered":"<p>Quelques 6500 noms de lieux pars\u00e8ment les 78 communes de Dordogne et Haute-Vienne qui constituent l&#8217;extension du PNR P\u00e9rigord-Limousin ; dont 17 %&nbsp; font allusion au r\u00e8gne v\u00e9g\u00e9tal. Il y a parmi eux des noms de communes, de villages et d&#8217;\u00e9carts ainsi que de multiples noms cadastraux. &#8220;Vergne, Besse, Ch\u00e2tenet, Fraisse, Faye, Veyssi\u00e8re, Aum\u00e8de, Theil, [&hellip;]<\/p>\n","protected":false},"featured_media":0,"template":"","meta":{"_acf_changed":false,"_genesis_hide_title":false,"_genesis_hide_breadcrumbs":false,"_genesis_hide_singular_image":false,"_genesis_hide_footer_widgets":false,"_genesis_custom_body_class":"","_genesis_custom_post_class":"","_genesis_layout":""},"product_brand":[],"product_cat":[7132,7148,16135,7162],"product_tag":[],"class_list":["post-27939","product","type-product","status-publish","product_cat-books","product_cat-history-geography-en","product_cat-non-classe-en","product_cat-place-names-peoples-names-en","pa_auteur-lavalada-ives-en","pa_auteurs-lavalade-yves","pa_editeur-union-occitana-camila-chabaneu-en","pa_langue-francais-en","entry","has-post-thumbnail","first","outofstock","purchasable","product-type-simple"],"acf":[],"_links":{"self":[{"href":"https:\/\/www.libraria-occitana.org\/en\/wp-json\/wp\/v2\/product\/27939","targetHints":{"allow":["GET"]}}],"collection":[{"href":"https:\/\/www.libraria-occitana.org\/en\/wp-json\/wp\/v2\/product"}],"about":[{"href":"https:\/\/www.libraria-occitana.org\/en\/wp-json\/wp\/v2\/types\/product"}],"wp:attachment":[{"href":"https:\/\/www.libraria-occitana.org\/en\/wp-json\/wp\/v2\/media?parent=27939"}],"wp:term":[{"taxonomy":"product_brand","embeddable":true,"href":"https:\/\/www.libraria-occitana.org\/en\/wp-json\/wp\/v2\/product_brand?post=27939"},{"taxonomy":"product_cat","embeddable":true,"href":"https:\/\/www.libraria-occitana.org\/en\/wp-json\/wp\/v2\/product_cat?post=27939"},{"taxonomy":"product_tag","embeddable":true,"href":"https:\/\/www.libraria-occitana.org\/en\/wp-json\/wp\/v2\/product_tag?post=27939"}],"curies":[{"name":"wp","href":"https:\/\/api.w.org\/{rel}","templated":true}]}}