{"id":29402,"date":"2016-09-09T18:48:41","date_gmt":"2016-09-09T17:48:41","guid":{"rendered":"http:\/\/www.libraria-occitana.org\/all-products\/limoges-et-la-revolution-regards-croises?lang=en"},"modified":"2026-04-29T00:56:36","modified_gmt":"2026-04-28T22:56:36","slug":"limoges-et-la-revolution-regards-croises","status":"publish","type":"product","link":"https:\/\/www.libraria-occitana.org\/en\/product\/limoges-et-la-revolution-regards-croises\/","title":{"rendered":"Limoges et la R\u00e9volution : Regards crois\u00e9s"},"content":{"rendered":"<p>Que reste-t-il du Limoges de la R\u00e9volution ? Tr\u00e8s souvent des absences comme la c\u00e9l\u00e8bre abbaye Saint-Martial disparue dans la tourmente r\u00e9volutionnaire. Le paysage urbain a \u00e9t\u00e9 profond\u00e9ment remani\u00e9 contribuant \u00e0 rendre quasiment invisible le cadre de vie de la fin du XVIIIe si\u00e8cle.<br \/>\nQuelques sites-rep\u00e8res suffisent cependant \u00e0 l\u2019historien Philippe Grandcoing pour restituer au lecteur ce Limoges presque oubli\u00e9, des beaux h\u00f4tels particuliers de l\u2019aristocratie jusqu\u2019aux quartiers populaires de la boutique et de l\u2019artisanat.<br \/>\nMais le Limoges de l\u2019\u00e9poque dispose aussi d\u2019un monument litt\u00e9raire : le grand roman de Robert Margerit, La R\u00e9volution, prix de l\u2019Acad\u00e9mie fran\u00e7aise en 1963. Comme l\u2019analyse Fran\u00e7ois Gilardi, sp\u00e9cialiste de cette \u0153uvre, Margerit, au sommet de l\u2019art du romancier, distille son puissant pouvoir d\u2019\u00e9vocation et fait du lecteur l\u2019intime de personnages historiques ou imagin\u00e9s et lui transmet la fi\u00e8vre r\u00e9volutionnaire. En croisant les approches de l\u2019Histoire et du roman, ce livre met le savoir et l\u2019imagination au service d\u2019un patrimoine devenu en grande partie immat\u00e9riel.<\/p>\n","protected":false},"excerpt":{"rendered":"<p>Que reste-t-il du Limoges de la R\u00e9volution ? Tr\u00e8s souvent des absences comme la c\u00e9l\u00e8bre abbaye Saint-Martial disparue dans la tourmente r\u00e9volutionnaire. Le paysage urbain a \u00e9t\u00e9 profond\u00e9ment remani\u00e9 contribuant \u00e0 rendre quasiment invisible le cadre de vie de la fin du XVIIIe si\u00e8cle. Quelques sites-rep\u00e8res suffisent cependant \u00e0 l\u2019historien Philippe Grandcoing pour restituer au [&hellip;]<\/p>\n","protected":false},"featured_media":29399,"template":"","meta":{"_acf_changed":false,"_genesis_hide_title":false,"_genesis_hide_breadcrumbs":false,"_genesis_hide_singular_image":false,"_genesis_hide_footer_widgets":false,"_genesis_custom_body_class":"","_genesis_custom_post_class":"","_genesis_layout":""},"product_brand":[],"product_cat":[7132,7148,7158],"product_tag":[],"class_list":{"0":"post-29402","1":"product","2":"type-product","3":"status-publish","4":"has-post-thumbnail","6":"product_cat-books","7":"product_cat-history-geography-en","8":"product_cat-modern-and-contemporary-history-en","9":"pa_auteur-grandcoing-philippe-en","10":"pa_auteur-les-amis-de-robert-margerit-en","11":"pa_editeur-les-ardents-editeurs-en","12":"pa_langue-francais-en","13":"entry","15":"first","16":"instock","17":"shipping-taxable","18":"purchasable","19":"product-type-simple"},"acf":[],"_links":{"self":[{"href":"https:\/\/www.libraria-occitana.org\/en\/wp-json\/wp\/v2\/product\/29402","targetHints":{"allow":["GET"]}}],"collection":[{"href":"https:\/\/www.libraria-occitana.org\/en\/wp-json\/wp\/v2\/product"}],"about":[{"href":"https:\/\/www.libraria-occitana.org\/en\/wp-json\/wp\/v2\/types\/product"}],"wp:featuredmedia":[{"embeddable":true,"href":"https:\/\/www.libraria-occitana.org\/en\/wp-json\/wp\/v2\/media\/29399"}],"wp:attachment":[{"href":"https:\/\/www.libraria-occitana.org\/en\/wp-json\/wp\/v2\/media?parent=29402"}],"wp:term":[{"taxonomy":"product_brand","embeddable":true,"href":"https:\/\/www.libraria-occitana.org\/en\/wp-json\/wp\/v2\/product_brand?post=29402"},{"taxonomy":"product_cat","embeddable":true,"href":"https:\/\/www.libraria-occitana.org\/en\/wp-json\/wp\/v2\/product_cat?post=29402"},{"taxonomy":"product_tag","embeddable":true,"href":"https:\/\/www.libraria-occitana.org\/en\/wp-json\/wp\/v2\/product_tag?post=29402"}],"curies":[{"name":"wp","href":"https:\/\/api.w.org\/{rel}","templated":true}]}}