{"id":29615,"date":"2016-12-03T17:36:44","date_gmt":"2016-12-03T16:36:44","guid":{"rendered":"http:\/\/www.libraria-occitana.org\/all-products\/terras-comunas-terres-communes?lang=en"},"modified":"2026-04-29T04:41:54","modified_gmt":"2026-04-29T02:41:54","slug":"terras-comunas-terres-communes","status":"publish","type":"product","link":"https:\/\/www.libraria-occitana.org\/en\/product\/terras-comunas-terres-communes\/","title":{"rendered":"Terras comunas &#8211; Terres communes"},"content":{"rendered":"<p>Tout au long du 19e si\u00e8cle, de petits paysans pauvres ont quitt\u00e9 le plateau de Millevaches pour aller construire des quartiers entiers de Paris ou de Lyon. On les a appel\u00e9s les ma\u00e7ons de la Creuse.<br \/>\n\u00c0 la m\u00eame \u00e9poque, d\u2019autres ont vendu leurs bras comme b\u00fbcherons ou scieurs dans les for\u00eats des Landes ou de Charente.<\/p>\n<p>Quand ils sont revenus sur la terre de leurs anc\u00eatres, ils n\u2019ont pas seulement rapport\u00e9 le fruit d\u2019un labeur durement amass\u00e9 mais aussi des id\u00e9es nouvelles acquises au contact des autres ouvriers qu\u2019ils avaient c\u00f4toy\u00e9 sur les chantiers : solidarit\u00e9, entraide, lutte des classes, \u00e9galit\u00e9, partage. Ils ont donn\u00e9 naissance \u00e0 ce qu\u2019on nomme aujourd\u2019hui le \u00ab Communisme rural \u00bb et qui demeure particuli\u00e8rement ancr\u00e9 dans ce bout de Limousin.<\/p>\n<p>\u00c0 travers diff\u00e9rents personnages qui t\u00e9moignent en occitan et en fran\u00e7ais de cette tradition tenace, on mesure combien les \u00e9v\u00e9nements historiques qui se sont succ\u00e9d\u00e9 depuis : premi\u00e8re guerre mondiale, mouvements de r\u00e9sistance pendant la seconde, exode rural, guerre d\u2019Alg\u00e9rie, etc\u2026 ont pris sur ce territoire une coloration singuli\u00e8re.<\/p>\n<p>Aujourd\u2019hui une jeune g\u00e9n\u00e9ration a pris la rel\u00e8ve du mouvement. Autour du village de Tarnac et de son \u00e9picerie, elle cherche \u00e0 donner une forme nouvelle \u00e0 cette m\u00eame g\u00e9n\u00e9reuse Utopie.<\/p>\n<p>Documentaire en occitan sous-titr\u00e9 en fran\u00e7ais.<\/p>\n","protected":false},"excerpt":{"rendered":"<p>Tout au long du 19e si\u00e8cle, de petits paysans pauvres ont quitt\u00e9 le plateau de Millevaches pour aller construire des quartiers entiers de Paris ou de Lyon. On les a appel\u00e9s les ma\u00e7ons de la Creuse. \u00c0 la m\u00eame \u00e9poque, d\u2019autres ont vendu leurs bras comme b\u00fbcherons ou scieurs dans les for\u00eats des Landes ou [&hellip;]<\/p>\n","protected":false},"featured_media":29613,"template":"","meta":{"_acf_changed":false,"_genesis_hide_title":false,"_genesis_hide_breadcrumbs":false,"_genesis_hide_singular_image":false,"_genesis_hide_footer_widgets":false,"_genesis_custom_body_class":"","_genesis_custom_post_class":"","_genesis_layout":""},"product_brand":[],"product_cat":[7241,7249],"product_tag":[],"class_list":{"0":"post-29615","1":"product","2":"type-product","3":"status-publish","4":"has-post-thumbnail","6":"product_cat-documentary-en","7":"product_cat-videos-3-en","8":"pa_auteur-ieo-lemosin-fr-en","9":"pa_editeur-ieo-lemosin-en-2","10":"pa_langue-occitan-lemosin-en","11":"pa_langue-occitan-francais-en","12":"entry","14":"first","15":"outofstock","16":"shipping-taxable","17":"purchasable","18":"product-type-simple"},"acf":[],"_links":{"self":[{"href":"https:\/\/www.libraria-occitana.org\/en\/wp-json\/wp\/v2\/product\/29615","targetHints":{"allow":["GET"]}}],"collection":[{"href":"https:\/\/www.libraria-occitana.org\/en\/wp-json\/wp\/v2\/product"}],"about":[{"href":"https:\/\/www.libraria-occitana.org\/en\/wp-json\/wp\/v2\/types\/product"}],"wp:featuredmedia":[{"embeddable":true,"href":"https:\/\/www.libraria-occitana.org\/en\/wp-json\/wp\/v2\/media\/29613"}],"wp:attachment":[{"href":"https:\/\/www.libraria-occitana.org\/en\/wp-json\/wp\/v2\/media?parent=29615"}],"wp:term":[{"taxonomy":"product_brand","embeddable":true,"href":"https:\/\/www.libraria-occitana.org\/en\/wp-json\/wp\/v2\/product_brand?post=29615"},{"taxonomy":"product_cat","embeddable":true,"href":"https:\/\/www.libraria-occitana.org\/en\/wp-json\/wp\/v2\/product_cat?post=29615"},{"taxonomy":"product_tag","embeddable":true,"href":"https:\/\/www.libraria-occitana.org\/en\/wp-json\/wp\/v2\/product_tag?post=29615"}],"curies":[{"name":"wp","href":"https:\/\/api.w.org\/{rel}","templated":true}]}}