{"id":29761,"date":"2016-11-17T13:16:14","date_gmt":"2016-11-17T12:16:14","guid":{"rendered":"http:\/\/www.libraria-occitana.org\/all-products\/frequencia-cantera?lang=en"},"modified":"2026-04-29T05:11:41","modified_gmt":"2026-04-29T03:11:41","slug":"frequencia-cantera","status":"publish","type":"product","link":"https:\/\/www.libraria-occitana.org\/en\/product\/frequencia-cantera\/","title":{"rendered":"Frequ\u00e9ncia cant\u00e8ra"},"content":{"rendered":"<p>Ce nouvel album est une immersion dans le monde du chant polyphonique, au c\u0153ur de la <em>cant\u00e8ra<\/em>. <em>Cant\u00e8ra<\/em>, un mot magique pour tous ceux qui y ont go\u00fbt\u00e9. Car la <em>cant\u00e8ra<\/em> se vit ! En chantant bien s\u00fbr ou m\u00eame seulement en vibrant. Bars, discoth\u00e8ques,<br \/>\nestanquets peu importe, seul compte cet espace-temps o\u00f9 l\u2019on ne fait plus semblant, o\u00f9 l\u2019on se livre tout entier.<br \/>\nEn B\u00e9arn et dans les Pyr\u00e9n\u00e9es gasconnes, la <em>cant\u00e8ra<\/em> est l\u2019alpha et l\u2019om\u00e9ga du chanteur. Pour Balagu\u00e8ra, comme pour tant d\u2019autres, c\u2019est l\u00e0 que tout a commenc\u00e9. Au coin d\u2019une buvette. Au Hameau. L\u00e0 que l\u2019on se retrouve ; que l\u2019on se ressource. Autour d\u2019un verre, chacun am\u00e8ne ce qu\u2019il a en partage : une chanson, une \u00e9motion, une langue, une identit\u00e9. L\u00e0, dans l\u2019exub\u00e9rance des rires et des corps, trouve \u00e0 s\u2019exprimer l\u2019intime du chant : le vrai, celui qui na\u00eet <em>cap a cap<\/em>, au creux des cercles d\u2019amis. Quand les bustes basculent, que les regards s\u2019accrochent, dans la tension des voix la polyphonie se d\u00e9ploie alors comme un arc en plein cintre.<br \/>\nCar la Polyphonie c\u2019est une cath\u00e9drale ! D\u2019o\u00f9, longtemps, ce penchant pour la saisir dans des acoustiques \u00e0 la r\u00e9verb\u00e9ration g\u00e9n\u00e9reuse ? Les Corses nous en montraient le chemin. C\u2019\u00e9tait compter sans Andr\u00e9 (le neveu de Jeannot Minvielle, ce grand chanteur). Au Caf\u00e9 des sports d\u2019Uzeste il s\u2019en \u00e9tait un jour \u00e9tonn\u00e9. Heureusement de l\u2019\u00e9glise au caf\u00e9 il n\u2019y a qu\u2019un pas ! P\u00e9ry pass\u00e9 de l\u2019autre c\u00f4t\u00e9 du zinc nous attendait.<br \/>\nEn presque quinze ans la salle de l\u2019Auberge Cassen s\u2019\u00e9tait aussi remplie d\u2019amis <em>cantaires<\/em>, quelques uns de ceux et celles &#8211; et oui &#8211; qui, par chez nous, participent aujourd\u2019hui de cette vitalit\u00e9 retrouv\u00e9e. Si la <em>cant\u00e8ra<\/em> se vit, elle se b\u00e2tit aussi. Puisse alors ce disque aider \u00e0 pousser, ici et l\u00e0, la porte de l\u2019auberge pour, toutes et tous, \u00ab faire \u00bb <em>cant\u00e8ra<\/em>.<\/p>\n<p><strong>Titres :<\/strong><br \/>\n1. Intro 0&#8217;45&#8221;<br \/>\n2. Adishatz pair e mair 3&#8217;19&#8221;<br \/>\n3. Je me suis engag\u00e9 4&#8217;39&#8221;<br \/>\n4. Malaja quan te vii 3&#8217;22&#8221;<br \/>\n5. Atau quan l&#8217;arr\u00f2sa ei nav\u00e8ra 2&#8217;17&#8221;<br \/>\n6. Jeannot Minvielle 0&#8217;11&#8221;<br \/>\n7. Hilh\u00f2ta de del\u00e0 l&#8217;aiga 4&#8217;39&#8221;<br \/>\n8. \u00d2 mon pa\u00eds ! 3&#8217;18&#8221;<br \/>\n9. J&#8217;ai tant aim\u00e9 une beaut\u00e9 4&#8217;01&#8221;<br \/>\n10. Nosta Dauna deu Cap deu pont 2&#8217;13&#8221;<br \/>\n11. Saint-Chartier 1998 0&#8217;26&#8221;<br \/>\n12. Une fillette de quinze ans 4&#8217;08&#8221;<br \/>\n13. Lo cotoliu 2&#8217;42&#8221;<br \/>\n14. A l&#8217;arrastora deu hroment 4&#8217;20&#8221;<br \/>\n15. Sauvons les langues ! 0&#8217;33&#8221;<br \/>\n16. La shuqueta 2&#8217;50&#8221;<br \/>\n17. M&#8217;\u00e8i trobat lo cap de l&#8217;aso 1&#8217;59&#8221;<br \/>\n18. L&#8217;estaca 4&#8217;00&#8221;<br \/>\n19. La Balagu\u00e8ra 0&#8217;08&#8221;<br \/>\n20. Anjolin d&#8217;amor 4&#8217;33&#8221;<\/p>\n","protected":false},"excerpt":{"rendered":"<p>Ce nouvel album est une immersion dans le monde du chant polyphonique, au c\u0153ur de la cant\u00e8ra. Cant\u00e8ra, un mot magique pour tous ceux qui y ont go\u00fbt\u00e9. Car la cant\u00e8ra se vit ! En chantant bien s\u00fbr ou m\u00eame seulement en vibrant. Bars, discoth\u00e8ques, estanquets peu importe, seul compte cet espace-temps o\u00f9 l\u2019on ne [&hellip;]<\/p>\n","protected":false},"featured_media":29759,"template":"","meta":{"_acf_changed":false,"_genesis_hide_title":false,"_genesis_hide_breadcrumbs":false,"_genesis_hide_singular_image":false,"_genesis_hide_footer_widgets":false,"_genesis_custom_body_class":"","_genesis_custom_post_class":"","_genesis_layout":""},"product_brand":[],"product_cat":[7216,7230],"product_tag":[],"class_list":{"0":"post-29761","1":"product","2":"type-product","3":"status-publish","4":"has-post-thumbnail","6":"product_cat-music-en","7":"product_cat-polyphonies-en","8":"pa_auteur-balaguera-en","9":"pa_editeur-balaguera-fr-en","10":"pa_langue-francais-en","11":"pa_langue-occitan-en","12":"pa_langue-occitan-gascon-en","13":"entry","15":"first","16":"outofstock","17":"shipping-taxable","18":"purchasable","19":"product-type-simple"},"acf":[],"_links":{"self":[{"href":"https:\/\/www.libraria-occitana.org\/en\/wp-json\/wp\/v2\/product\/29761","targetHints":{"allow":["GET"]}}],"collection":[{"href":"https:\/\/www.libraria-occitana.org\/en\/wp-json\/wp\/v2\/product"}],"about":[{"href":"https:\/\/www.libraria-occitana.org\/en\/wp-json\/wp\/v2\/types\/product"}],"wp:featuredmedia":[{"embeddable":true,"href":"https:\/\/www.libraria-occitana.org\/en\/wp-json\/wp\/v2\/media\/29759"}],"wp:attachment":[{"href":"https:\/\/www.libraria-occitana.org\/en\/wp-json\/wp\/v2\/media?parent=29761"}],"wp:term":[{"taxonomy":"product_brand","embeddable":true,"href":"https:\/\/www.libraria-occitana.org\/en\/wp-json\/wp\/v2\/product_brand?post=29761"},{"taxonomy":"product_cat","embeddable":true,"href":"https:\/\/www.libraria-occitana.org\/en\/wp-json\/wp\/v2\/product_cat?post=29761"},{"taxonomy":"product_tag","embeddable":true,"href":"https:\/\/www.libraria-occitana.org\/en\/wp-json\/wp\/v2\/product_tag?post=29761"}],"curies":[{"name":"wp","href":"https:\/\/api.w.org\/{rel}","templated":true}]}}