{"id":33389,"date":"2026-08-31T16:58:13","date_gmt":"2026-08-31T14:58:13","guid":{"rendered":"http:\/\/www.libraria-occitana.org\/?post_type=product&#038;p=33389\/"},"modified":"2026-08-31T16:58:49","modified_gmt":"2026-08-31T14:58:49","slug":"perfum-de-mon-pais","status":"publish","type":"product","link":"https:\/\/www.libraria-occitana.org\/en\/product\/perfum-de-mon-pais\/","title":{"rendered":"PERFUM DE MON PAIS"},"content":{"rendered":"<p style=\"margin:0;\"><span style=\"font-family:'Times New Roman';font-size:12pt;\">N&#8217;occitan s&#8217;adrei\u00e7a a d&#8217;autres occitans, e, d&#8217;en prumier, a tots los Lemosins que se fan un onor de parlar o d&#8217;escrir la linga de lors ancessors. Lo recu\u00e8lh de poemas que vos es presentat es fach avant tot per glorificar n\u00f2stre pa\u00eds. Podretz remarcar la granda varietat de las f\u00f2rmas que van dau sonet lo pus classic aus v\u00e8rs de diversas mesuras, ni rimats ni mai assonanciats. La libertat guida ma pluma. V\u00f2le escrir mas chan\u00e7ons coma qu\u00f2 me platz. Sei pas dispausat per imitar l&#8217;esc\u00f2las literarias daus Francimands que venen de mai en mai destimborlats a mesura que lo temps passa. La pus granda part de las chan\u00e7ons que troberetz dins queu libret fugueren compausadas li a bien dau temps, dins la prima de ma vita, pu\u00e8i adobadas de per apr\u00e8p.<br \/>Los temas son quilhs de la poesia champestra e populara : l&#8217;encantament de las sasons, los chants daus pastors, la vita dau brave monde de n\u00f2stres vilatges, la prima, l&#8217;estiu, las brujas, los estancs e los b\u00f2scs; Lo titre dau recu\u00e8lh n&#8217;en ditz l&#8217;unitat : &#8220;Perfum de mon Pa\u00eds&#8221;.<br \/>Auri\u00e1 milher fach de dire &#8220;los perfums&#8221;, quilhs de las forests e de las flors sauvatjas, daus prats au mes de junh, de las terras lauradas au moment de bladar, daus chastanhs molhats per la plueja de la darri\u00e8ra.<br \/>L&#8217;autor p\u00f2t pas oblidar qu&#8217;eu es dau meseis temps un militant occitan e que la decadencia e la m\u00f2rt lenta dau terraire li fan degreu. Sabem ben que lo temps passat tornar\u00e1 pas. Damandem pas au Lemosin dau s\u00e8gle passat de tornar viure : ni avi\u00e1 trop de miseria. Mas vodriam veire ribar chas nos la prosperitat daus temps noveus, e que lo monde aguessan pas besuenh de partir au luenh per trobar a ganhar lor vita. Vodriam que n\u00f2stra linga mairala fuguessa ensenhada dins l&#8217;esc\u00f2las a tots los niveus. Trobaretz donc dins quel obratge daus poemas que chanten los planhs e l&#8217;amaresa daus eisilhats. Mas, coma de rason, lo libre s&#8217;achaba per un imne d&#8217;esper e de confian\u00e7a.<br \/>Es pas pensable de laissar perir entau na linga e na cultura.<br \/>Andriu Manhon<\/p>\n<p>Revuda La Clau lemosina Suplement<br \/>Autor : Manhon, Andriu<br \/>Linga : Occitan <wbr>(lemosin)<br \/>Parucion : 12\/1977<br \/>Editor : CLEO<br \/>Nb de pajas : 66<br \/>Format : 14,5 x 21 cm<br \/>P\u00e9s : 94 g<br \/>ISSN : 03396487<\/span><\/p>\n","protected":false},"excerpt":{"rendered":"<p>N&#8217;occitan s&#8217;adrei\u00e7a a d&#8217;autres occitans, e, d&#8217;en prumier, a tots los Lemosins que se fan un onor de parlar o d&#8217;escrir la linga de lors ancessors. Lo recu\u00e8lh de poemas que vos es presentat es fach avant tot per glorificar n\u00f2stre pa\u00eds. Podretz remarcar la granda varietat de las f\u00f2rmas que van dau sonet lo [&hellip;]<\/p>\n","protected":false},"featured_media":0,"template":"","meta":{"_acf_changed":false,"_genesis_hide_title":false,"_genesis_hide_breadcrumbs":false,"_genesis_hide_singular_image":false,"_genesis_hide_footer_widgets":false,"_genesis_custom_body_class":"","_genesis_custom_post_class":"","_genesis_layout":""},"product_brand":[],"product_cat":[7132,7174,16135,7180],"product_tag":[],"class_list":["post-33389","product","type-product","status-publish","product_cat-books","product_cat-literature-en","product_cat-non-classe-en","product_cat-poetry-en","pa_auteur-manhon-andriu-en","pa_editeur-cleo-en","pa_langue-occitan-en","pa_langue-occitan-lemosin-en","entry","has-post-thumbnail","first","outofstock","purchasable","product-type-simple"],"acf":[],"_links":{"self":[{"href":"https:\/\/www.libraria-occitana.org\/en\/wp-json\/wp\/v2\/product\/33389","targetHints":{"allow":["GET"]}}],"collection":[{"href":"https:\/\/www.libraria-occitana.org\/en\/wp-json\/wp\/v2\/product"}],"about":[{"href":"https:\/\/www.libraria-occitana.org\/en\/wp-json\/wp\/v2\/types\/product"}],"wp:attachment":[{"href":"https:\/\/www.libraria-occitana.org\/en\/wp-json\/wp\/v2\/media?parent=33389"}],"wp:term":[{"taxonomy":"product_brand","embeddable":true,"href":"https:\/\/www.libraria-occitana.org\/en\/wp-json\/wp\/v2\/product_brand?post=33389"},{"taxonomy":"product_cat","embeddable":true,"href":"https:\/\/www.libraria-occitana.org\/en\/wp-json\/wp\/v2\/product_cat?post=33389"},{"taxonomy":"product_tag","embeddable":true,"href":"https:\/\/www.libraria-occitana.org\/en\/wp-json\/wp\/v2\/product_tag?post=33389"}],"curies":[{"name":"wp","href":"https:\/\/api.w.org\/{rel}","templated":true}]}}