{"id":33596,"date":"2026-08-31T17:41:20","date_gmt":"2026-08-31T15:41:20","guid":{"rendered":"http:\/\/www.libraria-occitana.org\/?post_type=product&#038;p=33596\/"},"modified":"2026-08-31T17:41:24","modified_gmt":"2026-08-31T15:41:24","slug":"memoire-ouvriere-de-la-creuse","status":"publish","type":"product","link":"https:\/\/www.libraria-occitana.org\/en\/product\/memoire-ouvriere-de-la-creuse\/","title":{"rendered":"MEMOIRE OUVRIERE DE LA CREUSE"},"content":{"rendered":"<p style=\"margin:0;\"><span style=\"font-family:'Times New Roman';font-size:12pt;\">M\u00e9moire Ouvri\u00e8re de la Creuse<\/p>\n<p>Ce livre raconte \u00e0 partir de magnifiques aquarelles, de photographies actuelles et de cartes postales anciennes, l\u2019\u00e9pop\u00e9e industrielle d\u2019un d\u00e9partement rural. De courtes notices font \u00e9cho \u00e0 ces milliers de travailleurs sans nom &#8211; mineurs, lissiers, pelletiers, tuiliers,\u2026 qui ont \u00e9crit cette histoire surprenante, souvent m\u00e9connue du grand public. Partout dans les campagnes ce monde ouvrier, rassembl\u00e9 essentiellement dans de petites entreprises artisanales, a laiss\u00e9 sa marque dans les paysages dont t\u00e9moignent aujourd\u2019hui, avec discr\u00e9tion, les nombreux vestiges architecturaux qui nous entra\u00eenent, \u00e0 la mani\u00e8re d\u2019un conte, dans ces lieux de travail, de labeur et de rudesse.<\/p>\n<p>Balade m\u00e9morielle au c\u0153ur de notre patrimoine, plong\u00e9e dans ce pass\u00e9 industriel, cet ouvrage atteste de la volont\u00e9 de &#8220;faire m\u00e9moire&#8221;, de revisiter un pass\u00e9 r\u00e9cent qui fera \u00e9cho chez beaucoup de nos concitoyens.<\/p>\n<p>Un livre d\u2019art de 144 pages \u00e9crit par Michel Manville, Eglantine Pacquot, Neil Parkyn et Pierre Pinaud, illustr\u00e9 par de tr\u00e8s nombreuses aquarelles et photographies dues a Neil Parkyn et Simon Parouty.<\/p>\n<p>Autor : Manville, Michel <wbr>(dir.) ; Collectiu<br \/>Illustracions : Parkyn, Neil<br \/>Linga : Franc\u00e9s<br \/>Parucion : 06\/2012<br \/>Editor : Conseil G\u00e9n\u00e9ral de la Creuse<br \/>Nb de pajas : 144<br \/>Format : 30,5 x 22 cm<br \/>P\u00e9s : 1056 g<br \/>EAN 13 : 9791091122016<br \/><\/span><\/p>\n","protected":false},"excerpt":{"rendered":"<p>M\u00e9moire Ouvri\u00e8re de la Creuse Ce livre raconte \u00e0 partir de magnifiques aquarelles, de photographies actuelles et de cartes postales anciennes, l\u2019\u00e9pop\u00e9e industrielle d\u2019un d\u00e9partement rural. De courtes notices font \u00e9cho \u00e0 ces milliers de travailleurs sans nom &#8211; mineurs, lissiers, pelletiers, tuiliers,\u2026 qui ont \u00e9crit cette histoire surprenante, souvent m\u00e9connue du grand public. Partout [&hellip;]<\/p>\n","protected":false},"featured_media":0,"template":"","meta":{"_acf_changed":false,"_genesis_hide_title":false,"_genesis_hide_breadcrumbs":false,"_genesis_hide_singular_image":false,"_genesis_hide_footer_widgets":false,"_genesis_custom_body_class":"","_genesis_custom_post_class":"","_genesis_layout":""},"product_brand":[],"product_cat":[7132,7214,16135,7206],"product_tag":[],"class_list":["post-33596","product","type-product","status-publish","product_cat-books","product_cat-built-heritage-en","product_cat-non-classe-en","product_cat-traditions-heritage-en","pa_auteur-collectiu-en-2","pa_auteurs-manville-michel-dir-collectiu","pa_editeur-conseil-general-de-la-creuse-en","entry","first","instock","purchasable","product-type-simple"],"acf":[],"_links":{"self":[{"href":"https:\/\/www.libraria-occitana.org\/en\/wp-json\/wp\/v2\/product\/33596","targetHints":{"allow":["GET"]}}],"collection":[{"href":"https:\/\/www.libraria-occitana.org\/en\/wp-json\/wp\/v2\/product"}],"about":[{"href":"https:\/\/www.libraria-occitana.org\/en\/wp-json\/wp\/v2\/types\/product"}],"wp:attachment":[{"href":"https:\/\/www.libraria-occitana.org\/en\/wp-json\/wp\/v2\/media?parent=33596"}],"wp:term":[{"taxonomy":"product_brand","embeddable":true,"href":"https:\/\/www.libraria-occitana.org\/en\/wp-json\/wp\/v2\/product_brand?post=33596"},{"taxonomy":"product_cat","embeddable":true,"href":"https:\/\/www.libraria-occitana.org\/en\/wp-json\/wp\/v2\/product_cat?post=33596"},{"taxonomy":"product_tag","embeddable":true,"href":"https:\/\/www.libraria-occitana.org\/en\/wp-json\/wp\/v2\/product_tag?post=33596"}],"curies":[{"name":"wp","href":"https:\/\/api.w.org\/{rel}","templated":true}]}}