{"id":33843,"date":"2026-08-31T16:38:30","date_gmt":"2026-08-31T14:38:30","guid":{"rendered":"http:\/\/www.libraria-occitana.org\/?post_type=product&#038;p=33843\/"},"modified":"2026-08-31T16:38:33","modified_gmt":"2026-08-31T14:38:33","slug":"la-grande-peur-de-saint-angel-aventure-dun-brigand-gentilhomme","status":"publish","type":"product","link":"https:\/\/www.libraria-occitana.org\/en\/product\/la-grande-peur-de-saint-angel-aventure-dun-brigand-gentilhomme\/","title":{"rendered":"LA GRANDE PEUR DE SAINT-ANGEL : AVENTURE D&#8217;UN BRIGAND GENTILHOMME"},"content":{"rendered":"<p style=\"margin:0;\"><span style=\"font-family:'Times New Roman';font-size:12pt;\">La Grande Peur de Saint-Angel : Aventure d&#8217;un brigand gentilhomme<\/p>\n<p>Fin juillet 1789, \u00e0 l&#8217;heure des moissons, une peur panique d\u00e9ferle sur le Limousin jusqu&#8217;au pi\u00e9mont d&#8217;Auvergne. \u00c0 deux pas de Saint-Angel, un officier \u00e0 la retraite rassemble une petite troupe pour voler au secours de la ville. Arr\u00eat\u00e9 comme brigand &#8220;aristocrate&#8221;, il n&#8217;\u00e9chappe \u00e0 l&#8217;ex\u00e9cution sommaire que pour \u00eatre jet\u00e9 en prison avec huit compagnons. \u00c0 Limoges, paralys\u00e9s par l&#8217;\u00e9motion populaire, les juges attendront une d\u00e9lib\u00e9ration de l&#8217;Assembl\u00e9e nationale pour rendre ces infortun\u00e9s \u00e0 leurs foyers. Leur aventure illustrant la &#8220;Grande Peur de 1789&#8221; fera d\u00e8s lors l&#8217;objet d&#8217;interpr\u00e9tations divergentes. Anodin quiproquo ? Complot r\u00e9actionnaire ? Ou r\u00e9plique &#8220;montagnarde&#8221; \u00e0 la prise de la Bastille et coup d&#8217;envoi rural \u00e0 la R\u00e9volution ?<br \/>Aujourd&#8217;hui, l&#8217;historien rouvre l&#8217;enqu\u00eate. Il parcourt les lieux inchang\u00e9s, les archives, la m\u00e9moire des familles, scrute les finesses de ce micro-terroir exemplaire, autant pour ses ardeurs r\u00e9volutionnaires que ses fid\u00e9lit\u00e9s traditionnelles : Ussel, Meymac, Neuvic, \u00c9gletons, Chirac&#8230; Quelles circonstances politiques, sociales et personnelles ont projet\u00e9 ces hommes dans le r\u00f4le de boucs \u00e9missaires et traqu\u00e9 l&#8217;un d&#8217;entre eux jusqu&#8217;en Moravie ?<br \/>\u00c0 travers Fran\u00e7ois de Douhet, seigneur &#8220;f\u00e9odal&#8221; adepte des sciences et capitaine de dragons, son caract\u00e8re de feu et le pass\u00e9 de sa maison, d\u00e9filent en cette fin du XVIIIe si\u00e8cle en Bas-Limousin, ch\u00e2telains, robins, pr\u00eatres, moines, bourgeois, artisans, paysans, dont clans et client\u00e8les s&#8217;affrontent d\u00e9j\u00e0 tr\u00e8s politiquement, bien avant l&#8217;activation patriotique, religieuse ou royaliste des fi\u00e8vres r\u00e9volutionnaires. \u00c0 leur minute de v\u00e9rit\u00e9, les voil\u00e0 emport\u00e9s par la Peur, m\u00e9t\u00e9ore et moteur paradoxal de l&#8217;histoire humaine.<\/p>\n<p>Autor : Goustine, Luc de<br \/>Linga : Franc\u00e9s<br \/>Parucion : 2014<br \/>Editor : Carrefour Ventadour<br \/>Nb de pajas : 457<br \/>Format : 17 x 24 cm<br \/>P\u00e9s : 798 g<br \/>EAN 13 : 9782916622101<br \/><\/span><\/p>\n","protected":false},"excerpt":{"rendered":"<p>La Grande Peur de Saint-Angel : Aventure d&#8217;un brigand gentilhomme Fin juillet 1789, \u00e0 l&#8217;heure des moissons, une peur panique d\u00e9ferle sur le Limousin jusqu&#8217;au pi\u00e9mont d&#8217;Auvergne. \u00c0 deux pas de Saint-Angel, un officier \u00e0 la retraite rassemble une petite troupe pour voler au secours de la ville. Arr\u00eat\u00e9 comme brigand &#8220;aristocrate&#8221;, il n&#8217;\u00e9chappe \u00e0 [&hellip;]<\/p>\n","protected":false},"featured_media":0,"template":"","meta":{"_acf_changed":false,"_genesis_hide_title":false,"_genesis_hide_breadcrumbs":false,"_genesis_hide_singular_image":false,"_genesis_hide_footer_widgets":false,"_genesis_custom_body_class":"","_genesis_custom_post_class":"","_genesis_layout":""},"product_brand":[],"product_cat":[7132,7148,7158,16135],"product_tag":[],"class_list":["post-33843","product","type-product","status-publish","product_cat-books","product_cat-history-geography-en","product_cat-modern-and-contemporary-history-en","product_cat-non-classe-en","pa_auteur-goustine-luc-de-fr-en","pa_auteurs-collectif","pa_editeur-carrefour-ventadour-fr-en","pa_editeurs-ventadour","entry","first","instock","purchasable","product-type-simple"],"acf":[],"_links":{"self":[{"href":"https:\/\/www.libraria-occitana.org\/en\/wp-json\/wp\/v2\/product\/33843","targetHints":{"allow":["GET"]}}],"collection":[{"href":"https:\/\/www.libraria-occitana.org\/en\/wp-json\/wp\/v2\/product"}],"about":[{"href":"https:\/\/www.libraria-occitana.org\/en\/wp-json\/wp\/v2\/types\/product"}],"wp:attachment":[{"href":"https:\/\/www.libraria-occitana.org\/en\/wp-json\/wp\/v2\/media?parent=33843"}],"wp:term":[{"taxonomy":"product_brand","embeddable":true,"href":"https:\/\/www.libraria-occitana.org\/en\/wp-json\/wp\/v2\/product_brand?post=33843"},{"taxonomy":"product_cat","embeddable":true,"href":"https:\/\/www.libraria-occitana.org\/en\/wp-json\/wp\/v2\/product_cat?post=33843"},{"taxonomy":"product_tag","embeddable":true,"href":"https:\/\/www.libraria-occitana.org\/en\/wp-json\/wp\/v2\/product_tag?post=33843"}],"curies":[{"name":"wp","href":"https:\/\/api.w.org\/{rel}","templated":true}]}}