{"id":33846,"date":"2026-08-31T16:25:25","date_gmt":"2026-08-31T14:25:25","guid":{"rendered":"http:\/\/www.libraria-occitana.org\/?post_type=product&#038;p=33846\/"},"modified":"2026-08-31T16:25:28","modified_gmt":"2026-08-31T14:25:28","slug":"la-geste-de-roland-vol01-tome-1","status":"publish","type":"product","link":"https:\/\/www.libraria-occitana.org\/en\/product\/la-geste-de-roland-vol01-tome-1\/","title":{"rendered":"LA GESTE DE ROLAND &#8211; VOL01 &#8211; TOME 1"},"content":{"rendered":"<p style=\"margin:0;\"><span style=\"font-family:'Times New Roman';font-size:12pt;\">Depuis cent cinquante ans, les Fran\u00e7ais ont \u00e9t\u00e9 \u00e9duqu\u00e9s \u00e0 voir dans la Chanson de Roland&nbsp; leur premier et &#8220;peut-\u00eatre leur seul po\u00e8me national&#8221;.<br \/>Et si cela n&#8217;\u00e9tait que l&#8217;effet de l&#8217;id\u00e9ologie tout au long d&#8217;un si\u00e8cle et demi marqu\u00e9 de guerres et aveugl\u00e9 de nationalisme ?<br \/>Faisant la somme des recherches ant\u00e9rieures, inaugurant de nouvelles m\u00e9thodes, Robert Lafont prend \u00e0 revers les assurances simples et construit une autre histoire de l&#8217;\u00e9pop\u00e9e m\u00e9di\u00e9vale.<br \/>De cette \u00e9pop\u00e9e, il d\u00e9couvre la matrice formelle \u00e0 la fin du XIe si\u00e8cle dans une c\u00e9r\u00e9monie po\u00e9tique, chant\u00e9e et dans\u00e9e, de Conques en Rouergue. Il la v\u00e9rifie dans le manuscrit du Roland, conserv\u00e9 \u00e0 Oxford. Il suit ainsi sur le Chemin de Saint-Jacques, dans une soci\u00e9t\u00e9 de moines, de p\u00e8lerins, de guerriers, de marchands et de colons le mysticisme et le fanatisme chr\u00e9tiens, l&#8217;app\u00e9tit de pouvoir de la nouvelle cat\u00e9gorie sociale des chevaliers et les int\u00e9r\u00eats des grandes familles r\u00e9gnantes. Le Roland que nous lisons, amplification d&#8217;une oeuvre navarraise en langue d&#8217;oc, est un po\u00e8me normand, d\u00e9tourn\u00e9 apr\u00e8s 1150 \u00e0 l&#8217;usage de la couronne de Paris, mais d&#8217;abord charg\u00e9 d&#8217;\u00e9lever en gloire des h\u00e9ros occitans et normands.<br \/>Cette grande \u00e9tude aborde aussi les probl\u00e8mes d&#8217;une autre geste, celle de Guillaume, et d&#8217;autres genres, la Chanson d&#8217;histoire ou l&#8217;\u00e9pop\u00e9e satirique. Elle croise les enseignements de l&#8217;histoire europ\u00e9enne avec l&#8217;analyse formelle des textes, les interrogations sociologiques avec la linguistique. Elle d\u00e9code bien des aspects jusqu&#8217;ici inaper\u00e7us des chefs d&#8217;oeuvre litt\u00e9raires m\u00e9di\u00e9vaux.Elle s&#8217;ach\u00e8ve dans le retournement du d\u00e9but du XIIIe si\u00e8cle : la Croisade dite des Albigeois est pr\u00each\u00e9e contre des populations chr\u00e9tiennes, tandis que Toulouse exalte dans une autre grande \u00e9pop\u00e9e la tol\u00e9rance face \u00e0 &#8220;l&#8217;orgueil de France&#8221;.<\/p>\n<p>Autor : Lafont, Robert<br \/>Linga : Franc\u00e9s<br \/>Parucion : 04\/1991<br \/>Editor : L&#8217;Harmattan<br \/>Nb de pajas : 344<br \/>Format : 14 x 21,5 cm<br \/>P\u00e9s : 438 g<br \/>EAN 13 : 9782738406750<br \/><\/span><\/p>\n","protected":false},"excerpt":{"rendered":"<p>Depuis cent cinquante ans, les Fran\u00e7ais ont \u00e9t\u00e9 \u00e9duqu\u00e9s \u00e0 voir dans la Chanson de Roland&nbsp; leur premier et &#8220;peut-\u00eatre leur seul po\u00e8me national&#8221;.Et si cela n&#8217;\u00e9tait que l&#8217;effet de l&#8217;id\u00e9ologie tout au long d&#8217;un si\u00e8cle et demi marqu\u00e9 de guerres et aveugl\u00e9 de nationalisme ?Faisant la somme des recherches ant\u00e9rieures, inaugurant de nouvelles m\u00e9thodes, [&hellip;]<\/p>\n","protected":false},"featured_media":0,"template":"","meta":{"_acf_changed":false,"_genesis_hide_title":false,"_genesis_hide_breadcrumbs":false,"_genesis_hide_singular_image":false,"_genesis_hide_footer_widgets":false,"_genesis_custom_body_class":"","_genesis_custom_post_class":"","_genesis_layout":""},"product_brand":[],"product_cat":[7132,7148,7160,16135],"product_tag":[],"class_list":["post-33846","product","type-product","status-publish","product_cat-books","product_cat-history-geography-en","product_cat-medieval-history-en","product_cat-non-classe-en","entry","first","outofstock","purchasable","product-type-simple"],"acf":[],"_links":{"self":[{"href":"https:\/\/www.libraria-occitana.org\/en\/wp-json\/wp\/v2\/product\/33846","targetHints":{"allow":["GET"]}}],"collection":[{"href":"https:\/\/www.libraria-occitana.org\/en\/wp-json\/wp\/v2\/product"}],"about":[{"href":"https:\/\/www.libraria-occitana.org\/en\/wp-json\/wp\/v2\/types\/product"}],"wp:attachment":[{"href":"https:\/\/www.libraria-occitana.org\/en\/wp-json\/wp\/v2\/media?parent=33846"}],"wp:term":[{"taxonomy":"product_brand","embeddable":true,"href":"https:\/\/www.libraria-occitana.org\/en\/wp-json\/wp\/v2\/product_brand?post=33846"},{"taxonomy":"product_cat","embeddable":true,"href":"https:\/\/www.libraria-occitana.org\/en\/wp-json\/wp\/v2\/product_cat?post=33846"},{"taxonomy":"product_tag","embeddable":true,"href":"https:\/\/www.libraria-occitana.org\/en\/wp-json\/wp\/v2\/product_tag?post=33846"}],"curies":[{"name":"wp","href":"https:\/\/api.w.org\/{rel}","templated":true}]}}