{"id":33883,"date":"2026-08-31T17:05:32","date_gmt":"2026-08-31T15:05:32","guid":{"rendered":"http:\/\/www.libraria-occitana.org\/?post_type=product&#038;p=33883\/"},"modified":"2026-08-31T17:05:35","modified_gmt":"2026-08-31T15:05:35","slug":"la-cosina-a-vista-de-nas","status":"publish","type":"product","link":"https:\/\/www.libraria-occitana.org\/en\/product\/la-cosina-a-vista-de-nas\/","title":{"rendered":"LA COSINA A VISTA DE NAS"},"content":{"rendered":"<p style=\"margin:0;\"><span style=\"font-family:'Times New Roman';font-size:12pt;\">La cosina a vista de nas<\/p>\n<p><wbr>[oc] Dins los sovenirs d&#8217;enf\u00e0n\u00e7ia d&#8217;Enriqueta Guilh\u00e8m las paraulas d&#8217;\u00f2c se mesclavan a las sabors, als perfums e als bruches familiars que poblavan las cosinas d&#8217;un c\u00f2p \u00e8ra. E i avi\u00e1 la lenga qu&#8217;\u00e8ra coma una salsa que ligava totas aquelas sensacions, lor donava una significacion. Coma se fa amb un recaliu,sufisi\u00e1 de bufar dess\u00fas per la tornar far viure. Venguda un rite, aquela cosina celebrava los moments importants de la vida pa\u00efsana : lo mas\u00e8l, batesons, vend\u00e9mias, la v\u00f2ta, las f\u00e8stas de la Gl\u00e8isa. Se manjava f\u00f2r\u00e7a, cali\u00e1 plan se refar los muscles. Mas \u00e7\u00f2 qu&#8217;Enriqueta Guilh\u00e8m nos ramenta amb bona\u00fcr es la j\u00f2ia qu&#8217;asondava dins aquelas taulejadas qu&#8217;amassavan mainatges, pepins e meninas e totes los qu&#8217;avi\u00e1n trimat amassa.<br \/>Aqu\u00f2 \u00e8ra coma una f\u00e8sta del trabalh.<\/p>\n<p><wbr>[fr] De la bouche \u00e0 la langue, plus de 120 recettes pr\u00e9c\u00e9d\u00e9es d&#8217;une \u00e9vocation des f\u00eates d&#8217;autrefois. Cuisine festive, celle des f\u00eates familiales et villageoises qu&#8217;Henriette Guilhem fait revivre, de la f\u00eate du cochon \u00e0 la f\u00eate des vendanges, ou cuisine parfois bien modeste de tous les jours, c&#8217;est la cuisine \u00e0 vue de nez. Celle de nos grands-m\u00e8res qui ignoraient la balance de nos modernes livres de cuisine, mais dont elle a retrouv\u00e9 ingr\u00e9dients et dosages et qu&#8217;elle transmet dans son vocabulaire et son contexte d&#8217;origine.<br \/>Cristian Laus<\/p>\n<p>Autor : Guilh\u00e8m, Enriqueta<br \/>Linga : Occitan <wbr>(lengadocian)<br \/>Parucion : 06\/2000<br \/>Editor : Vent Terral<br \/>Nb de pajas : 239<br \/>Format : 16 x 23 cm<br \/>P\u00e9s : 652 g<br \/>ISBN 10 : 2859270752<br \/><\/span><\/p>\n","protected":false},"excerpt":{"rendered":"<p>La cosina a vista de nas [oc] Dins los sovenirs d&#8217;enf\u00e0n\u00e7ia d&#8217;Enriqueta Guilh\u00e8m las paraulas d&#8217;\u00f2c se mesclavan a las sabors, als perfums e als bruches familiars que poblavan las cosinas d&#8217;un c\u00f2p \u00e8ra. E i avi\u00e1 la lenga qu&#8217;\u00e8ra coma una salsa que ligava totas aquelas sensacions, lor donava una significacion. Coma se fa [&hellip;]<\/p>\n","protected":false},"featured_media":0,"template":"","meta":{"_acf_changed":false,"_genesis_hide_title":false,"_genesis_hide_breadcrumbs":false,"_genesis_hide_singular_image":false,"_genesis_hide_footer_widgets":false,"_genesis_custom_body_class":"","_genesis_custom_post_class":"","_genesis_layout":""},"product_brand":[],"product_cat":[7132,7210,16135,7206],"product_tag":[],"class_list":["post-33883","product","type-product","status-publish","product_cat-books","product_cat-cooking-cuisine-en","product_cat-non-classe-en","product_cat-traditions-heritage-en","entry","first","outofstock","purchasable","product-type-simple"],"acf":[],"_links":{"self":[{"href":"https:\/\/www.libraria-occitana.org\/en\/wp-json\/wp\/v2\/product\/33883","targetHints":{"allow":["GET"]}}],"collection":[{"href":"https:\/\/www.libraria-occitana.org\/en\/wp-json\/wp\/v2\/product"}],"about":[{"href":"https:\/\/www.libraria-occitana.org\/en\/wp-json\/wp\/v2\/types\/product"}],"wp:attachment":[{"href":"https:\/\/www.libraria-occitana.org\/en\/wp-json\/wp\/v2\/media?parent=33883"}],"wp:term":[{"taxonomy":"product_brand","embeddable":true,"href":"https:\/\/www.libraria-occitana.org\/en\/wp-json\/wp\/v2\/product_brand?post=33883"},{"taxonomy":"product_cat","embeddable":true,"href":"https:\/\/www.libraria-occitana.org\/en\/wp-json\/wp\/v2\/product_cat?post=33883"},{"taxonomy":"product_tag","embeddable":true,"href":"https:\/\/www.libraria-occitana.org\/en\/wp-json\/wp\/v2\/product_tag?post=33883"}],"curies":[{"name":"wp","href":"https:\/\/api.w.org\/{rel}","templated":true}]}}