{"id":33986,"date":"2013-07-12T16:00:00","date_gmt":"2013-07-12T14:00:00","guid":{"rendered":"http:\/\/www.libraria-occitana.org\/?post_type=product&#038;p=33986\/"},"modified":"2025-03-09T00:48:19","modified_gmt":"2025-03-08T23:48:19","slug":"lencantada","status":"publish","type":"product","link":"https:\/\/www.libraria-occitana.org\/en\/product\/lencantada\/","title":{"rendered":"L&#8217;encantada"},"content":{"rendered":"<p>15 titres revisit\u00e9s et une ambiance beaucoup plus intimiste que sur les CD pr\u00e9c\u00e9dents. 3 morceaux in\u00e9dits \u00e0 d\u00e9couvrir: \u00ab L&#8217;adagio des abrutis \u00bb, \u00ab Lenga d&#8217;oc \u00bb et \u00ab Ofelia \u00bb.<\/p>\n<p>La magie du groupe op\u00e8re une nouvelle fois. Chaque chanson, chaque histoire cont\u00e9e par Joan r\u00e9ussit \u00e0 nous extirper ce petit fil au plus profond de nous, ce petit fil qui nous rappelle d&#8217;o\u00f9 nous venons&#8230; Nadau r\u00e9veille en chacun cette partie de l\u2019inconscient qui est faite de nos racines, de notre enfance, et qui nous a amen\u00e9 jusqu\u2019\u00e0 aujourd\u2019hui. Avec des mots simples, des mots justes, des textes remplis de po\u00e9sie, avec de l\u2019humour, Joan trouve toujours de petites phrases aux grands messages.<\/p>\n<p><strong>Titres :<\/strong><br \/>\n1. P\u00f2lca de las abelhas 2&#8217;26<br \/>\n2. Qu&#8217;\u00e8m d&#8217;aqueth pa\u00eds&#8230; 4&#8217;16<br \/>\n3. L&#8217;encantada 4&#8217;00<br \/>\n4. L&#8217;adagio des abrutis 3&#8217;18<br \/>\n5. En davant 4&#8217;19<br \/>\n6. L&#8217;entrada de la n\u00f2via 3&#8217;17<br \/>\n7. Defensa 3&#8217;24<br \/>\n8. Maria 3&#8217;34<br \/>\n9. Era sauta de Banassa 4&#8217;14<br \/>\n10. Que i av\u00e8 ombra 3&#8217;34<br \/>\n11. Lenga d&#8217;\u00f2c 3&#8217;15<br \/>\n12. Los amor\u00f3s 4&#8217;42<br \/>\n13. Quin ber\u00f2i dia ! 3&#8217;13<br \/>\n14. Ofelia 2&#8217;49<br \/>\n15. Seguida de Barberina 3&#8217;59<\/p>\n","protected":false},"excerpt":{"rendered":"<p>15 titres revisit\u00e9s et une ambiance beaucoup plus intimiste que sur les CD pr\u00e9c\u00e9dents. 3 morceaux in\u00e9dits \u00e0 d\u00e9couvrir: \u00ab L&#8217;adagio des abrutis \u00bb, \u00ab Lenga d&#8217;oc \u00bb et \u00ab Ofelia \u00bb. La magie du groupe op\u00e8re une nouvelle fois. Chaque chanson, chaque histoire cont\u00e9e par Joan r\u00e9ussit \u00e0 nous extirper ce petit fil au [&hellip;]<\/p>\n","protected":false},"featured_media":45153,"template":"","meta":{"_acf_changed":false,"_genesis_hide_title":false,"_genesis_hide_breadcrumbs":false,"_genesis_hide_singular_image":false,"_genesis_hide_footer_widgets":false,"_genesis_custom_body_class":"","_genesis_custom_post_class":"","_genesis_layout":""},"product_brand":[],"product_cat":[7216,7218],"product_tag":[],"class_list":{"0":"post-33986","1":"product","2":"type-product","3":"status-publish","4":"has-post-thumbnail","6":"product_cat-music-en","7":"product_cat-voice-en","8":"pa_auteur-nadau-en","9":"pa_editeur-los-de-nadau-en","10":"pa_langue-occitan-gascon-en","11":"pa_langue-occitan-francais-en","12":"entry","14":"first","15":"outofstock","16":"shipping-taxable","17":"purchasable","18":"product-type-simple"},"acf":[],"_links":{"self":[{"href":"https:\/\/www.libraria-occitana.org\/en\/wp-json\/wp\/v2\/product\/33986","targetHints":{"allow":["GET"]}}],"collection":[{"href":"https:\/\/www.libraria-occitana.org\/en\/wp-json\/wp\/v2\/product"}],"about":[{"href":"https:\/\/www.libraria-occitana.org\/en\/wp-json\/wp\/v2\/types\/product"}],"wp:featuredmedia":[{"embeddable":true,"href":"https:\/\/www.libraria-occitana.org\/en\/wp-json\/wp\/v2\/media\/45153"}],"wp:attachment":[{"href":"https:\/\/www.libraria-occitana.org\/en\/wp-json\/wp\/v2\/media?parent=33986"}],"wp:term":[{"taxonomy":"product_brand","embeddable":true,"href":"https:\/\/www.libraria-occitana.org\/en\/wp-json\/wp\/v2\/product_brand?post=33986"},{"taxonomy":"product_cat","embeddable":true,"href":"https:\/\/www.libraria-occitana.org\/en\/wp-json\/wp\/v2\/product_cat?post=33986"},{"taxonomy":"product_tag","embeddable":true,"href":"https:\/\/www.libraria-occitana.org\/en\/wp-json\/wp\/v2\/product_tag?post=33986"}],"curies":[{"name":"wp","href":"https:\/\/api.w.org\/{rel}","templated":true}]}}