{"id":34279,"date":"2026-08-31T17:33:36","date_gmt":"2026-08-31T15:33:36","guid":{"rendered":"http:\/\/www.libraria-occitana.org\/?post_type=product&#038;p=34279\/"},"modified":"2026-08-31T17:33:39","modified_gmt":"2026-08-31T15:33:39","slug":"enfancas-enfances-florilegi-occitan-libre-cd","status":"publish","type":"product","link":"https:\/\/www.libraria-occitana.org\/en\/product\/enfancas-enfances-florilegi-occitan-libre-cd\/","title":{"rendered":"ENFANCAS &#8211; ENFANCES : FLORILEGI OCCITAN (LIBRE + CD)"},"content":{"rendered":"<p style=\"margin:0;\"><span style=\"font-family:'Times New Roman';font-size:12pt;\">Enfan\u00e7as &#8211; Enfances : Floril\u00e8gi occitan <wbr>(libre + CD)<\/p>\n<p>Sul t\u00e8ma de la \u00ab Prima dels po\u00e8tas \u00bb de 2012, Enfan\u00e7as, vaqu\u00ed un floril\u00e8gi de t\u00e8xtes en occitan que van d&#8217;Auban\u00e8l a S\u00e8rgi Bec e de Mistral a Marcela Delpastre. Po\u00e8mas o tr\u00f2ces causits de pr\u00f2sa po\u00ebtica, leugi\u00e8rs o gr\u00e8us, totes son traversats de la lutz viva de l&#8217;enfan\u00e7a.<\/p>\n<p>Sur le th\u00e8me du \u00ab Printemps des po\u00e8tes \u00bb 2012, Enfances, voici un floril\u00e8ge de textes en occitan qui vont d\u2019Aubanel \u00e0 Serge Bec et de Mistral \u00e0 Marcelle Delpastre. Po\u00e8mes ou morceaux choisis de prose po\u00e9tique, l\u00e9gers ou graves, ils sont tous travers\u00e9s de la vive lumi\u00e8re de l\u2019enfance.<\/p>\n<p>Livre bilingue occitan-fran\u00e7ais + CD audio &#038; MP3 <wbr>(45 min environ).<\/p>\n<p>Autor : Collectiu<br \/>Legeire CD : Collectiu<br \/>Linga : Occitan &#8211; franc\u00e9s<br \/>Parucion : 09\/2012<br \/>Editor : CRDP Montpellier<br \/>Colleccion : Floril\u00e8gi occitan<br \/>Nb de pajas : 61<br \/>Format : 14,5 x 13 cm<br \/>P\u00e9s : 98 g<br \/>EAN 13 : 9782866264505<\/span><\/p>\n","protected":false},"excerpt":{"rendered":"<p>Enfan\u00e7as &#8211; Enfances : Floril\u00e8gi occitan (libre + CD) Sul t\u00e8ma de la \u00ab Prima dels po\u00e8tas \u00bb de 2012, Enfan\u00e7as, vaqu\u00ed un floril\u00e8gi de t\u00e8xtes en occitan que van d&#8217;Auban\u00e8l a S\u00e8rgi Bec e de Mistral a Marcela Delpastre. Po\u00e8mas o tr\u00f2ces causits de pr\u00f2sa po\u00ebtica, leugi\u00e8rs o gr\u00e8us, totes son traversats de la [&hellip;]<\/p>\n","protected":false},"featured_media":0,"template":"","meta":{"_acf_changed":false,"_genesis_hide_title":false,"_genesis_hide_breadcrumbs":false,"_genesis_hide_singular_image":false,"_genesis_hide_footer_widgets":false,"_genesis_custom_body_class":"","_genesis_custom_post_class":"","_genesis_layout":""},"product_brand":[],"product_cat":[7132,7174,16135,7180],"product_tag":[],"class_list":["post-34279","product","type-product","status-publish","product_cat-books","product_cat-literature-en","product_cat-non-classe-en","product_cat-poetry-en","pa_auteur-collectiu-en-2","pa_editeur-crdp-montpellier-fr-en","entry","first","instock","purchasable","product-type-simple"],"acf":[],"_links":{"self":[{"href":"https:\/\/www.libraria-occitana.org\/en\/wp-json\/wp\/v2\/product\/34279","targetHints":{"allow":["GET"]}}],"collection":[{"href":"https:\/\/www.libraria-occitana.org\/en\/wp-json\/wp\/v2\/product"}],"about":[{"href":"https:\/\/www.libraria-occitana.org\/en\/wp-json\/wp\/v2\/types\/product"}],"wp:attachment":[{"href":"https:\/\/www.libraria-occitana.org\/en\/wp-json\/wp\/v2\/media?parent=34279"}],"wp:term":[{"taxonomy":"product_brand","embeddable":true,"href":"https:\/\/www.libraria-occitana.org\/en\/wp-json\/wp\/v2\/product_brand?post=34279"},{"taxonomy":"product_cat","embeddable":true,"href":"https:\/\/www.libraria-occitana.org\/en\/wp-json\/wp\/v2\/product_cat?post=34279"},{"taxonomy":"product_tag","embeddable":true,"href":"https:\/\/www.libraria-occitana.org\/en\/wp-json\/wp\/v2\/product_tag?post=34279"}],"curies":[{"name":"wp","href":"https:\/\/api.w.org\/{rel}","templated":true}]}}