{"id":34568,"date":"2026-08-31T17:21:43","date_gmt":"2026-08-31T15:21:43","guid":{"rendered":"http:\/\/www.libraria-occitana.org\/?post_type=product&#038;p=34568\/"},"modified":"2026-08-31T17:21:47","modified_gmt":"2026-08-31T15:21:47","slug":"chants-dauvergne-joseph-canteloube","status":"publish","type":"product","link":"https:\/\/www.libraria-occitana.org\/en\/product\/chants-dauvergne-joseph-canteloube\/","title":{"rendered":"CHANTS D&#8217;AUVERGNE : JOSEPH CANTELOUBE"},"content":{"rendered":"<p style=\"margin:0;\"><span style=\"font-family:'Times New Roman';font-size:12pt;\">Chants d&#8217;Auvergne : Joseph Canteloube<\/p>\n<p>Cette nouvelle publication discographique de l&#8217;Agence est une premi\u00e8re mondiale, rien de moins.<br \/>D&#8217;une part cet enregistrement est interpr\u00e9t\u00e9 pour la premi\u00e8re fois par une voix d&#8217;homme, richement timbr\u00e9e, aux couleurs chaudes et claires caract\u00e9ristiques de l&#8217;occitan, mais aussi une voix d&#8217;op\u00e9ra longue et puissante au service du r\u00e9pertoire lyrique.<br \/>D&#8217;autre part, l&#8217;accompagnement est uniquement au piano pour retrouver la puret\u00e9 et la simplicit\u00e9 des m\u00e9lodies de l&#8217;ensemble des cinq cahiers.<br \/>&#8220;Les Chants d&#8217;Auvergne&#8221; de Joseph Canteloube interpr\u00e9t\u00e9s par la plupart des sopranos connus et reconnus dans l&#8217;univers du lyrique voient donc avec ce projet la production d&#8217;une \u00e9dition originale.<\/p>\n<p>Titres :<br \/>1. La pastora als camps<br \/>2. Vail\u00e8ra<br \/>3. L&#8217;aiga de r\u00f2cha<br \/>4. Ont anarem gardar ?<br \/>5. Aval, dins lo limosin<br \/>6. Pastor\u00e8la<br \/>7. L&#8217;anto\u00e8na<br \/>8. La pastrol\u00e8ta e lo chavali\u00e8r<br \/>9. La delaissada<br \/>10. N&#8217;ai pas ieu de mia<br \/>11. La calha<br \/>12. La fialaira<br \/>13. Passa pel prat<br \/>14. Lo bo\u00e7ut<br \/>15. Bre\u00e7air\u00f2la<br \/>16. Maleir\u00f3s qu&#8217;a una femna<br \/>17. Jol pont da mirab\u00e8l<br \/>18. \u00d2i ai ai<br \/>19. Per l&#8217;enfant<br \/>20. Chut, chut<br \/>21. Pastorale<br \/>22. Lo cocut<br \/>23. Aval, dins la comb\u00e8la<br \/>24. Quand z-\u00e8re petitona<br \/>25. La-haut, sur le rocher<br \/>26. E ! baila-z-i dau fen !<br \/>27. Pastora, se tu m&#8217;aimas !<br \/>28. T\u00e9, l&#8217; can, t\u00e9<br \/>29. Una genta pastora<br \/>30. Lo disi\u00e1 ben<\/p>\n<p>Autor : Besnard, Olivier ; Boucheix, Bernard<br \/>Linga : Occitan, franc\u00e9s<br \/>Parucion : 2007<br \/>Editor : AMTA<br \/>Durada : 71&#8217;07<br \/>Format : Boitier cristau<br \/>P\u00e9s : 110 g<br \/>EAN 13 : 3477170753703<\/span><\/p>\n","protected":false},"excerpt":{"rendered":"<p>Chants d&#8217;Auvergne : Joseph Canteloube Cette nouvelle publication discographique de l&#8217;Agence est une premi\u00e8re mondiale, rien de moins.D&#8217;une part cet enregistrement est interpr\u00e9t\u00e9 pour la premi\u00e8re fois par une voix d&#8217;homme, richement timbr\u00e9e, aux couleurs chaudes et claires caract\u00e9ristiques de l&#8217;occitan, mais aussi une voix d&#8217;op\u00e9ra longue et puissante au service du r\u00e9pertoire lyrique.D&#8217;autre part, [&hellip;]<\/p>\n","protected":false},"featured_media":0,"template":"","meta":{"_acf_changed":false,"_genesis_hide_title":false,"_genesis_hide_breadcrumbs":false,"_genesis_hide_singular_image":false,"_genesis_hide_footer_widgets":false,"_genesis_custom_body_class":"","_genesis_custom_post_class":"","_genesis_layout":""},"product_brand":[],"product_cat":[7226,7216,16135],"product_tag":[],"class_list":["post-34568","product","type-product","status-publish","product_cat-classical-troubadours-en","product_cat-music-en","product_cat-non-classe-en","pa_auteurs-besnard-olivier-boucheix-bernard","entry","first","instock","purchasable","product-type-simple"],"acf":[],"_links":{"self":[{"href":"https:\/\/www.libraria-occitana.org\/en\/wp-json\/wp\/v2\/product\/34568","targetHints":{"allow":["GET"]}}],"collection":[{"href":"https:\/\/www.libraria-occitana.org\/en\/wp-json\/wp\/v2\/product"}],"about":[{"href":"https:\/\/www.libraria-occitana.org\/en\/wp-json\/wp\/v2\/types\/product"}],"wp:attachment":[{"href":"https:\/\/www.libraria-occitana.org\/en\/wp-json\/wp\/v2\/media?parent=34568"}],"wp:term":[{"taxonomy":"product_brand","embeddable":true,"href":"https:\/\/www.libraria-occitana.org\/en\/wp-json\/wp\/v2\/product_brand?post=34568"},{"taxonomy":"product_cat","embeddable":true,"href":"https:\/\/www.libraria-occitana.org\/en\/wp-json\/wp\/v2\/product_cat?post=34568"},{"taxonomy":"product_tag","embeddable":true,"href":"https:\/\/www.libraria-occitana.org\/en\/wp-json\/wp\/v2\/product_tag?post=34568"}],"curies":[{"name":"wp","href":"https:\/\/api.w.org\/{rel}","templated":true}]}}