{"id":34576,"date":"2026-08-31T17:06:03","date_gmt":"2026-08-31T15:06:03","guid":{"rendered":"http:\/\/www.libraria-occitana.org\/?post_type=product&#038;p=34576\/"},"modified":"2026-08-31T17:06:06","modified_gmt":"2026-08-31T15:06:06","slug":"ces-maisons-qui-nous-racontent-lhabitat-rural-au-pays-des-feuillardiers","status":"publish","type":"product","link":"https:\/\/www.libraria-occitana.org\/en\/product\/ces-maisons-qui-nous-racontent-lhabitat-rural-au-pays-des-feuillardiers\/","title":{"rendered":"CES MAISONS QUI NOUS RACONTENT&#8230; : L&#8217;HABITAT RURAL AU PAYS DES FEUILLARDIERS"},"content":{"rendered":"<p style=\"margin:0;\"><span style=\"font-family:'Times New Roman';font-size:12pt;\">L&#8217;Association de Coordination des Actions en Faveur des Personnes Ag\u00e9es <wbr>(ACAFPA) sur le canton de Ch\u00e2lus a entrepris il y a plus de dix ans, un travail de collecte de la m\u00e9moire vivante. Des t\u00e9moignages de personnes parmi les plus \u00e2g\u00e9es ont \u00e9t\u00e9 recueillis.<br \/>Le pr\u00e9sent ouvrage met en valeur une recherche sur l&#8217;habitat.<br \/>Il s&#8217;agit l\u00e0 d&#8217;un recueil de r\u00e9cits qui n&#8217;est d&#8217;aucune pr\u00e9tention historique, ni ethnologique au sens scientifique de ces termes.<br \/>Bien \u00e9videmment, il participe \u00e0 la connaissance ethnologique, mais son but est surtout de livrer les \u00e9l\u00e9ments transmis par les plus \u00e2g\u00e9s aux plus jeunes d&#8217;entre nous. <wbr>[&#8230;]<\/p>\n<p>Autor : ACAFPA du Canton de Ch\u00e2lus<br \/>Linga : Franc\u00e9s<br \/>Parucion : 12\/1997<br \/>Editor : ACAFPA du Canton de Ch\u00e2lus<br \/>Colleccion : M\u00e9moires<br \/>Nb de pajas : 179<br \/>Format : 16,5 x 24 cm<br \/>P\u00e9s : 378 g<br \/><\/span><\/p>\n","protected":false},"excerpt":{"rendered":"<p>L&#8217;Association de Coordination des Actions en Faveur des Personnes Ag\u00e9es (ACAFPA) sur le canton de Ch\u00e2lus a entrepris il y a plus de dix ans, un travail de collecte de la m\u00e9moire vivante. Des t\u00e9moignages de personnes parmi les plus \u00e2g\u00e9es ont \u00e9t\u00e9 recueillis.Le pr\u00e9sent ouvrage met en valeur une recherche sur l&#8217;habitat.Il s&#8217;agit l\u00e0 [&hellip;]<\/p>\n","protected":false},"featured_media":0,"template":"","meta":{"_acf_changed":false,"_genesis_hide_title":false,"_genesis_hide_breadcrumbs":false,"_genesis_hide_singular_image":false,"_genesis_hide_footer_widgets":false,"_genesis_custom_body_class":"","_genesis_custom_post_class":"","_genesis_layout":""},"product_brand":[],"product_cat":[7132,7214,16135,7206],"product_tag":[],"class_list":["post-34576","product","type-product","status-publish","product_cat-books","product_cat-built-heritage-en","product_cat-non-classe-en","product_cat-traditions-heritage-en","entry","first","instock","purchasable","product-type-simple"],"acf":[],"_links":{"self":[{"href":"https:\/\/www.libraria-occitana.org\/en\/wp-json\/wp\/v2\/product\/34576","targetHints":{"allow":["GET"]}}],"collection":[{"href":"https:\/\/www.libraria-occitana.org\/en\/wp-json\/wp\/v2\/product"}],"about":[{"href":"https:\/\/www.libraria-occitana.org\/en\/wp-json\/wp\/v2\/types\/product"}],"wp:attachment":[{"href":"https:\/\/www.libraria-occitana.org\/en\/wp-json\/wp\/v2\/media?parent=34576"}],"wp:term":[{"taxonomy":"product_brand","embeddable":true,"href":"https:\/\/www.libraria-occitana.org\/en\/wp-json\/wp\/v2\/product_brand?post=34576"},{"taxonomy":"product_cat","embeddable":true,"href":"https:\/\/www.libraria-occitana.org\/en\/wp-json\/wp\/v2\/product_cat?post=34576"},{"taxonomy":"product_tag","embeddable":true,"href":"https:\/\/www.libraria-occitana.org\/en\/wp-json\/wp\/v2\/product_tag?post=34576"}],"curies":[{"name":"wp","href":"https:\/\/api.w.org\/{rel}","templated":true}]}}