{"id":34701,"date":"2007-05-25T12:11:39","date_gmt":"2007-05-25T10:11:39","guid":{"rendered":"http:\/\/www.libraria-occitana.org\/?post_type=product&#038;p=34701\/"},"modified":"2026-04-26T05:52:05","modified_gmt":"2026-04-26T03:52:05","slug":"bramadis","status":"publish","type":"product","link":"https:\/\/www.libraria-occitana.org\/en\/product\/bramadis\/","title":{"rendered":"Bramad\u00eds"},"content":{"rendered":"<p>Disque de cr\u00e9ations dans la veine de <em>Pampalig\u00f2ssa<\/em> et de <em>P\u00f2ble mon p\u00f2ble<\/em>, mais avec une touche suppl\u00e9mentaire d&#8217;ouverture po\u00e9tique et d&#8217;engagement musical.<br \/>\nUn disque engag\u00e9 dans la lign\u00e9e des chansonniers qui puise dans la richesse de la langue occitane et stigmatise les travers de la soci\u00e9t\u00e9 avec ironie et humour.<br \/>\nBeaucoup d&#8217;invit\u00e9s notamment Rita Macedo (Femnouzes T), Gauvain Fargeot (Asystematic, Dilemn)\u2026<br \/>\nAvec livret 28 pages (paroles en occitan et en fran\u00e7ais).<\/p>\n<p><strong>Titres :<\/strong><br \/>\n1. Brave monde 1&#8217;32<br \/>\n2. Occitania (feat. Rita Macedo) 4&#8217;26<br \/>\n3. Un poeta per cantar 4&#8217;01<br \/>\n4. En Occit\u00e0nia s\u00e8m de bons enfants 4&#8217;12<br \/>\n5. Anem Danielon (feat. Rita Macedo) 4&#8217;24<br \/>\n6. Lo meu pa\u00eds 4&#8217;08<br \/>\n7. La gu\u00e8rra 3&#8217;47<br \/>\n8. Mon berimbau 2&#8217;16<br \/>\n9. Pertot ont vau (feat. Rita Macedo) 4&#8217;36<br \/>\n10. Can\u00e7on de las messorgas 4&#8217;13<br \/>\n11. Una prada a dalhar 2&#8217;26<br \/>\n12. Lo mond ven reaccionari 3&#8217;58<br \/>\n13. Los plasers de la taula 4&#8217;12<br \/>\n14. Lo pesolh escambiat 4&#8217;35<br \/>\n15. Que son los meus amics venguts ? 3&#8217;03<br \/>\n16. Branlon 3&#8217;06<br \/>\n17. Faula 4&#8217;33<\/p>\n","protected":false},"excerpt":{"rendered":"<p>Disque de cr\u00e9ations dans la veine de Pampalig\u00f2ssa et de P\u00f2ble mon p\u00f2ble, mais avec une touche suppl\u00e9mentaire d&#8217;ouverture po\u00e9tique et d&#8217;engagement musical. Un disque engag\u00e9 dans la lign\u00e9e des chansonniers qui puise dans la richesse de la langue occitane et stigmatise les travers de la soci\u00e9t\u00e9 avec ironie et humour. Beaucoup d&#8217;invit\u00e9s notamment Rita [&hellip;]<\/p>\n","protected":false},"featured_media":45378,"template":"","meta":{"_acf_changed":false,"_genesis_hide_title":false,"_genesis_hide_breadcrumbs":false,"_genesis_hide_singular_image":false,"_genesis_hide_footer_widgets":false,"_genesis_custom_body_class":"","_genesis_custom_post_class":"","_genesis_layout":""},"product_brand":[],"product_cat":[7228,7216],"product_tag":[],"class_list":{"0":"post-34701","1":"product","2":"type-product","3":"status-publish","4":"has-post-thumbnail","6":"product_cat-modern-folk-en","7":"product_cat-music-en","8":"pa_auteur-la-talvera-en","9":"pa_editeur-cordae-la-talvera-en","10":"pa_langue-occitan-en","11":"pa_langue-occitan-lengadocian-en","12":"entry","14":"first","15":"outofstock","16":"shipping-taxable","17":"purchasable","18":"product-type-simple"},"acf":[],"_links":{"self":[{"href":"https:\/\/www.libraria-occitana.org\/en\/wp-json\/wp\/v2\/product\/34701","targetHints":{"allow":["GET"]}}],"collection":[{"href":"https:\/\/www.libraria-occitana.org\/en\/wp-json\/wp\/v2\/product"}],"about":[{"href":"https:\/\/www.libraria-occitana.org\/en\/wp-json\/wp\/v2\/types\/product"}],"wp:featuredmedia":[{"embeddable":true,"href":"https:\/\/www.libraria-occitana.org\/en\/wp-json\/wp\/v2\/media\/45378"}],"wp:attachment":[{"href":"https:\/\/www.libraria-occitana.org\/en\/wp-json\/wp\/v2\/media?parent=34701"}],"wp:term":[{"taxonomy":"product_brand","embeddable":true,"href":"https:\/\/www.libraria-occitana.org\/en\/wp-json\/wp\/v2\/product_brand?post=34701"},{"taxonomy":"product_cat","embeddable":true,"href":"https:\/\/www.libraria-occitana.org\/en\/wp-json\/wp\/v2\/product_cat?post=34701"},{"taxonomy":"product_tag","embeddable":true,"href":"https:\/\/www.libraria-occitana.org\/en\/wp-json\/wp\/v2\/product_tag?post=34701"}],"curies":[{"name":"wp","href":"https:\/\/api.w.org\/{rel}","templated":true}]}}