{"id":35133,"date":"2011-01-18T11:25:40","date_gmt":"2011-01-18T10:25:40","guid":{"rendered":"http:\/\/www.libraria-occitana.org\/?post_type=product&#038;p=35133\/"},"modified":"2026-04-29T05:06:45","modified_gmt":"2026-04-29T03:06:45","slug":"rasims-de-luna-max-rouquette-mis-en-musique-libreton-cd","status":"publish","type":"product","link":"https:\/\/www.libraria-occitana.org\/en\/product\/rasims-de-luna-max-rouquette-mis-en-musique-libreton-cd\/","title":{"rendered":"Rasims de luna : Max Rouquette mis en musique (libreton + CD)"},"content":{"rendered":"<p><strong>Laurent Audemard :<\/strong> Hautbois, clarinettes<br \/>\n<strong>Manufactures Verbales (Jak\u00e8s Aymonino, Joan-Franc\u00e9s Tisn\u00e8r, Nadine Gabard, Marie-Anne Mazeau) :<\/strong> Voix<br \/>\n<strong>Roland P\u00e9cout :<\/strong> R\u00e9citant<br \/>\n<strong>Fran\u00e7ois Fava :<\/strong> Saxophones, fl\u00fbte<br \/>\n<strong>Henri Donnadieu :<\/strong> Saxophone t\u00e9nor<br \/>\n<strong>Guillaume S\u00e9guron :<\/strong> Contrebasse<br \/>\n<strong>Denis Fournier :<\/strong> Percussions<br \/>\nAvec la voix enregistr\u00e9e de <strong>Max Rouquette <\/strong><\/p>\n<p>Max Rouquette (1908-2005), po\u00e8te majeur de la langue occitane, fut un auteur prolixe : po\u00e9sie donc, mais aussi prose, trait\u00e9s et th\u00e9\u00e2tre. Il traduisit Dante et Garcia-Lorca et sa pi\u00e8ce <em>Le Glossaire<\/em> est entr\u00e9e au r\u00e9pertoire de la Com\u00e9die Fran\u00e7aise. Tout l\u2019art de Laurent Audemard et Jak\u00e8s Aymonino est de donner \u00e0 entendre la richesse m\u00e9lodique de la langue de Max Rouquette, son r\u00e9alisme magique, en accentuant son pouvoir suggestif, exsudant ses parfums, rendant palpables ses m\u00e9taphores.<\/p>\n<p>Vingt textes interpr\u00e9t\u00e9s en occitan.\u00a0Riche livret de 68 pages, avec notamment les textes originaux en occitan et traduction fran\u00e7aise.<\/p>\n<p><strong>Po\u00e8mes extraits du recueil <a href=\"http:\/\/www.libraria-occitana.org\/produit\/daici-mil-ans-de-lutz-a-mille-annees-lumiere\/\"><em>D\u2019aic\u00ed mil ans de lutz &#8211; \u00c0 mille ann\u00e9es lumi\u00e8re<\/em><\/a>\u00a0:<\/strong><br \/>\n&#8211; Cast\u00e8l d&#8217;Aumel\u00e0s. Musique : Laurent Audemard. Avec la voix de Max Rouquette<br \/>\n&#8211; Tant m&#8217;an laguiat. Musique : Fran\u00e7ois Fava<br \/>\n&#8211; La maire dels vents. Musique : Jak\u00e8s Aymonino<br \/>\n&#8211; Degun. Musique : Jak\u00e8s Aymonino<\/p>\n<p><strong>Po\u00e8mes extraits du recueil <a href=\"http:\/\/www.libraria-occitana.org\/produit\/lo-maucor-de-lunicorn-le-tourment-de-la-licorne\/\"><em>Lo mauc\u00f2r de l\u2019unic\u00f2rn &#8211; Le tourment de la licorne<\/em><\/a> :<\/strong><br \/>\n&#8211; Rasims de luna. Musique : Laurent Audemard<br \/>\n&#8211; Lo banh de la luna. Musique : Laurent Audemard<br \/>\n&#8211; Lo pes. Musique : Laurent Audemard<br \/>\n&#8211; L&#8217;ariana. Musique : Laurent Audemard<br \/>\n&#8211; Bastigu\u00e8t. Musique : Jak\u00e8s Aymonino<br \/>\n&#8211; Romance. Musique : Laurent Audemard<br \/>\n&#8211; Un v\u00e8spre. Musique : Laurent Audemard<br \/>\n&#8211; Las paraulas (1). Musique : Jak\u00e8s Aymonino<br \/>\n&#8211; Las paraulas (2). Musique : Franz Schubert, arrangement Laurent Audemard<br \/>\n&#8211; Jol sause. Musique : Laurent Audemard<\/p>\n<p><strong>Po\u00e8mes extraits du recueil <a href=\"http:\/\/www.libraria-occitana.org\/produit\/los-saumes-de-la-nuoch-les-psaumes-de-la-nuit\/\"><em>Los saumes de la nu\u00f2ch \/ Les psaumes de la nuit<\/em><\/a> :<\/strong><br \/>\n&#8211; Auc\u00e8ls de l\u2019er. Musique : Fran\u00e7ois Fava<br \/>\n&#8211; Can\u00e7on. Po\u00e8me lu par Max Rouquette (enregistrement in\u00e9dit de 1975)<\/p>\n<p><strong>Po\u00e8me extrait du <a href=\"http:\/\/www.libraria-occitana.org\/produit\/bestiaire-ii-bestiari-ii\/\"><em>Bestiaire &#8211; Bestiari<\/em><\/a>\u00a0:<\/strong><br \/>\n&#8211; La lauseta. Musique : Laurent Audemard<\/p>\n<p><strong>Proses extraites de <em><a href=\"http:\/\/www.libraria-occitana.org\/produit\/verd-paradis-i\/\">Verd Parad\u00eds<\/a><\/em> (textes dits par Roland P\u00e9cout) :<\/strong><br \/>\n&#8211; L\u2019autb\u00f2i de neu. Musique : Laurent Audemard. Avec la voix de Max Rouquette<br \/>\n&#8211; La m\u00f2rt de Costasolana. Musique : Franz Schubert, arr. Laurent Audemard<br \/>\n&#8211; Lo bon de la nu\u00f2ch. Musique : Laurent Audemard<\/p>\n<p><strong>Titres :<\/strong><br \/>\n1. Can\u00e7on 1&#8217;04<br \/>\n2. L&#8217;ariana 3&#8217;01<br \/>\n3. La lauseta 1&#8217;10<br \/>\n4. Cast\u00e8l d&#8217;Aumel\u00e0s 2&#8217;51<br \/>\n5. Lo banh de la luna 3&#8217;34<br \/>\n6. Las paraulas (1) 3&#8217;56<br \/>\n7. L&#8217;autb\u00f2i de n\u00e8u 8&#8217;22<br \/>\n8. Degun 4&#8217;08<br \/>\n9. Jol sause 4&#8217;12<br \/>\n10. Auc\u00e8ls de l&#8217;er 4&#8217;19<br \/>\n11. Tant m&#8217;an laguiat 2&#8217;21<br \/>\n12. La m\u00f2rt de C\u00f2stasolana 6&#8217;57<br \/>\n13. Las paraulas (2) 2&#8217;00<br \/>\n14. Rasims de luna 3&#8217;17<br \/>\n15. Bastigu\u00e8t 1&#8217;56<br \/>\n16. La maire dels vents 2&#8217;51<br \/>\n17. Lo pes 3&#8217;36<br \/>\n18. Lo bon de la nu\u00f2ch 3&#8217;14<br \/>\n19. Romance 7&#8217;46<br \/>\n20. Introduccion al v\u00e8spre 1&#8217;49<br \/>\n21. Un v\u00e8spre 3&#8217;57<\/p>\n","protected":false},"excerpt":{"rendered":"<p>Laurent Audemard : Hautbois, clarinettes Manufactures Verbales (Jak\u00e8s Aymonino, Joan-Franc\u00e9s Tisn\u00e8r, Nadine Gabard, Marie-Anne Mazeau) : Voix Roland P\u00e9cout : R\u00e9citant Fran\u00e7ois Fava : Saxophones, fl\u00fbte Henri Donnadieu : Saxophone t\u00e9nor Guillaume S\u00e9guron : Contrebasse Denis Fournier : Percussions Avec la voix enregistr\u00e9e de Max Rouquette Max Rouquette (1908-2005), po\u00e8te majeur de la langue occitane, [&hellip;]<\/p>\n","protected":false},"featured_media":52981,"template":"","meta":{"_acf_changed":false,"_genesis_hide_title":false,"_genesis_hide_breadcrumbs":false,"_genesis_hide_singular_image":false,"_genesis_hide_footer_widgets":false,"_genesis_custom_body_class":"","_genesis_custom_post_class":"","_genesis_layout":""},"product_brand":[],"product_cat":[7224,7216],"product_tag":[],"class_list":{"0":"post-35133","1":"product","2":"type-product","3":"status-publish","4":"has-post-thumbnail","6":"product_cat-litterature-musique-en","7":"product_cat-music-en","8":"pa_auteur-audemard-en","9":"pa_auteur-aymonino-jakes-en","10":"pa_auteur-collectiu-en-2","11":"pa_editeur-amistats-max-rouquette-en","12":"pa_editeur-buda-en","13":"pa_langue-occitan-lengadocian-en","14":"pa_langue-occitan-francais-en","15":"entry","17":"first","18":"instock","19":"shipping-taxable","20":"purchasable","21":"product-type-simple"},"acf":[],"_links":{"self":[{"href":"https:\/\/www.libraria-occitana.org\/en\/wp-json\/wp\/v2\/product\/35133","targetHints":{"allow":["GET"]}}],"collection":[{"href":"https:\/\/www.libraria-occitana.org\/en\/wp-json\/wp\/v2\/product"}],"about":[{"href":"https:\/\/www.libraria-occitana.org\/en\/wp-json\/wp\/v2\/types\/product"}],"wp:featuredmedia":[{"embeddable":true,"href":"https:\/\/www.libraria-occitana.org\/en\/wp-json\/wp\/v2\/media\/52981"}],"wp:attachment":[{"href":"https:\/\/www.libraria-occitana.org\/en\/wp-json\/wp\/v2\/media?parent=35133"}],"wp:term":[{"taxonomy":"product_brand","embeddable":true,"href":"https:\/\/www.libraria-occitana.org\/en\/wp-json\/wp\/v2\/product_brand?post=35133"},{"taxonomy":"product_cat","embeddable":true,"href":"https:\/\/www.libraria-occitana.org\/en\/wp-json\/wp\/v2\/product_cat?post=35133"},{"taxonomy":"product_tag","embeddable":true,"href":"https:\/\/www.libraria-occitana.org\/en\/wp-json\/wp\/v2\/product_tag?post=35133"}],"curies":[{"name":"wp","href":"https:\/\/api.w.org\/{rel}","templated":true}]}}