{"id":35226,"date":"2009-12-17T13:06:31","date_gmt":"2009-12-17T12:06:31","guid":{"rendered":"http:\/\/www.libraria-occitana.org\/?post_type=product&#038;p=35226\/"},"modified":"2026-04-29T11:13:27","modified_gmt":"2026-04-29T09:13:27","slug":"morta-e-viva","status":"publish","type":"product","link":"https:\/\/www.libraria-occitana.org\/en\/product\/morta-e-viva\/","title":{"rendered":"Morta e Viva"},"content":{"rendered":"<p><em>Morta e Viva<\/em> est une \u0153uvre majeure du patrimoine litt\u00e9raire gascon, jamais r\u00e9\u00e9dit\u00e9e depuis 1951. Dans ce vaste po\u00e8me \u00e9pique en neuf chants, Miqu\u00e8u de Camelat \u2013 un des plus importants \u00e9crivains et po\u00e8tes gascons du XXe si\u00e8cle \u2013 revisite l\u2019histoire de la Gascogne depuis l\u2019Antiquit\u00e9 et appelle \u00e0 sa renaissance.<\/p>\n<p>Dans cette v\u00e9ritable Chanson de la Gascogne, il donne la parole \u00e0 l\u2019assembl\u00e9e des po\u00e8tes r\u00e9unis par une nuit propice \u00e0 l\u2019inspiration sur le sommet du Pic du Midi d\u2019Ossau. L\u2019ensemble de <em>Morta e Viva<\/em> est port\u00e9 par ce puissant souffle po\u00e9tique.<\/p>\n<p>Cette nouvelle \u00e9dition a \u00e9t\u00e9 \u00e9tablie par Jean Salles-Loustau, docteur \u00e8s lettres, \u00e9minent sp\u00e9cialiste de l\u2019\u0153uvre de Camelat et de la litt\u00e9rature d\u2019Oc.<\/p>\n<p>Texte en occitan gascon accompagn\u00e9 d\u2019une pr\u00e9sentation, d\u2019une chronologie de Camelat, d\u2019une table des variantes et d\u2019un lexique.<\/p>\n","protected":false},"excerpt":{"rendered":"<p>Morta e Viva est une \u0153uvre majeure du patrimoine litt\u00e9raire gascon, jamais r\u00e9\u00e9dit\u00e9e depuis 1951. Dans ce vaste po\u00e8me \u00e9pique en neuf chants, Miqu\u00e8u de Camelat \u2013 un des plus importants \u00e9crivains et po\u00e8tes gascons du XXe si\u00e8cle \u2013 revisite l\u2019histoire de la Gascogne depuis l\u2019Antiquit\u00e9 et appelle \u00e0 sa renaissance. Dans cette v\u00e9ritable Chanson [&hellip;]<\/p>\n","protected":false},"featured_media":53737,"template":"","meta":{"_acf_changed":false,"_genesis_hide_title":false,"_genesis_hide_breadcrumbs":false,"_genesis_hide_singular_image":false,"_genesis_hide_footer_widgets":false,"_genesis_custom_body_class":"","_genesis_custom_post_class":"","_genesis_layout":""},"product_brand":[],"product_cat":[7132,7174,7180],"product_tag":[],"class_list":{"0":"post-35226","1":"product","2":"type-product","3":"status-publish","4":"has-post-thumbnail","6":"product_cat-books","7":"product_cat-literature-en","8":"product_cat-poetry-en","9":"pa_auteur-camelat-miqueu-de-en","10":"pa_editeur-letras-doc-en","11":"pa_illustrateur-salles-loustau-joan-salles-loustau-jean-en","12":"pa_langue-occitan-en","13":"pa_langue-occitan-gascon-en","14":"entry","16":"first","17":"instock","18":"shipping-taxable","19":"purchasable","20":"product-type-simple"},"acf":[],"_links":{"self":[{"href":"https:\/\/www.libraria-occitana.org\/en\/wp-json\/wp\/v2\/product\/35226","targetHints":{"allow":["GET"]}}],"collection":[{"href":"https:\/\/www.libraria-occitana.org\/en\/wp-json\/wp\/v2\/product"}],"about":[{"href":"https:\/\/www.libraria-occitana.org\/en\/wp-json\/wp\/v2\/types\/product"}],"wp:featuredmedia":[{"embeddable":true,"href":"https:\/\/www.libraria-occitana.org\/en\/wp-json\/wp\/v2\/media\/53737"}],"wp:attachment":[{"href":"https:\/\/www.libraria-occitana.org\/en\/wp-json\/wp\/v2\/media?parent=35226"}],"wp:term":[{"taxonomy":"product_brand","embeddable":true,"href":"https:\/\/www.libraria-occitana.org\/en\/wp-json\/wp\/v2\/product_brand?post=35226"},{"taxonomy":"product_cat","embeddable":true,"href":"https:\/\/www.libraria-occitana.org\/en\/wp-json\/wp\/v2\/product_cat?post=35226"},{"taxonomy":"product_tag","embeddable":true,"href":"https:\/\/www.libraria-occitana.org\/en\/wp-json\/wp\/v2\/product_tag?post=35226"}],"curies":[{"name":"wp","href":"https:\/\/api.w.org\/{rel}","templated":true}]}}