{"id":35933,"date":"2026-08-31T17:14:59","date_gmt":"2026-08-31T15:14:59","guid":{"rendered":"http:\/\/www.libraria-occitana.org\/?post_type=product&#038;p=35933\/"},"modified":"2026-08-31T17:15:02","modified_gmt":"2026-08-31T15:15:02","slug":"le-chant-de-lalouette-ou-lheritage-des-troubadours","status":"publish","type":"product","link":"https:\/\/www.libraria-occitana.org\/en\/product\/le-chant-de-lalouette-ou-lheritage-des-troubadours\/","title":{"rendered":"LE CHANT DE L&#8217;ALOUETTE OU L&#8217;HERITAGE DES TROUBADOURS"},"content":{"rendered":"<p style=\"margin:0;\"><span style=\"font-family:'Times New Roman';font-size:12pt;\">Au XII \u00e8me si\u00e8cle, par le seul pouvoir des mots et de la musique, les \u0153uvres des troubadours amorc\u00e8rent une Renaissance philosophique et culturelle qui, neuf si\u00e8cles plus tard, nous surprend encore par sa modernit\u00e9.<br \/>Ce film, construit dans l\u2019esprit d\u2019une enqu\u00eate mais aussi d\u2019un itin\u00e9raire initiatique nous permet de d\u00e9couvrir, au c\u0153ur du Limousin comme \u00e0 New-York, Budapest et dans tout le Sud de la France, les racines de l\u2019art des troubadours et ses relais dans la cr\u00e9ation contemporaine.<\/p>\n<p>Des po\u00e8tes contemporains, chanteurs et sp\u00e9cialistes du trobar s\u2019interrogent sur ce qui a constitu\u00e9 l\u2019une des premi\u00e8res r\u00e9volutions culturelles de la civilisation occidentale.<\/p>\n<p>Avec la participation de Pierre Bec, Les Fabulous Troubadours, Francis Lalanne, G\u00e9rard Le Vot, Jacques Roubaud, Pierre Lartigue, Imre Szabics, Jo\u00ebl Cohen, Anne Az\u00e9ma, Luc de Goustine, G\u00e9rard Gonfroy.<\/p>\n<p>Ann\u00e9e de Production : 1995\/1996<\/p>\n<p>Production : Les Films du Horla<br \/>France 3<br \/>R\u00e9gion Limousin<br \/>R\u00e9gion Midi Pyr\u00e9n\u00e9es<br \/>Direction du Livre et de la Musique<br \/>aupr\u00e8s du Minist\u00e8re de la Culture<br \/>Centre National de la Cin\u00e9matographie<\/p>\n<p>Auteur-R\u00e9alisateur : Patrick CAZALS<\/p>\n<p>Image : Jacques MALNOU<br \/>Montage : Fr\u00e9d\u00e9ric DECOSSAS<br \/>Mixage : Michel BOISSI\u00c8RE<\/p>\n<p>Autor : Cazals, Patrick<br \/>Linga : Franc\u00e9s<br \/>Parucion : 2013<br \/>Editor : Les Films du Horla<br \/>Durada : 68&#8242;<br \/>Format : 19 x 13,5 cm<br \/>P\u00e9s : 86 g<br \/><\/span><\/p>\n","protected":false},"excerpt":{"rendered":"<p>Au XII \u00e8me si\u00e8cle, par le seul pouvoir des mots et de la musique, les \u0153uvres des troubadours amorc\u00e8rent une Renaissance philosophique et culturelle qui, neuf si\u00e8cles plus tard, nous surprend encore par sa modernit\u00e9.Ce film, construit dans l\u2019esprit d\u2019une enqu\u00eate mais aussi d\u2019un itin\u00e9raire initiatique nous permet de d\u00e9couvrir, au c\u0153ur du Limousin comme [&hellip;]<\/p>\n","protected":false},"featured_media":0,"template":"","meta":{"_acf_changed":false,"_genesis_hide_title":false,"_genesis_hide_breadcrumbs":false,"_genesis_hide_singular_image":false,"_genesis_hide_footer_widgets":false,"_genesis_custom_body_class":"","_genesis_custom_post_class":"","_genesis_layout":""},"product_brand":[],"product_cat":[7241,16135,7249],"product_tag":[],"class_list":["post-35933","product","type-product","status-publish","product_cat-documentary-en","product_cat-non-classe-en","product_cat-videos-3-en","entry","first","outofstock","purchasable","product-type-simple"],"acf":[],"_links":{"self":[{"href":"https:\/\/www.libraria-occitana.org\/en\/wp-json\/wp\/v2\/product\/35933","targetHints":{"allow":["GET"]}}],"collection":[{"href":"https:\/\/www.libraria-occitana.org\/en\/wp-json\/wp\/v2\/product"}],"about":[{"href":"https:\/\/www.libraria-occitana.org\/en\/wp-json\/wp\/v2\/types\/product"}],"wp:attachment":[{"href":"https:\/\/www.libraria-occitana.org\/en\/wp-json\/wp\/v2\/media?parent=35933"}],"wp:term":[{"taxonomy":"product_brand","embeddable":true,"href":"https:\/\/www.libraria-occitana.org\/en\/wp-json\/wp\/v2\/product_brand?post=35933"},{"taxonomy":"product_cat","embeddable":true,"href":"https:\/\/www.libraria-occitana.org\/en\/wp-json\/wp\/v2\/product_cat?post=35933"},{"taxonomy":"product_tag","embeddable":true,"href":"https:\/\/www.libraria-occitana.org\/en\/wp-json\/wp\/v2\/product_tag?post=35933"}],"curies":[{"name":"wp","href":"https:\/\/api.w.org\/{rel}","templated":true}]}}