{"id":35943,"date":"2026-08-31T16:32:43","date_gmt":"2026-08-31T14:32:43","guid":{"rendered":"http:\/\/www.libraria-occitana.org\/?post_type=product&#038;p=35943\/"},"modified":"2026-08-31T16:32:46","modified_gmt":"2026-08-31T14:32:46","slug":"las-vacancas-de-pascas","status":"publish","type":"product","link":"https:\/\/www.libraria-occitana.org\/en\/product\/las-vacancas-de-pascas\/","title":{"rendered":"LAS VACANCAS DE PASCAS"},"content":{"rendered":"<p style=\"margin:0;\"><span style=\"font-family:'Times New Roman';font-size:12pt;\">\u00ab Un ser de setembre, mam\u00e0 s\u2019enan\u00e8t\u2026 e torn\u00e8t pas. Fagu\u00e8ri los cinc ans sens ela. La m\u00f2rt de las b\u00e8stias l\u2019avi\u00e1i vista de pr\u00e8p, quand la grand tuava un lapin, un polet, quand lo cat s\u2019\u00e8ra fach espotir per una veitura a quatre passes de l\u2019ostal. La m\u00f2rt de ma maire, la compreni\u00e1i pas.\u00bb<\/p>\n<p>Un personatge t\u00f2rna apar\u00e9isser 17 ans pus tard per respondre a una question que totes se paus\u00e8ron : coss\u00ed una dr\u00f2lla de d\u00e8tz ans pogu\u00e8t desapar\u00e9isser pendent un mes e mi\u00e8g, quand tot lo vilatge e los gendarmas la cercavan ? Ont \u00e8ra passada ?<\/p>\n<p>Autor : Gairal, S\u00e8rgi<br \/>Linga : Occitan <wbr>(lengadocian)<br \/>Parucion : 05\/2013<br \/>Editor : IEO<br \/>Colleccion : A Tots<br \/>Nb de pajas : 106<br \/>Format : 13,5 x 18 cm<br \/>P\u00e9s : 122 g<br \/>EAN 13 : 9782859105075<br \/><\/span><\/p>\n","protected":false},"excerpt":{"rendered":"<p>\u00ab Un ser de setembre, mam\u00e0 s\u2019enan\u00e8t\u2026 e torn\u00e8t pas. Fagu\u00e8ri los cinc ans sens ela. La m\u00f2rt de las b\u00e8stias l\u2019avi\u00e1i vista de pr\u00e8p, quand la grand tuava un lapin, un polet, quand lo cat s\u2019\u00e8ra fach espotir per una veitura a quatre passes de l\u2019ostal. La m\u00f2rt de ma maire, la compreni\u00e1i pas.\u00bb [&hellip;]<\/p>\n","protected":false},"featured_media":0,"template":"","meta":{"_acf_changed":false,"_genesis_hide_title":false,"_genesis_hide_breadcrumbs":false,"_genesis_hide_singular_image":false,"_genesis_hide_footer_widgets":false,"_genesis_custom_body_class":"","_genesis_custom_post_class":"","_genesis_layout":""},"product_brand":[],"product_cat":[7132,7174,16135,7182],"product_tag":[],"class_list":["post-35943","product","type-product","status-publish","product_cat-books","product_cat-literature-en","product_cat-non-classe-en","product_cat-novels-short-stories-en","pa_editeur-ieo-fr-en","pa_editeurs-ideco","entry","first","instock","purchasable","product-type-simple"],"acf":[],"_links":{"self":[{"href":"https:\/\/www.libraria-occitana.org\/en\/wp-json\/wp\/v2\/product\/35943","targetHints":{"allow":["GET"]}}],"collection":[{"href":"https:\/\/www.libraria-occitana.org\/en\/wp-json\/wp\/v2\/product"}],"about":[{"href":"https:\/\/www.libraria-occitana.org\/en\/wp-json\/wp\/v2\/types\/product"}],"wp:attachment":[{"href":"https:\/\/www.libraria-occitana.org\/en\/wp-json\/wp\/v2\/media?parent=35943"}],"wp:term":[{"taxonomy":"product_brand","embeddable":true,"href":"https:\/\/www.libraria-occitana.org\/en\/wp-json\/wp\/v2\/product_brand?post=35943"},{"taxonomy":"product_cat","embeddable":true,"href":"https:\/\/www.libraria-occitana.org\/en\/wp-json\/wp\/v2\/product_cat?post=35943"},{"taxonomy":"product_tag","embeddable":true,"href":"https:\/\/www.libraria-occitana.org\/en\/wp-json\/wp\/v2\/product_tag?post=35943"}],"curies":[{"name":"wp","href":"https:\/\/api.w.org\/{rel}","templated":true}]}}