{"id":36989,"date":"2014-02-12T18:16:34","date_gmt":"2014-02-12T17:16:34","guid":{"rendered":"http:\/\/www.libraria-occitana.org\/?post_type=product&#038;p=36989"},"modified":"2026-04-29T07:26:07","modified_gmt":"2026-04-29T05:26:07","slug":"campatge-en-carcin","status":"publish","type":"product","link":"https:\/\/www.libraria-occitana.org\/en\/product\/campatge-en-carcin\/","title":{"rendered":"Campatge en Carcin"},"content":{"rendered":"<p>Ce n&#8217;est qu&#8217;une fois ce court moment v\u00e9cu en autonomie dans leur pays d&#8217;origine que le jeune Lobi recevra un nom d\u00e9finitif et sera consid\u00e9r\u00e9 comme un vrai homme.<\/p>\n<p>Ma m\u00e8re avait pens\u00e9 que de nous faire partir en voyage sur les traces de son enfance, un peu comme les Lobis, cela nous aiderait \u00e0 traverser ce\u00a0\u00ab grand passage\u00a0\u00bb qu&#8217;est, de son point de vue, l&#8217;adolescence.<\/p>\n","protected":false},"excerpt":{"rendered":"<p>Ce n&#8217;est qu&#8217;une fois ce court moment v\u00e9cu en autonomie dans leur pays d&#8217;origine que le jeune Lobi recevra un nom d\u00e9finitif et sera consid\u00e9r\u00e9 comme un vrai homme. Ma m\u00e8re avait pens\u00e9 que de nous faire partir en voyage sur les traces de son enfance, un peu comme les Lobis, cela nous aiderait \u00e0 [&hellip;]<\/p>\n","protected":false},"featured_media":37078,"template":"","meta":{"_acf_changed":false,"_genesis_hide_title":false,"_genesis_hide_breadcrumbs":false,"_genesis_hide_singular_image":false,"_genesis_hide_footer_widgets":false,"_genesis_custom_body_class":"","_genesis_custom_post_class":"","_genesis_layout":""},"product_brand":[],"product_cat":[7132,7164,7166],"product_tag":[],"class_list":{"0":"post-36989","1":"product","2":"type-product","3":"status-publish","4":"has-post-thumbnail","6":"product_cat-books","7":"product_cat-juvenile-and-teen-comics-humour-en","8":"product_cat-teen-en","9":"pa_auteur-blei-joel-en","10":"pa_editeur-ieo-dolt-en","11":"pa_langue-occitan-en","12":"pa_langue-occitan-lengadocian-en","13":"entry","15":"first","16":"instock","17":"shipping-taxable","18":"purchasable","19":"product-type-simple"},"acf":[],"_links":{"self":[{"href":"https:\/\/www.libraria-occitana.org\/en\/wp-json\/wp\/v2\/product\/36989","targetHints":{"allow":["GET"]}}],"collection":[{"href":"https:\/\/www.libraria-occitana.org\/en\/wp-json\/wp\/v2\/product"}],"about":[{"href":"https:\/\/www.libraria-occitana.org\/en\/wp-json\/wp\/v2\/types\/product"}],"wp:featuredmedia":[{"embeddable":true,"href":"https:\/\/www.libraria-occitana.org\/en\/wp-json\/wp\/v2\/media\/37078"}],"wp:attachment":[{"href":"https:\/\/www.libraria-occitana.org\/en\/wp-json\/wp\/v2\/media?parent=36989"}],"wp:term":[{"taxonomy":"product_brand","embeddable":true,"href":"https:\/\/www.libraria-occitana.org\/en\/wp-json\/wp\/v2\/product_brand?post=36989"},{"taxonomy":"product_cat","embeddable":true,"href":"https:\/\/www.libraria-occitana.org\/en\/wp-json\/wp\/v2\/product_cat?post=36989"},{"taxonomy":"product_tag","embeddable":true,"href":"https:\/\/www.libraria-occitana.org\/en\/wp-json\/wp\/v2\/product_tag?post=36989"}],"curies":[{"name":"wp","href":"https:\/\/api.w.org\/{rel}","templated":true}]}}