{"id":37673,"date":"2016-05-11T12:22:17","date_gmt":"2016-05-11T10:22:17","guid":{"rendered":"http:\/\/www.libraria-occitana.org\/produit\/regards-photographies-des-musiciens-dauvergne-et-du-massif-central-1860-1960\/"},"modified":"2026-04-27T01:16:45","modified_gmt":"2026-04-26T23:16:45","slug":"regards-photographies-des-musiciens-dauvergne-et-du-massif-central-1860-1960","status":"publish","type":"product","link":"https:\/\/www.libraria-occitana.org\/en\/product\/regards-photographies-des-musiciens-dauvergne-et-du-massif-central-1860-1960\/","title":{"rendered":"Regards : Photographies des musiciens d&#8217;Auvergne et du Massif Central 1860-1960"},"content":{"rendered":"<p>Raconter et transmettre l\u2019histoire des Musiques Traditionnelles d\u2019Auvergne et du Sud du Massif Central est un exercice complexe. Andr\u00e9 Ricros et \u00c9ric Montbel ont relev\u00e9 ce d\u00e9fi en donnant la parole aux acteurs \u00e0 travers les photographies qui ont fix\u00e9 leurs r\u00e9alit\u00e9s d\u2019alors.<br \/>\nCes clich\u00e9s sont nombreux. Ils nous parviennent du d\u00e9but de la photographie gr\u00e2ce \u00e0 des pionniers, des passionn\u00e9s qui aujourd\u2019hui nous offrent des documents illustrant ce que pouvait \u00eatre la vie de ces artistes et le r\u00f4le qui \u00e9tait le leur dans la soci\u00e9t\u00e9.<\/p>\n<p>De la photographie, familiale, intime, aux clich\u00e9s d\u2019\u00e9v\u00e9nements publics tels les conscrits, les mariages et toutes occasions de f\u00eates, les musiciens sont toujours sur le devant de la sc\u00e8ne, faisant du lien et donnant du sens aux \u00e9v\u00e9nements auxquels ils participaient.<\/p>\n<p>Cet ouvrage parcourt un si\u00e8cle de photographies de musiciens de 1860 \u00e0 1960. Une aventure humaine, entre fantastique et r\u00e9el, qui appara\u00eet avec toute son \u00e9nergie, sa chaleur et sa sensibilit\u00e9, rendant ainsi \u00e0 chacun la place particuli\u00e8re qu\u2019il occupait.<br \/>\nUn livre \u00e0 d\u00e9guster image apr\u00e8s image pour qu\u2019il remplisse vos yeux, vos m\u00e9moires et vos r\u00eaves.<\/p>\n<p><a href=\"http:\/\/www.libraria-occitana.org\/produit\/regards-tome-2-photographies-des-musiciens-dauvergne-et-du-massif-central-1936-2016\/\"><em>Regards Tome 2 : Photographies des musiciens d\u2019Auvergne et du Massif Central 1936-2016<\/em><\/a><\/p>\n","protected":false},"excerpt":{"rendered":"<p>Raconter et transmettre l\u2019histoire des Musiques Traditionnelles d\u2019Auvergne et du Sud du Massif Central est un exercice complexe. Andr\u00e9 Ricros et \u00c9ric Montbel ont relev\u00e9 ce d\u00e9fi en donnant la parole aux acteurs \u00e0 travers les photographies qui ont fix\u00e9 leurs r\u00e9alit\u00e9s d\u2019alors. Ces clich\u00e9s sont nombreux. Ils nous parviennent du d\u00e9but de la photographie [&hellip;]<\/p>\n","protected":false},"featured_media":37658,"template":"","meta":{"_acf_changed":false,"_genesis_hide_title":false,"_genesis_hide_breadcrumbs":false,"_genesis_hide_singular_image":false,"_genesis_hide_footer_widgets":false,"_genesis_custom_body_class":"","_genesis_custom_post_class":"","_genesis_layout":""},"product_brand":[],"product_cat":[7132,7194,7190],"product_tag":[],"class_list":{"0":"post-37673","1":"product","2":"type-product","3":"status-publish","4":"has-post-thumbnail","6":"product_cat-books","7":"product_cat-studies-en","8":"product_cat-music-dances-en","9":"pa_auteur-montbel-eric-en","10":"pa_auteur-ricros-andre-en","11":"pa_editeur-editions-de-la-flandonniere-en","12":"pa_langue-francais-en","13":"entry","15":"first","16":"instock","17":"shipping-taxable","18":"purchasable","19":"product-type-simple"},"acf":[],"_links":{"self":[{"href":"https:\/\/www.libraria-occitana.org\/en\/wp-json\/wp\/v2\/product\/37673","targetHints":{"allow":["GET"]}}],"collection":[{"href":"https:\/\/www.libraria-occitana.org\/en\/wp-json\/wp\/v2\/product"}],"about":[{"href":"https:\/\/www.libraria-occitana.org\/en\/wp-json\/wp\/v2\/types\/product"}],"wp:featuredmedia":[{"embeddable":true,"href":"https:\/\/www.libraria-occitana.org\/en\/wp-json\/wp\/v2\/media\/37658"}],"wp:attachment":[{"href":"https:\/\/www.libraria-occitana.org\/en\/wp-json\/wp\/v2\/media?parent=37673"}],"wp:term":[{"taxonomy":"product_brand","embeddable":true,"href":"https:\/\/www.libraria-occitana.org\/en\/wp-json\/wp\/v2\/product_brand?post=37673"},{"taxonomy":"product_cat","embeddable":true,"href":"https:\/\/www.libraria-occitana.org\/en\/wp-json\/wp\/v2\/product_cat?post=37673"},{"taxonomy":"product_tag","embeddable":true,"href":"https:\/\/www.libraria-occitana.org\/en\/wp-json\/wp\/v2\/product_tag?post=37673"}],"curies":[{"name":"wp","href":"https:\/\/api.w.org\/{rel}","templated":true}]}}