{"id":37676,"date":"2017-10-11T12:32:05","date_gmt":"2017-10-11T10:32:05","guid":{"rendered":"http:\/\/www.libraria-occitana.org\/?post_type=product&#038;p=37676"},"modified":"2026-04-29T01:16:21","modified_gmt":"2026-04-28T23:16:21","slug":"regards-tome-2-photographies-des-musiciens-dauvergne-et-du-massif-central-1936-2016","status":"publish","type":"product","link":"https:\/\/www.libraria-occitana.org\/en\/product\/regards-tome-2-photographies-des-musiciens-dauvergne-et-du-massif-central-1936-2016\/","title":{"rendered":"Regards Tome 2 : Photographies des musiciens d\u2019Auvergne et du Massif Central 1936-2016"},"content":{"rendered":"<p>Dans ce second tome de l\u2019Histoire des musiques traditionnelles d\u2019Auvergne et du Massif Central, les auteurs retracent, \u00e0 partir de documents photos originaux, l\u2019aventure de ce mouvement musical depuis 1936 et le Front populaire, jusqu\u2019\u00e0 notre p\u00e9riode contemporaine. Se succ\u00e8dent l\u2019invention des groupes folkloriques, la triste p\u00e9riode du r\u00e9gime de Vichy qui porta un int\u00e9r\u00eat particulier \u00e0 ces musiques dans une perspective nationaliste, l\u2019internationalisme et les forces de gauche qui s\u2019approprient les musiques populaires apr\u00e8s la guerre de 39-45, tandis que les derniers musiciens de tradition pratiquent encore leur art, souvent en solitaires, parfois emport\u00e9s par la mode du n\u00e9o-folklore r\u00e9gionaliste des ann\u00e9es 1960\u2026 S\u00e9gurel, Vaissade sont alors les ma\u00eetres du jeu, et l\u2019Auvergne qui chante accompagne chaque Tour de France.<\/p>\n<p>Dans les ann\u00e9es 1970, voici le folk : un grand mouvement cr\u00e9atif traverse la France, d\u2019Occitanie jusqu\u2019en Bretagne, passant par l\u2019Auvergne. La recherche se sp\u00e9cialise, l\u2019ethnomusicologie de la France s\u2019enrichit d\u2019innombrables collectes aupr\u00e8s des derniers Musiciens Routiniers. L\u2019Agence des Musiques Traditionnelles d\u2019Auvergne est cr\u00e9\u00e9e \u00e0 Riom\u2026 Naissent alors de nombreux groupes amateurs et professionnels, qui sont aujourd\u2019hui \u00e0 l\u2019avant-garde de la vitalit\u00e9 et de la cr\u00e9ation des musiques traditionnelles d\u2019Auvergne et du Massif Central.<\/p>\n<p><a href=\"http:\/\/www.libraria-occitana.org\/produit\/regards-photographies-des-musiciens-dauvergne-et-du-massif-central-1860-1960\/\"><em>Regards : Photographies des musiciens d\u2019Auvergne et du Massif Central 1860-1960<\/em><\/a><\/p>\n","protected":false},"excerpt":{"rendered":"<p>Dans ce second tome de l\u2019Histoire des musiques traditionnelles d\u2019Auvergne et du Massif Central, les auteurs retracent, \u00e0 partir de documents photos originaux, l\u2019aventure de ce mouvement musical depuis 1936 et le Front populaire, jusqu\u2019\u00e0 notre p\u00e9riode contemporaine. Se succ\u00e8dent l\u2019invention des groupes folkloriques, la triste p\u00e9riode du r\u00e9gime de Vichy qui porta un int\u00e9r\u00eat [&hellip;]<\/p>\n","protected":false},"featured_media":37671,"template":"","meta":{"_acf_changed":false,"_genesis_hide_title":false,"_genesis_hide_breadcrumbs":false,"_genesis_hide_singular_image":false,"_genesis_hide_footer_widgets":false,"_genesis_custom_body_class":"","_genesis_custom_post_class":"","_genesis_layout":""},"product_brand":[],"product_cat":[7132,7194,7190],"product_tag":[],"class_list":{"0":"post-37676","1":"product","2":"type-product","3":"status-publish","4":"has-post-thumbnail","6":"product_cat-books","7":"product_cat-studies-en","8":"product_cat-music-dances-en","9":"pa_auteur-montbel-eric-en","10":"pa_auteur-ricros-andre-en","11":"pa_editeur-editions-de-la-flandonniere-en","12":"pa_langue-francais-en","13":"entry","15":"first","16":"outofstock","17":"shipping-taxable","18":"purchasable","19":"product-type-simple"},"acf":[],"_links":{"self":[{"href":"https:\/\/www.libraria-occitana.org\/en\/wp-json\/wp\/v2\/product\/37676","targetHints":{"allow":["GET"]}}],"collection":[{"href":"https:\/\/www.libraria-occitana.org\/en\/wp-json\/wp\/v2\/product"}],"about":[{"href":"https:\/\/www.libraria-occitana.org\/en\/wp-json\/wp\/v2\/types\/product"}],"wp:featuredmedia":[{"embeddable":true,"href":"https:\/\/www.libraria-occitana.org\/en\/wp-json\/wp\/v2\/media\/37671"}],"wp:attachment":[{"href":"https:\/\/www.libraria-occitana.org\/en\/wp-json\/wp\/v2\/media?parent=37676"}],"wp:term":[{"taxonomy":"product_brand","embeddable":true,"href":"https:\/\/www.libraria-occitana.org\/en\/wp-json\/wp\/v2\/product_brand?post=37676"},{"taxonomy":"product_cat","embeddable":true,"href":"https:\/\/www.libraria-occitana.org\/en\/wp-json\/wp\/v2\/product_cat?post=37676"},{"taxonomy":"product_tag","embeddable":true,"href":"https:\/\/www.libraria-occitana.org\/en\/wp-json\/wp\/v2\/product_tag?post=37676"}],"curies":[{"name":"wp","href":"https:\/\/api.w.org\/{rel}","templated":true}]}}