{"id":38228,"date":"2018-03-13T09:14:08","date_gmt":"2018-03-13T08:14:08","guid":{"rendered":"http:\/\/www.libraria-occitana.org\/product\/bestium-ideiard-bestiaire-fantasque-heraldica-lemovicensis-blasons-limousins\/"},"modified":"2026-04-29T11:02:22","modified_gmt":"2026-04-29T09:02:22","slug":"bestium-ideiard-bestiaire-fantasque-heraldica-lemovicensis-blasons-limousins","status":"publish","type":"product","link":"https:\/\/www.libraria-occitana.org\/en\/product\/bestium-ideiard-bestiaire-fantasque-heraldica-lemovicensis-blasons-limousins\/","title":{"rendered":"Bestium ideiard &#8211; Bestiaire fantasque \/ Heraldica lemovicensis &#8211; Blasons limousins"},"content":{"rendered":"<p>En occitan avec traduction fran\u00e7aise.\u00a0Dessins de Jan-Marc Simeonin.<\/p>\n<p>Deux livres en un, les animaux d\u2019un c\u00f4t\u00e9, les bourgs et villes du pays de l\u2019autre, tous croqu\u00e9s en un quatrain. La fac\u00e9tie le dispute \u00e0 l\u2019incongru, l\u2019humour \u00e0 l\u2019ironie. Les naturalistes s\u00e9rieux et autres habitants susceptibles se porteront sur d\u2019autres lectures.<\/p>\n","protected":false},"excerpt":{"rendered":"<p>En occitan avec traduction fran\u00e7aise.\u00a0Dessins de Jan-Marc Simeonin. Deux livres en un, les animaux d\u2019un c\u00f4t\u00e9, les bourgs et villes du pays de l\u2019autre, tous croqu\u00e9s en un quatrain. La fac\u00e9tie le dispute \u00e0 l\u2019incongru, l\u2019humour \u00e0 l\u2019ironie. Les naturalistes s\u00e9rieux et autres habitants susceptibles se porteront sur d\u2019autres lectures.<\/p>\n","protected":false},"featured_media":38226,"template":"","meta":{"_acf_changed":false,"_genesis_hide_title":false,"_genesis_hide_breadcrumbs":false,"_genesis_hide_singular_image":false,"_genesis_hide_footer_widgets":false,"_genesis_custom_body_class":"","_genesis_custom_post_class":"","_genesis_layout":""},"product_brand":[],"product_cat":[7132,7174,7180],"product_tag":[],"class_list":{"0":"post-38228","1":"product","2":"type-product","3":"status-publish","4":"has-post-thumbnail","6":"product_cat-books","7":"product_cat-literature-en","8":"product_cat-poetry-en","9":"pa_auteur-melhau-jan-dau-fr-en","10":"pa_editeur-lo-chamin-de-sent-jaume-en","11":"pa_illustrateur-simeonin-jan-marc-en","12":"pa_langue-occitan-lemosin-en","13":"pa_langue-occitan-francais-en","14":"entry","16":"first","17":"instock","18":"shipping-taxable","19":"purchasable","20":"product-type-simple"},"acf":[],"_links":{"self":[{"href":"https:\/\/www.libraria-occitana.org\/en\/wp-json\/wp\/v2\/product\/38228","targetHints":{"allow":["GET"]}}],"collection":[{"href":"https:\/\/www.libraria-occitana.org\/en\/wp-json\/wp\/v2\/product"}],"about":[{"href":"https:\/\/www.libraria-occitana.org\/en\/wp-json\/wp\/v2\/types\/product"}],"wp:featuredmedia":[{"embeddable":true,"href":"https:\/\/www.libraria-occitana.org\/en\/wp-json\/wp\/v2\/media\/38226"}],"wp:attachment":[{"href":"https:\/\/www.libraria-occitana.org\/en\/wp-json\/wp\/v2\/media?parent=38228"}],"wp:term":[{"taxonomy":"product_brand","embeddable":true,"href":"https:\/\/www.libraria-occitana.org\/en\/wp-json\/wp\/v2\/product_brand?post=38228"},{"taxonomy":"product_cat","embeddable":true,"href":"https:\/\/www.libraria-occitana.org\/en\/wp-json\/wp\/v2\/product_cat?post=38228"},{"taxonomy":"product_tag","embeddable":true,"href":"https:\/\/www.libraria-occitana.org\/en\/wp-json\/wp\/v2\/product_tag?post=38228"}],"curies":[{"name":"wp","href":"https:\/\/api.w.org\/{rel}","templated":true}]}}