{"id":38723,"date":"2016-05-27T10:18:10","date_gmt":"2016-05-27T08:18:10","guid":{"rendered":"http:\/\/www.libraria-occitana.org\/product\/lo-son-daquela-votz-leon-cordes-poeta-paisan-poemas-meses-en-musica\/"},"modified":"2026-04-29T02:21:50","modified_gmt":"2026-04-29T00:21:50","slug":"lo-son-daquela-votz-leon-cordes-poeta-paisan-poemas-meses-en-musica","status":"publish","type":"product","link":"https:\/\/www.libraria-occitana.org\/en\/product\/lo-son-daquela-votz-leon-cordes-poeta-paisan-poemas-meses-en-musica\/","title":{"rendered":"Lo son d&#8217;aquela votz : L\u00e9on Cordes &#8211; Po\u00e8ta paisan \/ Po\u00e8mas meses en musica"},"content":{"rendered":"<p>Adaptation musicale par diff\u00e9rents artistes de po\u00e8mes extraits de <a href=\"http:\/\/www.libraria-occitana.org\/produit\/obra-poetica-loeuvre-poetique\/\"><em>\u00d2bra Poetica<\/em><\/a> (Centre International de Documentation Occitane, 1997), qui regroupe une grande partie de l\u2019\u0153uvre de L\u00e9on Cordes.<\/p>\n<p>L\u00e9on Cordes (1913-1987), po\u00e8te et vigneron du Minervois, s&#8217;illustra non seulement par une \u0153uvre litt\u00e9raire consid\u00e9rable (recueils po\u00e9tiques, pi\u00e8ces de th\u00e9\u00e2tre, romans et nouvelles, essais, sc\u00e9narios ou encore bandes dessin\u00e9es), mais \u00e9galement par son engagement f\u00e9ru pour la transmission de l&#8217;occitan en tant que langue vive.<\/p>\n<p><strong>Titres :<\/strong><br \/>\n1. Can\u00e7on de L&#8217;Ametli\u00e8r \/ La Mal Coiff\u00e9e 4&#8217;11<br \/>\n2. Los Tax\u00eds de Barcelona \/ Grail&#8217;\u00d2li 5&#8217;24<br \/>\n3. Pl\u00f2u d&#8217;Estelas \/ Magali Cordes 0&#8217;21<br \/>\n4. Mas Mans \/ Asu\u00e8lh 3&#8217;19<br \/>\n5. Lo Darri\u00e8r Crostet \/ Urban Bal\u00e8ti 3&#8217;26<br \/>\n6. Maquinas de Vendemiar \/ Laurent Cavali\u00e9 3&#8217;14<br \/>\n7. Romanin \/ Mauresca 2&#8217;41<br \/>\n8. J\u00f2ia, la Meuna J\u00f2ia \/ Michel D\u00e9cors 1&#8217;24<br \/>\n9. Mairana \/ Marianne Evezard 3&#8217;45<br \/>\n10. Los Lops \/ Du Bartas 3&#8217;53<br \/>\n11. Lo Boi\u00e8r \/ Jean-Marie Petit 1&#8217;47<br \/>\n12. Fial de Fum \/ Touristar 4&#8217;17<br \/>\n13. Veir\u00e0s, Te Menarai \/ Michel D\u00e9cors 0&#8217;49<br \/>\n14. Lo S\u00f2mi \/ Hum 6&#8217;43<br \/>\n15. E Tango, Tango \/ Lo Barrut 7&#8217;07<\/p>\n","protected":false},"excerpt":{"rendered":"<p>Adaptation musicale par diff\u00e9rents artistes de po\u00e8mes extraits de \u00d2bra Poetica (Centre International de Documentation Occitane, 1997), qui regroupe une grande partie de l\u2019\u0153uvre de L\u00e9on Cordes. L\u00e9on Cordes (1913-1987), po\u00e8te et vigneron du Minervois, s&#8217;illustra non seulement par une \u0153uvre litt\u00e9raire consid\u00e9rable (recueils po\u00e9tiques, pi\u00e8ces de th\u00e9\u00e2tre, romans et nouvelles, essais, sc\u00e9narios ou encore [&hellip;]<\/p>\n","protected":false},"featured_media":38724,"template":"","meta":{"_acf_changed":false,"_genesis_hide_title":false,"_genesis_hide_breadcrumbs":false,"_genesis_hide_singular_image":false,"_genesis_hide_footer_widgets":false,"_genesis_custom_body_class":"","_genesis_custom_post_class":"","_genesis_layout":""},"product_brand":[],"product_cat":[7224,7216],"product_tag":[],"class_list":{"0":"post-38723","1":"product","2":"type-product","3":"status-publish","4":"has-post-thumbnail","6":"product_cat-litterature-musique-en","7":"product_cat-music-en","8":"pa_auteur-collectiu-en-2","9":"pa_editeur-collectiu-cop-sec-en","10":"pa_langue-occitan-en","11":"pa_langue-occitan-lengadocian-en","12":"entry","14":"first","15":"outofstock","16":"shipping-taxable","17":"purchasable","18":"product-type-simple"},"acf":[],"_links":{"self":[{"href":"https:\/\/www.libraria-occitana.org\/en\/wp-json\/wp\/v2\/product\/38723","targetHints":{"allow":["GET"]}}],"collection":[{"href":"https:\/\/www.libraria-occitana.org\/en\/wp-json\/wp\/v2\/product"}],"about":[{"href":"https:\/\/www.libraria-occitana.org\/en\/wp-json\/wp\/v2\/types\/product"}],"wp:featuredmedia":[{"embeddable":true,"href":"https:\/\/www.libraria-occitana.org\/en\/wp-json\/wp\/v2\/media\/38724"}],"wp:attachment":[{"href":"https:\/\/www.libraria-occitana.org\/en\/wp-json\/wp\/v2\/media?parent=38723"}],"wp:term":[{"taxonomy":"product_brand","embeddable":true,"href":"https:\/\/www.libraria-occitana.org\/en\/wp-json\/wp\/v2\/product_brand?post=38723"},{"taxonomy":"product_cat","embeddable":true,"href":"https:\/\/www.libraria-occitana.org\/en\/wp-json\/wp\/v2\/product_cat?post=38723"},{"taxonomy":"product_tag","embeddable":true,"href":"https:\/\/www.libraria-occitana.org\/en\/wp-json\/wp\/v2\/product_tag?post=38723"}],"curies":[{"name":"wp","href":"https:\/\/api.w.org\/{rel}","templated":true}]}}