{"id":42572,"date":"2018-06-03T15:38:09","date_gmt":"2018-06-03T13:38:09","guid":{"rendered":"http:\/\/www.libraria-occitana.org\/product\/patrimoine-geologique-du-limousin-de-la-roche-au-paysage\/"},"modified":"2026-04-25T22:36:38","modified_gmt":"2026-04-25T20:36:38","slug":"patrimoine-geologique-du-limousin-de-la-roche-au-paysage","status":"publish","type":"product","link":"https:\/\/www.libraria-occitana.org\/en\/product\/patrimoine-geologique-du-limousin-de-la-roche-au-paysage\/","title":{"rendered":"Patrimoine g\u00e9ologique du Limousin : De la roche au paysage"},"content":{"rendered":"<p>Les paysages qui nous entourent ont \u00e9t\u00e9 forg\u00e9s au cours des millions d\u2019ann\u00e9es qui nous ont pr\u00e9c\u00e9d\u00e9s par des processus g\u00e9ologiques et climatiques qui ont donn\u00e9 \u00e0 notre r\u00e9gion ses caract\u00e9ristiques propres. En Limousin comme ailleurs, les roches sont pr\u00e9sentes \u00e0 quelques m\u00e8tres sous nos pieds et m\u00eame si la v\u00e9g\u00e9tation, les constructions ou les am\u00e9nagements nous les cachent fr\u00e9quemment, notre environnement naturel et nombre de nos besoins d\u00e9pendent ou interagissent avec les mat\u00e9riaux g\u00e9ologiques (roches, sols, eaux souterraines&#8230;).<\/p>\n<p>Les auteurs, enseignants de g\u00e9ologie \u00e0 l\u2019Universit\u00e9 de Limoges, ont pour ambition d\u2019expliquer et de faire d\u00e9couvrir aux lecteurs les sp\u00e9cificit\u00e9s du sous-sol limousin \u00e0 travers une s\u00e9lection de soixante sites repr\u00e9sentatifs.<\/p>\n<p><strong>Somari :<\/strong><br \/>\n&#8211; Avant-propos<br \/>\n&#8211; Pr\u00e9face<br \/>\n&#8211; Pourquoi ce livre ?<br \/>\n&#8211; Le Limousin et sa place dans la g\u00e9ologie de l\u2019Europe<br \/>\n&#8211; Pourquoi \u00e9tudier la g\u00e9ologie du Limousin ?<br \/>\n&#8211; Pour mieux comprendre, petits rappels de g\u00e9ologie<br \/>\n&#8211; Histoire g\u00e9ologique du Limousin<br \/>\n&#8211; Visiter les sites g\u00e9ologiques remarquables en Limousin<\/p>\n","protected":false},"excerpt":{"rendered":"<p>Les paysages qui nous entourent ont \u00e9t\u00e9 forg\u00e9s au cours des millions d\u2019ann\u00e9es qui nous ont pr\u00e9c\u00e9d\u00e9s par des processus g\u00e9ologiques et climatiques qui ont donn\u00e9 \u00e0 notre r\u00e9gion ses caract\u00e9ristiques propres. En Limousin comme ailleurs, les roches sont pr\u00e9sentes \u00e0 quelques m\u00e8tres sous nos pieds et m\u00eame si la v\u00e9g\u00e9tation, les constructions ou les [&hellip;]<\/p>\n","protected":false},"featured_media":42570,"template":"","meta":{"_acf_changed":false,"_genesis_hide_title":false,"_genesis_hide_breadcrumbs":false,"_genesis_hide_singular_image":false,"_genesis_hide_footer_widgets":false,"_genesis_custom_body_class":"","_genesis_custom_post_class":"","_genesis_layout":""},"product_brand":[],"product_cat":[7132,7152,7148],"product_tag":[],"class_list":{"0":"post-42572","1":"product","2":"type-product","3":"status-publish","4":"has-post-thumbnail","6":"product_cat-books","7":"product_cat-geography-en","8":"product_cat-history-geography-en","9":"pa_auteur-bril-hubert-en","10":"pa_auteur-floch-jean-pierre-en","11":"pa_editeur-pu-limoges-en","12":"pa_langue-francais-en","13":"entry","15":"first","16":"instock","17":"shipping-taxable","18":"purchasable","19":"product-type-simple"},"acf":[],"_links":{"self":[{"href":"https:\/\/www.libraria-occitana.org\/en\/wp-json\/wp\/v2\/product\/42572","targetHints":{"allow":["GET"]}}],"collection":[{"href":"https:\/\/www.libraria-occitana.org\/en\/wp-json\/wp\/v2\/product"}],"about":[{"href":"https:\/\/www.libraria-occitana.org\/en\/wp-json\/wp\/v2\/types\/product"}],"wp:featuredmedia":[{"embeddable":true,"href":"https:\/\/www.libraria-occitana.org\/en\/wp-json\/wp\/v2\/media\/42570"}],"wp:attachment":[{"href":"https:\/\/www.libraria-occitana.org\/en\/wp-json\/wp\/v2\/media?parent=42572"}],"wp:term":[{"taxonomy":"product_brand","embeddable":true,"href":"https:\/\/www.libraria-occitana.org\/en\/wp-json\/wp\/v2\/product_brand?post=42572"},{"taxonomy":"product_cat","embeddable":true,"href":"https:\/\/www.libraria-occitana.org\/en\/wp-json\/wp\/v2\/product_cat?post=42572"},{"taxonomy":"product_tag","embeddable":true,"href":"https:\/\/www.libraria-occitana.org\/en\/wp-json\/wp\/v2\/product_tag?post=42572"}],"curies":[{"name":"wp","href":"https:\/\/api.w.org\/{rel}","templated":true}]}}