{"id":43733,"date":"2015-06-19T14:46:17","date_gmt":"2015-06-19T12:46:17","guid":{"rendered":"http:\/\/www.libraria-occitana.org\/?post_type=product&#038;p=43733"},"modified":"2025-03-09T00:56:05","modified_gmt":"2025-03-08T23:56:05","slug":"la-guerre-cest-ca","status":"publish","type":"product","link":"https:\/\/www.libraria-occitana.org\/en\/product\/la-guerre-cest-ca\/","title":{"rendered":"La guerre ? C\u2019est \u00e7a !&#8230;"},"content":{"rendered":"<p>Louis Hobey (1892-1960), instituteur appel\u00e9 au service militaire fin 1913, est tr\u00e8s vite happ\u00e9 par la Grande boucherie. Il est au front en mai 1915, conna\u00eet dans les tranch\u00e9es toutes les horreurs possibles. Son livre n\u2019est pas un roman\u00a0; il retrace fid\u00e8lement son parcours et est donc celui d\u2019un vrai t\u00e9moin de la guerre en m\u00eame temps que l\u2019autobiographie de ses plus noires ann\u00e9es. Il connut les tranch\u00e9es de l\u2019Argonne et de la Somme, de l\u2019Aisne, Juvincourt, Craonne, etc. Caporal en 1916, sergent en 1918, il a \u00e9t\u00e9 cass\u00e9 de ce grade en 1933, suite \u00e0 un article qu\u2019il aurait publi\u00e9 contre la guerre. Fait prisonnier lors de la retraite d\u00e9sastreuse de juillet 1918, rentr\u00e9 en France en janvier 1919, \u00e0 pr\u00e8s de 27 ans, il sera pass\u00e9 par divers camps de prisonniers. Le sort de ceux-ci, g\u00e9n\u00e9ralement peu d\u00e9crit dans les livres de guerre de m\u00eame que la d\u00e9tresse des \u00ab\u00a0gueules cass\u00e9es\u00a0\u00bb, \u00e0 qui il consacre des pages tr\u00e8s dures \u00e0 travers l\u2019\u00e9vocation du destin bris\u00e9 de son meilleur ami, sont deux aspects originaux, parmi d\u2019autres, de son t\u00e9moignage.<\/p>\n<p>Hobey retrouve ensuite le foyer familial et un poste d&#8217;instituteur. En 1932, il est directeur d&#8217;une \u00e9cole \u00e0 deux classes. Entour\u00e9 d&#8217;autres militants, il applique dans son enseignement les m\u00e9thodes Freinet. Il est parall\u00e8lement tr\u00e9sorier du Syndicat des Membres de l&#8217;Enseignement La\u00efc de Seine-Inf\u00e9rieure et c&#8217;est dans la lutte syndicale, la propagande pacifiste et antifasciste que se d\u00e9rouleront pour lui les ann\u00e9es de l&#8217;entre-deux-guerres. Mobilis\u00e9 un court temps en 1939-1940, il se retirera dans le midi o\u00f9 il vivra ses derni\u00e8res ann\u00e9es entre le Gard et la Dr\u00f4me.<\/p>\n","protected":false},"excerpt":{"rendered":"<p>Louis Hobey (1892-1960), instituteur appel\u00e9 au service militaire fin 1913, est tr\u00e8s vite happ\u00e9 par la Grande boucherie. Il est au front en mai 1915, conna\u00eet dans les tranch\u00e9es toutes les horreurs possibles. Son livre n\u2019est pas un roman\u00a0; il retrace fid\u00e8lement son parcours et est donc celui d\u2019un vrai t\u00e9moin de la guerre en [&hellip;]<\/p>\n","protected":false},"featured_media":43728,"template":"","meta":{"_acf_changed":false,"_genesis_hide_title":false,"_genesis_hide_breadcrumbs":false,"_genesis_hide_singular_image":false,"_genesis_hide_footer_widgets":false,"_genesis_custom_body_class":"","_genesis_custom_post_class":"","_genesis_layout":""},"product_brand":[],"product_cat":[7132,7174,7186],"product_tag":[],"class_list":{"0":"post-43733","1":"product","2":"type-product","3":"status-publish","4":"has-post-thumbnail","6":"product_cat-books","7":"product_cat-literature-en","8":"product_cat-personal-narratives-memoirs-en","9":"pa_auteur-hobey-louis-en","10":"pa_editeur-plein-chant-en","11":"pa_langue-francais-en","12":"entry","14":"first","15":"outofstock","16":"shipping-taxable","17":"purchasable","18":"product-type-simple"},"acf":[],"_links":{"self":[{"href":"https:\/\/www.libraria-occitana.org\/en\/wp-json\/wp\/v2\/product\/43733","targetHints":{"allow":["GET"]}}],"collection":[{"href":"https:\/\/www.libraria-occitana.org\/en\/wp-json\/wp\/v2\/product"}],"about":[{"href":"https:\/\/www.libraria-occitana.org\/en\/wp-json\/wp\/v2\/types\/product"}],"wp:featuredmedia":[{"embeddable":true,"href":"https:\/\/www.libraria-occitana.org\/en\/wp-json\/wp\/v2\/media\/43728"}],"wp:attachment":[{"href":"https:\/\/www.libraria-occitana.org\/en\/wp-json\/wp\/v2\/media?parent=43733"}],"wp:term":[{"taxonomy":"product_brand","embeddable":true,"href":"https:\/\/www.libraria-occitana.org\/en\/wp-json\/wp\/v2\/product_brand?post=43733"},{"taxonomy":"product_cat","embeddable":true,"href":"https:\/\/www.libraria-occitana.org\/en\/wp-json\/wp\/v2\/product_cat?post=43733"},{"taxonomy":"product_tag","embeddable":true,"href":"https:\/\/www.libraria-occitana.org\/en\/wp-json\/wp\/v2\/product_tag?post=43733"}],"curies":[{"name":"wp","href":"https:\/\/api.w.org\/{rel}","templated":true}]}}