{"id":43930,"date":"2018-12-20T14:12:45","date_gmt":"2018-12-20T13:12:45","guid":{"rendered":"http:\/\/www.libraria-occitana.org\/?post_type=product&#038;p=43930"},"modified":"2026-04-29T02:37:03","modified_gmt":"2026-04-29T00:37:03","slug":"la-capforcha-chants-e-musicas-en-lemosin-la-croisee-des-chemins-chants-et-musiques-en-limousin","status":"publish","type":"product","link":"https:\/\/www.libraria-occitana.org\/en\/product\/la-capforcha-chants-e-musicas-en-lemosin-la-croisee-des-chemins-chants-et-musiques-en-limousin\/","title":{"rendered":"La capforcha : Chants e musicas en Lemosin &#8211; La crois\u00e9e des chemins : Chants et musiques en Limousin"},"content":{"rendered":"<p>La crois\u00e9e des chemins, c\u2019est symboliquement l\u2019endroit o\u00f9 l\u2019on rencontre l\u2019autre (mais aussi parfois le diable !) C\u2019est le lieu de confrontation des possibles. Sous ce titre, sont rassembl\u00e9s ici, deux CD principalement enregistr\u00e9s durant le mois d\u2019ao\u00fbt 2018 et restitu\u00e9s sans effets superflus de production. Des enregistrements o\u00f9 tradition et cr\u00e9ations contemporaines acoustiques font bon m\u00e9nage, laissant entendre la diversit\u00e9 des voix, des instruments et des formes musicales qui habitent la partie septentrionale de l\u2019Occitanie que l\u2019on nomme le Limousin.<br \/>\nUn peu \u00e0 contre courant de l\u2019air du temps, ces deux disques font la part belle aux pratiques musicales solitaires, aux tonalit\u00e9s mineures et aux interpr\u00e9tations \u00e9pur\u00e9es car nous croyons que c\u2019est par l\u2019\u00e9coute des manifestations de sa m\u00e9lancolie, que l\u2019on saisit le mieux, l\u2019\u00e2me profonde d\u2019un pays.<\/p>\n<p>Avec Jan dau Melhau, Maurice Moncozet, Bernard Combi, Olivier Payrat, Jean-Marc Delaunay, Serge Marot, \u00c0 la Quinte, Alexandra et Sylvain Lacouchie, Nicolas Rouzier, Mireille Verdier, Fran\u00e7oise \u00c9tay, Magal\u00ed Urroz.<\/p>\n<p><strong>Titres :<\/strong><br \/>\n<strong>Disque 1 :<\/strong><br \/>\n1. Bernard Comby et Maurice Moncozet \u2013 La jarba (Texte de Marcelle Delpastre, musique B. Comby \/ M. Moncozet) : voix, rebec, bo\u00eete \u00e0 bourdons<br \/>\n2. Jan dau Melhau \u2013 Quand la pastora &#8211; Bourr\u00e9e \u00e0 5 temps : vielle<br \/>\n3. \u00c0 la quinte \u2013 Avau dins la ribiera (Traditionnel) : cinq voix<br \/>\n4. Olivier Payrat \u2013 L&#8217;arsis et la th\u00e9sis (O. Payrat) : oud<br \/>\n5. Mireille Verdier \u2013 Lo chant daus darriers bargiers (J. dau Melhau) : voix<br \/>\n6. Jean-Marc Delaunay \u2013 Marche de noce (Traditionnel, transmis par L\u00e9on Peyrat) : violon<br \/>\n7. Jan dau Melhau et Fran\u00e7oise \u00c9tay \u2013 Lo chamin de sent Jaume (Traditionnel) : voix, violon, vielle<br \/>\n8. Serge Marot \u2013 Deux regrets &amp; airs \u00e0 danser : Transmis par Louis Jarraud &#8211; Alau dins quau pa\u00eds bas (Transmis par Marcelle Delpastre) &#8211; Mazurka de J.-M. Carlotti &#8211; Bourr\u00e9e, pren tos sotliers Naneta : chabrette \u00e0 bec<br \/>\n9. \u00c0 la quinte \u2013 La filha d&#8217;un paisan (Traditionnel) : cinq voix<br \/>\n10. Magal\u00ed Urroz \u2013 Une valse et deux bourr\u00e9es : Pourquoi sur mon chemin (L\u00e9on Peyrat) &#8211; Ma maire si sabiatz &#8211; Los autres fan l&#8217;amor (Traditionnel) : accord\u00e9on diatonique<br \/>\n11. Bernard Comby \u2013 Delai Paris (Bourr\u00e9e transmise par le P\u00e8re Bugue de St Ybard, Corr\u00e8ze) : voix et claquements de main<br \/>\n12. Olivier Payrat \u2013 M\u00e9tamorphose (O. Payrat) : vielle<br \/>\n13. Jean-Marc Delaunay \u2013 Trois sauti\u00e8res : De Teillet, Dordogne &#8211; La granda velhada (J. dau Melhau) &#8211; De Payzac (Antoine Decomps) : fifre<br \/>\n14. \u00c0 la quinte \u2013 Suite de bourr\u00e9es : De qu\u00e9 ieu t&#8217;ai fach, Margarita ma mia &#8211; Lo verd d&#8217;antan &#8211; N&#8217;ai mas cinc s\u00f2us : cinq voix<br \/>\n15. Alexandra Lacouchie \u2013 Deux airs lents et deux airs rapides : Diu es davalat &#8211; La mort qui r\u00f4de (chants de qu\u00eate de P\u00e2ques) &#8211; Per dan\u00e7ar la polec\u00e0 (polka de L\u00e9on Peyrat) &#8211; Mon papa n&#8217;en veut pas (polka de Michel Meilhac) : violon<\/p>\n<p><strong>Disque 2 :<\/strong><br \/>\n1. Nicolas Rouzier \u2013 La moissonneuse berceuse (Traditionnel &#8211; recueil C\u00e9lor-Pirkin) : chabrette<br \/>\n2. \u00c0 la quinte \u2013 Avau dins las robieras (Traditionnel) : cinq voix<br \/>\n3. Olivier Payrat \u2013 Soliera nota (O. Payrat) : oud<br \/>\n4. Mireille Verdier \u2013 Lo petit \u00f2me (Traditionnel) : voix<br \/>\n5. Serge Marot \u2013 Mazurka (Traditionnel) : accord\u00e9on diatonique<br \/>\n6. Jan dau Melhau \u2013 Bourr\u00e9e (Jan dau Melhau) : vielle<br \/>\n7. Bernard Comby \u2013 Lo marmus (Texte de Paul-Louis Grenier, musique : B. Comby) : harmonium indien<br \/>\n8. Jean-Marc Delaunay \u2013 Deux bourr\u00e9es de Corr\u00e8ze : Ont menaretz &#8211; Bourr\u00e9e \u00e0 Berthout de Gaston Pouget : violon<br \/>\n9. Jan dau Melhau et Fran\u00e7oise \u00c9tay \u2013 Lo darrier jorn de l&#8217;an (chanson de qu\u00eate du nouvel an) (Traditionnel) : voix<br \/>\n10. Serge Marot \u2013 Bourr\u00e9es (Traditionnel) : accord\u00e9on diatonique<br \/>\n11. Jan dau Melhau \u2013 Suite de bourr\u00e9es (Traditionnel) : voix<br \/>\n12. Sylvain Lacouchie \u2013 Marche de noce et scottish (Camillou Gavinet, traditionnel) : chabrette en si b\u00e9mol<br \/>\n13. Germaine Auzem\u00e9ry-Clouteau et Jan dau Melhau \u2013 Dins las robieras d&#8217;a Lissac (Traditionnel) : voix et bourdon<br \/>\n14. Jean-Marc Delaunay \u2013 A la poncha d&#8217;un suqueton (Traditionnel) : fl\u00fbte<br \/>\n15. Bernard Comby \u2013 Neuf v\u00e9rit\u00e9s de ma grand-m\u00e8re (Traditionnel) : voix et moulin \u00e0 musique<\/p>\n<p><strong>Escotar &#8211; \u00c9couter :<\/strong><br \/>\n<a href=\"https:\/\/soundcloud.com\/musicim\/avau-dins-la-ribiera\">\u00c0 la quinte &#8211; Avau dins la ribiera<\/a><br \/>\n<a href=\"https:\/\/soundcloud.com\/musicim\/la-jarba\">Bernard Comby &amp; Maurice Moncozet &#8211; La jarba<\/a><br \/>\n<a href=\"https:\/\/soundcloud.com\/musicim\/bourree\">Jan dau Melhau &#8211; Bourr\u00e9e<\/a><br \/>\n<a href=\"https:\/\/soundcloud.com\/musicim\/la-moissonneuse-berceuse\">Nicolas Rouzier &#8211; La moissonneuse berceuse<\/a><\/p>\n","protected":false},"excerpt":{"rendered":"<p>La crois\u00e9e des chemins, c\u2019est symboliquement l\u2019endroit o\u00f9 l\u2019on rencontre l\u2019autre (mais aussi parfois le diable !) C\u2019est le lieu de confrontation des possibles. Sous ce titre, sont rassembl\u00e9s ici, deux CD principalement enregistr\u00e9s durant le mois d\u2019ao\u00fbt 2018 et restitu\u00e9s sans effets superflus de production. Des enregistrements o\u00f9 tradition et cr\u00e9ations contemporaines acoustiques font [&hellip;]<\/p>\n","protected":false},"featured_media":43927,"template":"","meta":{"_acf_changed":false,"_genesis_hide_title":false,"_genesis_hide_breadcrumbs":false,"_genesis_hide_singular_image":false,"_genesis_hide_footer_widgets":false,"_genesis_custom_body_class":"","_genesis_custom_post_class":"","_genesis_layout":""},"product_brand":[],"product_cat":[7228,7216],"product_tag":[],"class_list":{"0":"post-43930","1":"product","2":"type-product","3":"status-publish","4":"has-post-thumbnail","6":"product_cat-modern-folk-en","7":"product_cat-music-en","8":"pa_auteur-collectiu-en-2","9":"pa_editeur-la-voix-des-sirenes-en","10":"pa_langue-occitan-en","11":"pa_langue-occitan-lemosin-en","12":"entry","14":"first","15":"outofstock","16":"shipping-taxable","17":"purchasable","18":"product-type-simple"},"acf":[],"_links":{"self":[{"href":"https:\/\/www.libraria-occitana.org\/en\/wp-json\/wp\/v2\/product\/43930","targetHints":{"allow":["GET"]}}],"collection":[{"href":"https:\/\/www.libraria-occitana.org\/en\/wp-json\/wp\/v2\/product"}],"about":[{"href":"https:\/\/www.libraria-occitana.org\/en\/wp-json\/wp\/v2\/types\/product"}],"wp:featuredmedia":[{"embeddable":true,"href":"https:\/\/www.libraria-occitana.org\/en\/wp-json\/wp\/v2\/media\/43927"}],"wp:attachment":[{"href":"https:\/\/www.libraria-occitana.org\/en\/wp-json\/wp\/v2\/media?parent=43930"}],"wp:term":[{"taxonomy":"product_brand","embeddable":true,"href":"https:\/\/www.libraria-occitana.org\/en\/wp-json\/wp\/v2\/product_brand?post=43930"},{"taxonomy":"product_cat","embeddable":true,"href":"https:\/\/www.libraria-occitana.org\/en\/wp-json\/wp\/v2\/product_cat?post=43930"},{"taxonomy":"product_tag","embeddable":true,"href":"https:\/\/www.libraria-occitana.org\/en\/wp-json\/wp\/v2\/product_tag?post=43930"}],"curies":[{"name":"wp","href":"https:\/\/api.w.org\/{rel}","templated":true}]}}