{"id":44555,"date":"2018-12-01T17:33:32","date_gmt":"2018-12-01T16:33:32","guid":{"rendered":"http:\/\/www.libraria-occitana.org\/?post_type=product&#038;p=44555"},"modified":"2026-04-28T06:36:41","modified_gmt":"2026-04-28T04:36:41","slug":"moustier-ventadour-le-prieure-leglise-saint-pierre","status":"publish","type":"product","link":"https:\/\/www.libraria-occitana.org\/en\/product\/moustier-ventadour-le-prieure-leglise-saint-pierre\/","title":{"rendered":"Moustier Ventadour : Le prieur\u00e9 &#038; l&#8217;\u00e9glise Saint-Pierre"},"content":{"rendered":"<p>L&#8217;\u00e9glise du Moustier, b\u00e2tie pour un prieur\u00e9 clunisien fond\u00e9 par le vicomte \u00c8bles Ier de Ventadour au XIe si\u00e8cle, garde les empreintes de la vie monastique, les souvenirs de la famille seigneuriale et la m\u00e9moire de la paroisse qui rassembla le peuple alentour.<br \/>\n\u00c9difice de style roman limousin, o\u00f9 l&#8217;on peut suivre pas \u00e0 pas les p\u00e9rip\u00e9ties d&#8217;une longue histoire.<\/p>\n","protected":false},"excerpt":{"rendered":"<p>L&#8217;\u00e9glise du Moustier, b\u00e2tie pour un prieur\u00e9 clunisien fond\u00e9 par le vicomte \u00c8bles Ier de Ventadour au XIe si\u00e8cle, garde les empreintes de la vie monastique, les souvenirs de la famille seigneuriale et la m\u00e9moire de la paroisse qui rassembla le peuple alentour. \u00c9difice de style roman limousin, o\u00f9 l&#8217;on peut suivre pas \u00e0 pas [&hellip;]<\/p>\n","protected":false},"featured_media":45877,"template":"","meta":{"_acf_changed":false,"_genesis_hide_title":false,"_genesis_hide_breadcrumbs":false,"_genesis_hide_singular_image":false,"_genesis_hide_footer_widgets":false,"_genesis_custom_body_class":"","_genesis_custom_post_class":"","_genesis_layout":""},"product_brand":[],"product_cat":[7132,7214,7206],"product_tag":[],"class_list":{"0":"post-44555","1":"product","2":"type-product","3":"status-publish","4":"has-post-thumbnail","6":"product_cat-books","7":"product_cat-built-heritage-en","8":"product_cat-traditions-heritage-en","9":"pa_auteur-goustine-luc-de-fr-en","10":"pa_editeur-carrefour-ventadour-fr-en","11":"pa_editeur-luc-de-goustine-en","12":"pa_langue-francais-en","13":"entry","15":"first","16":"instock","17":"shipping-taxable","18":"purchasable","19":"product-type-simple"},"acf":[],"_links":{"self":[{"href":"https:\/\/www.libraria-occitana.org\/en\/wp-json\/wp\/v2\/product\/44555","targetHints":{"allow":["GET"]}}],"collection":[{"href":"https:\/\/www.libraria-occitana.org\/en\/wp-json\/wp\/v2\/product"}],"about":[{"href":"https:\/\/www.libraria-occitana.org\/en\/wp-json\/wp\/v2\/types\/product"}],"wp:featuredmedia":[{"embeddable":true,"href":"https:\/\/www.libraria-occitana.org\/en\/wp-json\/wp\/v2\/media\/45877"}],"wp:attachment":[{"href":"https:\/\/www.libraria-occitana.org\/en\/wp-json\/wp\/v2\/media?parent=44555"}],"wp:term":[{"taxonomy":"product_brand","embeddable":true,"href":"https:\/\/www.libraria-occitana.org\/en\/wp-json\/wp\/v2\/product_brand?post=44555"},{"taxonomy":"product_cat","embeddable":true,"href":"https:\/\/www.libraria-occitana.org\/en\/wp-json\/wp\/v2\/product_cat?post=44555"},{"taxonomy":"product_tag","embeddable":true,"href":"https:\/\/www.libraria-occitana.org\/en\/wp-json\/wp\/v2\/product_tag?post=44555"}],"curies":[{"name":"wp","href":"https:\/\/api.w.org\/{rel}","templated":true}]}}