{"id":45108,"date":"2019-05-10T11:29:27","date_gmt":"2019-05-10T09:29:27","guid":{"rendered":"http:\/\/www.libraria-occitana.org\/?post_type=product&#038;p=45108"},"modified":"2026-04-29T10:12:53","modified_gmt":"2026-04-29T08:12:53","slug":"discriminations-combattre-la-glottophobie","status":"publish","type":"product","link":"https:\/\/www.libraria-occitana.org\/en\/product\/discriminations-combattre-la-glottophobie\/","title":{"rendered":"Discriminations : combattre la glottophobie"},"content":{"rendered":"<p>Les discriminations fond\u00e9es sur la langue sont largement ignor\u00e9es alors qu\u2019elles sont tr\u00e8s r\u00e9pandues. On m\u00e9prise, on rejette ou on prive de leurs droits \u00e0 l\u2019\u00e9galit\u00e9 des millions de personnes parce qu\u2019elles ne parlent pas la langue des dominants \u00e0 la fa\u00e7on des dominants, par exemple le fran\u00e7ais dans sa vari\u00e9t\u00e9 acad\u00e9mique. Philippe Blanchet a donn\u00e9 un nom \u2013 glottophobie \u2013 \u00e0 ces discriminations linguistiques et a attir\u00e9 l\u2019attention sur leurs cons\u00e9quences aussi profondes que massives. Exemples \u00e0 l\u2019appui, il en montre ici les m\u00e9canismes pour mieux la r\u00e9v\u00e9ler et la combattre.<\/p>\n<p>Cette deuxi\u00e8me \u00e9dition mise \u00e0 jour retrace les \u00e9volutions r\u00e9centes des textes r\u00e9glementaires depuis la parution de la premi\u00e8re \u00e9dition en janvier 2016.<\/p>\n<p><a href=\"https:\/\/www.libraria-occitana.org\/wp-content\/uploads\/2019\/07\/tdm-blanchet4.pdf\">\u2192 Consulter la table des mati\u00e8res<\/a><\/p>\n<p>La suite : <a href=\"http:\/\/www.libraria-occitana.org\/produit\/je-nai-plus-ose-ouvrir-la-bouche\/\"><em>Je n&#8217;ai plus os\u00e9 ouvrir la bouche&#8230;<\/em><\/a>, un recueil de t\u00e9moignages pour donner la parole aux victimes et proposer des moyens de se d\u00e9fendre.<\/p>\n","protected":false},"excerpt":{"rendered":"<p>Les discriminations fond\u00e9es sur la langue sont largement ignor\u00e9es alors qu\u2019elles sont tr\u00e8s r\u00e9pandues. On m\u00e9prise, on rejette ou on prive de leurs droits \u00e0 l\u2019\u00e9galit\u00e9 des millions de personnes parce qu\u2019elles ne parlent pas la langue des dominants \u00e0 la fa\u00e7on des dominants, par exemple le fran\u00e7ais dans sa vari\u00e9t\u00e9 acad\u00e9mique. Philippe Blanchet a [&hellip;]<\/p>\n","protected":false},"featured_media":45111,"template":"","meta":{"_acf_changed":false,"_genesis_hide_title":false,"_genesis_hide_breadcrumbs":false,"_genesis_hide_singular_image":false,"_genesis_hide_footer_widgets":false,"_genesis_custom_body_class":"","_genesis_custom_post_class":"","_genesis_layout":""},"product_brand":[],"product_cat":[7132,7202],"product_tag":[],"class_list":{"0":"post-45108","1":"product","2":"type-product","3":"status-publish","4":"has-post-thumbnail","6":"product_cat-books","7":"product_cat-politics-sociology-current-affairs-en","8":"pa_auteur-blanchet-philippe-en","9":"pa_editeur-lambert-lucas-en","10":"pa_langue-francais-en","11":"entry","13":"first","14":"outofstock","15":"shipping-taxable","16":"purchasable","17":"product-type-simple"},"acf":[],"_links":{"self":[{"href":"https:\/\/www.libraria-occitana.org\/en\/wp-json\/wp\/v2\/product\/45108","targetHints":{"allow":["GET"]}}],"collection":[{"href":"https:\/\/www.libraria-occitana.org\/en\/wp-json\/wp\/v2\/product"}],"about":[{"href":"https:\/\/www.libraria-occitana.org\/en\/wp-json\/wp\/v2\/types\/product"}],"wp:featuredmedia":[{"embeddable":true,"href":"https:\/\/www.libraria-occitana.org\/en\/wp-json\/wp\/v2\/media\/45111"}],"wp:attachment":[{"href":"https:\/\/www.libraria-occitana.org\/en\/wp-json\/wp\/v2\/media?parent=45108"}],"wp:term":[{"taxonomy":"product_brand","embeddable":true,"href":"https:\/\/www.libraria-occitana.org\/en\/wp-json\/wp\/v2\/product_brand?post=45108"},{"taxonomy":"product_cat","embeddable":true,"href":"https:\/\/www.libraria-occitana.org\/en\/wp-json\/wp\/v2\/product_cat?post=45108"},{"taxonomy":"product_tag","embeddable":true,"href":"https:\/\/www.libraria-occitana.org\/en\/wp-json\/wp\/v2\/product_tag?post=45108"}],"curies":[{"name":"wp","href":"https:\/\/api.w.org\/{rel}","templated":true}]}}