{"id":46045,"date":"2019-07-14T13:08:06","date_gmt":"2019-07-14T11:08:06","guid":{"rendered":"http:\/\/www.libraria-occitana.org\/?post_type=product&#038;p=46045"},"modified":"2026-04-29T02:11:47","modified_gmt":"2026-04-29T00:11:47","slug":"le-massacre-des-primeveres","status":"publish","type":"product","link":"https:\/\/www.libraria-occitana.org\/en\/product\/le-massacre-des-primeveres\/","title":{"rendered":"Le Massacre des primev\u00e8res"},"content":{"rendered":"<p><strong>Jean Alambre :<\/strong> Chant, paroles et musiques<br \/>\n<strong>Fr\u00e9d\u00e9ric Valy :<\/strong> Accord\u00e9on<br \/>\n<strong>J\u00e9r\u00e9mie Astor :<\/strong> Contrebasse, violons, guitare \u00e9lectrique, charango<br \/>\n<strong>Pierre Cauty :<\/strong> Batterie, percussions<br \/>\n<strong>Olivier Payrat :<\/strong> Vielle \u00e0 roue<\/p>\n<p>Un album sur lequel on retrouve des chansons de 1976, notamment \u00ab Trop tard \u00bb, \u00ab Les Chevaux de Marly \u00bb, \u00ab Un Printemps \u00bb, \u00ab Atlantis \u00bb, mais qui d\u00e9voile aussi des titres r\u00e9cents et in\u00e9dits, compos\u00e9s et \u00e9crits dans un esprit d\u2019insoumission, d\u2019humanisme, de fraternit\u00e9 et de po\u00e9sie, demeur\u00e9 intact : \u00ab \u00c7a \u00bb, \u00ab Normalitude \u00bb, \u00ab Tragicom\u00e9die \u00bb, \u00ab Je vous salue ! \u00bb, \u00ab Le miracle du progr\u00e8s \u00bb.<\/p>\n<p><strong>Titres :<\/strong><br \/>\n1. Je vous salue 3&#8217;17<br \/>\n2. Les trois enfants 2&#8217;27<br \/>\n3. Les chevaux de Marly 2&#8217;44<br \/>\n4. La d\u00e9voreuse d&#8217;illusions 5&#8217;11<br \/>\n5. Atlantis 2&#8217;05<br \/>\n6. \u00c7a 2&#8217;57<br \/>\n7. Tragicom\u00e9die 3&#8217;15<br \/>\n8. Trop Tard 4&#8217;23<br \/>\n9. Chile vencera 2&#8217;48<br \/>\n10. Pierrot l&#8217;anachronique 2&#8217;42<br \/>\n11. Partisans des temps meilleurs 2&#8217;02<br \/>\n12. Le Maquis Corr\u00e9zien 3&#8217;21<br \/>\n13. Normalitude 3&#8217;52<br \/>\n14. Le P\u00e8re Lagoutti\u00e8re 5&#8217;08<br \/>\n15. Le Miracle du progr\u00e8s 2&#8217;47<br \/>\n16. Un printemps 3&#8217;29<br \/>\n17. Issue de secours 2&#8217;45<\/p>\n","protected":false},"excerpt":{"rendered":"<p>Jean Alambre : Chant, paroles et musiques Fr\u00e9d\u00e9ric Valy : Accord\u00e9on J\u00e9r\u00e9mie Astor : Contrebasse, violons, guitare \u00e9lectrique, charango Pierre Cauty : Batterie, percussions Olivier Payrat : Vielle \u00e0 roue Un album sur lequel on retrouve des chansons de 1976, notamment \u00ab Trop tard \u00bb, \u00ab Les Chevaux de Marly \u00bb, \u00ab Un Printemps \u00bb, [&hellip;]<\/p>\n","protected":false},"featured_media":46049,"template":"","meta":{"_acf_changed":false,"_genesis_hide_title":false,"_genesis_hide_breadcrumbs":false,"_genesis_hide_singular_image":false,"_genesis_hide_footer_widgets":false,"_genesis_custom_body_class":"","_genesis_custom_post_class":"","_genesis_layout":""},"product_brand":[],"product_cat":[7216,7218],"product_tag":[],"class_list":{"0":"post-46045","1":"product","2":"type-product","3":"status-publish","4":"has-post-thumbnail","6":"product_cat-music-en","7":"product_cat-voice-en","8":"pa_auteur-alambre-jean-en","9":"pa_editeur-jean-alambre-en","10":"pa_langue-francais-en","11":"entry","13":"first","14":"instock","15":"shipping-taxable","16":"purchasable","17":"product-type-simple"},"acf":[],"_links":{"self":[{"href":"https:\/\/www.libraria-occitana.org\/en\/wp-json\/wp\/v2\/product\/46045","targetHints":{"allow":["GET"]}}],"collection":[{"href":"https:\/\/www.libraria-occitana.org\/en\/wp-json\/wp\/v2\/product"}],"about":[{"href":"https:\/\/www.libraria-occitana.org\/en\/wp-json\/wp\/v2\/types\/product"}],"wp:featuredmedia":[{"embeddable":true,"href":"https:\/\/www.libraria-occitana.org\/en\/wp-json\/wp\/v2\/media\/46049"}],"wp:attachment":[{"href":"https:\/\/www.libraria-occitana.org\/en\/wp-json\/wp\/v2\/media?parent=46045"}],"wp:term":[{"taxonomy":"product_brand","embeddable":true,"href":"https:\/\/www.libraria-occitana.org\/en\/wp-json\/wp\/v2\/product_brand?post=46045"},{"taxonomy":"product_cat","embeddable":true,"href":"https:\/\/www.libraria-occitana.org\/en\/wp-json\/wp\/v2\/product_cat?post=46045"},{"taxonomy":"product_tag","embeddable":true,"href":"https:\/\/www.libraria-occitana.org\/en\/wp-json\/wp\/v2\/product_tag?post=46045"}],"curies":[{"name":"wp","href":"https:\/\/api.w.org\/{rel}","templated":true}]}}