{"id":52638,"date":"2020-10-14T18:41:36","date_gmt":"2020-10-14T16:41:36","guid":{"rendered":"http:\/\/www.libraria-occitana.org\/product\/basta-de-trabalhar\/"},"modified":"2026-04-29T02:11:12","modified_gmt":"2026-04-29T00:11:12","slug":"basta-de-trabalhar","status":"publish","type":"product","link":"https:\/\/www.libraria-occitana.org\/en\/product\/basta-de-trabalhar\/","title":{"rendered":"Basta de Trabalhar"},"content":{"rendered":"<p><strong>Sam Karpienia :<\/strong> Chant et guitare \u00e9lectrique 4 cordes<br \/>\n<strong>Pauline Willerval :<\/strong> Gadulka<\/p>\n<p>En duo avec Pauline Willerval dans ce nouvel album, Sam Karpienia recycle les textes de \u00ab L\u2019Usina \u00bb, l\u2019album mythique de Dupain, en recomposant une \u00ab possible autre musique \u00bb.<\/p>\n<p>Une mise en musique sur fond de bo\u00eete \u00e0 rythme o\u00f9 la gadulka (violon bulgare) fait sonner un contre-chant tel un personnage myst\u00e9rieux qui viendrait appuyer la voix dans son propos contestataire et libertaire.<br \/>\nCes textes sonnent pleinement dans le contexte actuel de protestation sociale qui \u00e9branle le monde de part et d\u2019autres, un hymne po\u00e9tique, une transe bienveillante.<\/p>\n<p><strong>Titres :<\/strong><br \/>\n1. Terra de Crau 7&#8217;05<br \/>\n2. Vai t&#8217;en Vai (Joan Lo Reb\u00e8ca) 4&#8217;00<br \/>\n3. Siam de Canalhas (Jos\u00e8p Sarraire) 4&#8217;41<br \/>\n4. Cambaradas (Felip Mabilly) 3&#8217;49<br \/>\n5. Ta libertat (Joan Lo Reb\u00e8ca) 5&#8217;45<br \/>\n6. Basta de Trabalhar 0&#8217;17<br \/>\n7. Bela Marselha (Marius Revelly) 6&#8217;58<br \/>\n8. Lo Gazanh 6&#8217;43<br \/>\n9. La Desbranda (Felip Mabilly) 5&#8217;32<br \/>\n10. La Plega (Joan Lo Reb\u00e8ca) 2&#8217;51<\/p>\n","protected":false},"excerpt":{"rendered":"<p>Sam Karpienia : Chant et guitare \u00e9lectrique 4 cordes Pauline Willerval : Gadulka En duo avec Pauline Willerval dans ce nouvel album, Sam Karpienia recycle les textes de \u00ab L\u2019Usina \u00bb, l\u2019album mythique de Dupain, en recomposant une \u00ab possible autre musique \u00bb. Une mise en musique sur fond de bo\u00eete \u00e0 rythme o\u00f9 la [&hellip;]<\/p>\n","protected":false},"featured_media":52636,"template":"","meta":{"_acf_changed":false,"_genesis_hide_title":false,"_genesis_hide_breadcrumbs":false,"_genesis_hide_singular_image":false,"_genesis_hide_footer_widgets":false,"_genesis_custom_body_class":"","_genesis_custom_post_class":"","_genesis_layout":""},"product_brand":[],"product_cat":[7220,7216,7218],"product_tag":[],"class_list":{"0":"post-52638","1":"product","2":"type-product","3":"status-publish","4":"has-post-thumbnail","6":"product_cat-hip-hop-electronic-music-en","7":"product_cat-music-en","8":"product_cat-voice-en","9":"pa_auteur-karpienia-sam-en","10":"pa_editeur-fatto-in-casa-en","11":"pa_illustrateur-willerval-pauline-en","12":"pa_langue-occitan-en","13":"pa_langue-occitan-provencau-en","14":"entry","16":"first","17":"outofstock","18":"shipping-taxable","19":"purchasable","20":"product-type-simple"},"acf":[],"_links":{"self":[{"href":"https:\/\/www.libraria-occitana.org\/en\/wp-json\/wp\/v2\/product\/52638","targetHints":{"allow":["GET"]}}],"collection":[{"href":"https:\/\/www.libraria-occitana.org\/en\/wp-json\/wp\/v2\/product"}],"about":[{"href":"https:\/\/www.libraria-occitana.org\/en\/wp-json\/wp\/v2\/types\/product"}],"wp:featuredmedia":[{"embeddable":true,"href":"https:\/\/www.libraria-occitana.org\/en\/wp-json\/wp\/v2\/media\/52636"}],"wp:attachment":[{"href":"https:\/\/www.libraria-occitana.org\/en\/wp-json\/wp\/v2\/media?parent=52638"}],"wp:term":[{"taxonomy":"product_brand","embeddable":true,"href":"https:\/\/www.libraria-occitana.org\/en\/wp-json\/wp\/v2\/product_brand?post=52638"},{"taxonomy":"product_cat","embeddable":true,"href":"https:\/\/www.libraria-occitana.org\/en\/wp-json\/wp\/v2\/product_cat?post=52638"},{"taxonomy":"product_tag","embeddable":true,"href":"https:\/\/www.libraria-occitana.org\/en\/wp-json\/wp\/v2\/product_tag?post=52638"}],"curies":[{"name":"wp","href":"https:\/\/api.w.org\/{rel}","templated":true}]}}