{"id":54143,"date":"2021-04-30T11:41:21","date_gmt":"2021-04-30T09:41:21","guid":{"rendered":"http:\/\/www.libraria-occitana.org\/product\/letras-de-mon-molin\/"},"modified":"2026-04-29T10:19:58","modified_gmt":"2026-04-29T08:19:58","slug":"letras-de-mon-molin","status":"publish","type":"product","link":"https:\/\/www.libraria-occitana.org\/en\/product\/letras-de-mon-molin\/","title":{"rendered":"Letras de mon molin"},"content":{"rendered":"<p>Le secret de ma\u00eetre Cornille, La mule du Pape, Le cur\u00e9 de Cucugnan, La ch\u00e8vre de monsieur Seguin, Le sous-pr\u00e9fet aux champs, Les trois messes basses ou L\u2019\u00e9lixir du R\u00e9v\u00e9rend P\u00e8re Gaucher sont parmi les plus connus des contes et nouvelles rassembl\u00e9s par Alphonse Daudet dans ses <em>Lettres de mon moulin<\/em> promises \u00e0 un succ\u00e8s durable.<\/p>\n<p>Enracin\u00e9es dans le Midi proven\u00e7al, les <em>Lettres de mon moulin<\/em> se pr\u00eataient tout particuli\u00e8rement \u00e0 une traduction en occitan.<br \/>\nCelle d\u2019Andr\u00e9 Lagarde rend avec aisance et brio l\u2019enchantement de l\u2019original et sa prose occitane riche et nuanc\u00e9e se lit avec grand plaisir.<\/p>\n<p>Avec un lexique occitan-fran\u00e7ais.<br \/>\nIllustration de Sophie Vissi\u00e8re.<\/p>\n","protected":false},"excerpt":{"rendered":"<p>Le secret de ma\u00eetre Cornille, La mule du Pape, Le cur\u00e9 de Cucugnan, La ch\u00e8vre de monsieur Seguin, Le sous-pr\u00e9fet aux champs, Les trois messes basses ou L\u2019\u00e9lixir du R\u00e9v\u00e9rend P\u00e8re Gaucher sont parmi les plus connus des contes et nouvelles rassembl\u00e9s par Alphonse Daudet dans ses Lettres de mon moulin promises \u00e0 un succ\u00e8s [&hellip;]<\/p>\n","protected":false},"featured_media":54135,"template":"","meta":{"_acf_changed":false,"_genesis_hide_title":false,"_genesis_hide_breadcrumbs":false,"_genesis_hide_singular_image":false,"_genesis_hide_footer_widgets":false,"_genesis_custom_body_class":"","_genesis_custom_post_class":"","_genesis_layout":""},"product_brand":[],"product_cat":[7132,7174,7176],"product_tag":[],"class_list":{"0":"post-54143","1":"product","2":"type-product","3":"status-publish","4":"has-post-thumbnail","6":"product_cat-books","7":"product_cat-literature-en","8":"product_cat-tales-fables-en","9":"pa_auteur-daudet-alphonse-1-en","10":"pa_editeur-letras-doc-en","11":"pa_illustrateur-lagarda-andrieu-1-en","12":"pa_langue-occitan-en","13":"pa_langue-occitan-lengadocian-en","14":"entry","16":"first","17":"instock","18":"shipping-taxable","19":"purchasable","20":"product-type-simple"},"acf":[],"_links":{"self":[{"href":"https:\/\/www.libraria-occitana.org\/en\/wp-json\/wp\/v2\/product\/54143","targetHints":{"allow":["GET"]}}],"collection":[{"href":"https:\/\/www.libraria-occitana.org\/en\/wp-json\/wp\/v2\/product"}],"about":[{"href":"https:\/\/www.libraria-occitana.org\/en\/wp-json\/wp\/v2\/types\/product"}],"wp:featuredmedia":[{"embeddable":true,"href":"https:\/\/www.libraria-occitana.org\/en\/wp-json\/wp\/v2\/media\/54135"}],"wp:attachment":[{"href":"https:\/\/www.libraria-occitana.org\/en\/wp-json\/wp\/v2\/media?parent=54143"}],"wp:term":[{"taxonomy":"product_brand","embeddable":true,"href":"https:\/\/www.libraria-occitana.org\/en\/wp-json\/wp\/v2\/product_brand?post=54143"},{"taxonomy":"product_cat","embeddable":true,"href":"https:\/\/www.libraria-occitana.org\/en\/wp-json\/wp\/v2\/product_cat?post=54143"},{"taxonomy":"product_tag","embeddable":true,"href":"https:\/\/www.libraria-occitana.org\/en\/wp-json\/wp\/v2\/product_tag?post=54143"}],"curies":[{"name":"wp","href":"https:\/\/api.w.org\/{rel}","templated":true}]}}