{"id":54444,"date":"2019-05-13T17:07:50","date_gmt":"2019-05-13T15:07:50","guid":{"rendered":"http:\/\/www.libraria-occitana.org\/product\/me-suis-mise-en-danse\/"},"modified":"2026-04-29T02:26:29","modified_gmt":"2026-04-29T00:26:29","slug":"me-suis-mise-en-danse","status":"publish","type":"product","link":"https:\/\/www.libraria-occitana.org\/en\/product\/me-suis-mise-en-danse\/","title":{"rendered":"\u00ab me suis mise en danse \u00bb"},"content":{"rendered":"<p><strong>Camille Simeray :<\/strong> Chant, accord\u00e9on, percussions<br \/>\n<strong>Maud S\u00e9guier :<\/strong> Fl\u00fbte traversi\u00e8re, chant, percussions<br \/>\n<strong>Dayron Aguila Arbolaez :<\/strong> Trompette, percussions<\/p>\n<p>Camille chante pour vos pieds, pour vos corps BALanc\u00e9s, pour vos pens\u00e9es du soir, elle vous invite \u00e0 partager ses rencontres, ses moments de joies et d\u2019\u00e9motions. Continuit\u00e9 oblige, \u00ab Camille en Bal \u00bb est un trio o\u00f9 les chants sont f\u00e9minins, \u00e0 la voix rocailleuse de la leader s\u2019adjoint la voix enracin\u00e9e de Maud S\u00e9guier (Lo Barrut), \u00e9galement fl\u00fbtiste. Originalit\u00e9 oblige, le trompettiste Dayron Aguila Arbolaez, am\u00e8ne avec lui ses notes de trompette latine et son groove caract\u00e9ristique.<\/p>\n<p>Entre saveurs terriennes de pays viticole, envol\u00e9es endiabl\u00e9es, percussions primitives et voix enlac\u00e9es, \u00ab Camille en Bal \u00bb vous cire le parquet !<\/p>\n<p><strong>Titres :<\/strong><br \/>\n1. Introduccion 1&#8217;10<br \/>\n2. Me suis mise en danse [Ronda del Quercy] (Trad) 4&#8217;28<br \/>\n3. Roseta [Chapeloise] (Trad) 3&#8217;23<br \/>\n4. Catarina [Mazurka] (Trad) 3&#8217;49<br \/>\n5. Al fond de la folhada [Borr\u00e9ia 3 temps] 1&#8217;03<br \/>\n6. Los \u00f2mis [Rond\u00e8u en cadena] 3&#8217;26<br \/>\n7. Filibert [Valsa] (Paraulas de F. Dezeuze dit l&#8217;Escotaire, sus l&#8217;aire de Fualdes) 3&#8217;09<br \/>\n8. Diga Figa [Escottish] (Trad) 3&#8217;23<br \/>\n9. A l&#8217;entorn de ma me\u00efson [Rond\u00e8u] (Trad) 4&#8217;06<br \/>\n10. Bon matin [Rond\u00e8u en parelh] (Trad) 3&#8217;09<br \/>\n11. Las filhassas [Escottish] (Paraulas de B. Cauhap\u00e9 e musica de G. Lopez) 4&#8217;45<br \/>\n12. Que son e\u00efros [Borr\u00e9ia 3 temps] (Trad) 1&#8217;00<br \/>\n13. La maire amb la filha [Borr\u00e8ia 3 temps] (Trad) 3&#8217;22<br \/>\n14. Io l&#8217;aimi [Borr\u00e8ia 2 temps] (Trad) 3&#8217;05<br \/>\n15. Farand\u00f2las (Trad levat : Farandolas mi amor : text e musica de C. Simeray ; Tout le monde ment : Texte de Fran\u00e7ois Ridel e Laurent Garibaldi, composition de F. Ridel, L. Garibaldi, D. Danger) 7&#8217;36<\/p>\n","protected":false},"excerpt":{"rendered":"<p>Camille Simeray : Chant, accord\u00e9on, percussions Maud S\u00e9guier : Fl\u00fbte traversi\u00e8re, chant, percussions Dayron Aguila Arbolaez : Trompette, percussions Camille chante pour vos pieds, pour vos corps BALanc\u00e9s, pour vos pens\u00e9es du soir, elle vous invite \u00e0 partager ses rencontres, ses moments de joies et d\u2019\u00e9motions. Continuit\u00e9 oblige, \u00ab Camille en Bal \u00bb est un [&hellip;]<\/p>\n","protected":false},"featured_media":54442,"template":"","meta":{"_acf_changed":false,"_genesis_hide_title":false,"_genesis_hide_breadcrumbs":false,"_genesis_hide_singular_image":false,"_genesis_hide_footer_widgets":false,"_genesis_custom_body_class":"","_genesis_custom_post_class":"","_genesis_layout":""},"product_brand":[],"product_cat":[7228,7216],"product_tag":[],"class_list":{"0":"post-54444","1":"product","2":"type-product","3":"status-publish","4":"has-post-thumbnail","6":"product_cat-modern-folk-en","7":"product_cat-music-en","8":"pa_auteur-camille-en-bal-en","9":"pa_editeur-oxivent-en","10":"pa_langue-occitan-en","11":"pa_langue-occitan-lengadocian-en","12":"entry","14":"first","15":"instock","16":"shipping-taxable","17":"purchasable","18":"product-type-simple"},"acf":[],"_links":{"self":[{"href":"https:\/\/www.libraria-occitana.org\/en\/wp-json\/wp\/v2\/product\/54444","targetHints":{"allow":["GET"]}}],"collection":[{"href":"https:\/\/www.libraria-occitana.org\/en\/wp-json\/wp\/v2\/product"}],"about":[{"href":"https:\/\/www.libraria-occitana.org\/en\/wp-json\/wp\/v2\/types\/product"}],"wp:featuredmedia":[{"embeddable":true,"href":"https:\/\/www.libraria-occitana.org\/en\/wp-json\/wp\/v2\/media\/54442"}],"wp:attachment":[{"href":"https:\/\/www.libraria-occitana.org\/en\/wp-json\/wp\/v2\/media?parent=54444"}],"wp:term":[{"taxonomy":"product_brand","embeddable":true,"href":"https:\/\/www.libraria-occitana.org\/en\/wp-json\/wp\/v2\/product_brand?post=54444"},{"taxonomy":"product_cat","embeddable":true,"href":"https:\/\/www.libraria-occitana.org\/en\/wp-json\/wp\/v2\/product_cat?post=54444"},{"taxonomy":"product_tag","embeddable":true,"href":"https:\/\/www.libraria-occitana.org\/en\/wp-json\/wp\/v2\/product_tag?post=54444"}],"curies":[{"name":"wp","href":"https:\/\/api.w.org\/{rel}","templated":true}]}}