{"id":54864,"date":"2017-12-20T14:27:12","date_gmt":"2017-12-20T13:27:12","guid":{"rendered":"http:\/\/www.libraria-occitana.org\/product\/tresor-des-fables-dauvergne-rhone-alpes-en-occitan-volume-i-quand-nos-fabulistes-rivalisent-avec-la-fontaine\/"},"modified":"2026-04-29T10:11:39","modified_gmt":"2026-04-29T08:11:39","slug":"tresor-des-fables-dauvergne-rhone-alpes-en-occitan-volume-i-quand-nos-fabulistes-rivalisent-avec-la-fontaine","status":"publish","type":"product","link":"https:\/\/www.libraria-occitana.org\/en\/product\/tresor-des-fables-dauvergne-rhone-alpes-en-occitan-volume-i-quand-nos-fabulistes-rivalisent-avec-la-fontaine\/","title":{"rendered":"Tr\u00e9sor des fables d&#8217;Auvergne-Rh\u00f4ne-Alpes en occitan Volume I : Quand nos fabulistes rivalisent avec La Fontaine"},"content":{"rendered":"<p>La fable est un genre tr\u00e8s ancien qui a \u00e9t\u00e9 abondamment illustr\u00e9 depuis l&#8217;Antiquit\u00e9 jusqu&#8217;\u00e0 nous. Jean de La Fontaine, qui a largement puis\u00e9 dans les \u00e9crits de ses devanciers, l&#8217;a consacr\u00e9 avec son monumental recueil compos\u00e9 de douze livres et des g\u00e9n\u00e9rations de Fran\u00e7ais connaissent encore les fables apprises dans leur jeunesse.<\/p>\n<p>Depuis le XIXe si\u00e8cle jusqu&#8217;\u00e0 aujourd&#8217;hui, de nombreux auteurs originaires de l&#8217;actuelle R\u00e9gion Auvergne-Rh\u00f4ne-Alpes ont \u00e9crit des fables, mais dans leur langue maternelle. Gr\u00e2ce aux concours de nombreuses personnes, nous avons rassembl\u00e9 pr\u00e8s de 400 versions en francoproven\u00e7al et en occitan. Si quelques-unes sont de simples traductions des fables de La Fontaine, la plupart pr\u00e9sentent une grande originalit\u00e9 par rapport au mod\u00e8le, car les h\u00e9ros vivent dans nos contr\u00e9es et ont les traits des contemporains de l&#8217;auteur. Beaucoup, d&#8217;ailleurs, sont inspir\u00e9es d&#8217;autres fabulistes ou sont originales. Ces \u00e9crits pr\u00e9sentent donc de l&#8217;int\u00e9r\u00eat sur le plan linguistique, mais aussi sur le plan litt\u00e9raire et ethnologique, comme le soulignent les commentaires qui les accompagnent.<br \/>\nPleines de saveur et \u00e9crites dans un style alerte, les tr\u00e8s nombreuses fables \u00e9crites en occitan m\u00e9ritent d&#8217;\u00eatre connues (quatre volumes sont pr\u00e9vus pour faire d\u00e9couvrir cet important tr\u00e9sor). En les parcourant dans leur version originale ou dans leur traduction en fran\u00e7ais, le lecteur sera \u00e9merveill\u00e9 et d\u00e9couvrira que beaucoup de nos fabulistes rivalisent vraiment avec le Ma\u00eetre.<\/p>\n<p>Le volume I pr\u00e9sente 57 versions en occitan de 9 fables correspondant \u00e0 des titres bien connus du livre I de La Fontaine :<\/p>\n<p>1. La Cigale e la Fourmi<br \/>\n2. Le Corbeau et le Renard<br \/>\n3. La Grenouille qui veut se faire plus grosse qu&#8217;un boeuf<br \/>\n4. Les deux Mulets<br \/>\n5. Le Loup et le Chien<br \/>\n6. La G\u00e9nisse, la Ch\u00e8vre et la Brebis en soci\u00e9t\u00e9 avec le Lion<br \/>\n7. La Besace<br \/>\n8. Le Rat de ville et le Rat des champs<br \/>\n9. Le Loup et l&#8217;Agneau<\/p>\n<p><a href=\"http:\/\/www.libraria-occitana.org\/produit\/tresor-des-fables-dauvergne-rhone-alpes-en-occitan-volume-ii-quand-nos-fabulistes-rivalisent-avec-la-fontaine\/\"><em>Tr\u00e9sor des fables d&#8217;Auvergne-Rh\u00f4ne-Alpes en occitan Volume II<\/em><\/a><br \/>\n<a href=\"http:\/\/www.libraria-occitana.org\/produit\/tresor-des-fables-dauvergne-rhone-alpes-en-occitan-volume-iii-quand-nos-fabulistes-rivalisent-avec-la-fontaine\/\"><em>Tr\u00e9sor des fables d&#8217;Auvergne-Rh\u00f4ne-Alpes en occitan Volume III<\/em><\/a><br \/>\n<a href=\"http:\/\/www.libraria-occitana.org\/produit\/tresor-des-fables-dauvergne-rhone-alpes-en-occitan-volume-iv-quand-nos-fabulistes-rivalisent-avec-la-fontaine-copie\/\"><em>Tr\u00e9sor des fables d&#8217;Auvergne-Rh\u00f4ne-Alpes en occitan Volume IV<\/em><\/a><\/p>\n","protected":false},"excerpt":{"rendered":"<p>La fable est un genre tr\u00e8s ancien qui a \u00e9t\u00e9 abondamment illustr\u00e9 depuis l&#8217;Antiquit\u00e9 jusqu&#8217;\u00e0 nous. Jean de La Fontaine, qui a largement puis\u00e9 dans les \u00e9crits de ses devanciers, l&#8217;a consacr\u00e9 avec son monumental recueil compos\u00e9 de douze livres et des g\u00e9n\u00e9rations de Fran\u00e7ais connaissent encore les fables apprises dans leur jeunesse. Depuis le [&hellip;]<\/p>\n","protected":false},"featured_media":54853,"template":"","meta":{"_acf_changed":false,"_genesis_hide_title":false,"_genesis_hide_breadcrumbs":false,"_genesis_hide_singular_image":false,"_genesis_hide_footer_widgets":false,"_genesis_custom_body_class":"","_genesis_custom_post_class":"","_genesis_layout":""},"product_brand":[],"product_cat":[7132,7174,7176],"product_tag":[],"class_list":{"0":"post-54864","1":"product","2":"type-product","3":"status-publish","4":"has-post-thumbnail","6":"product_cat-books","7":"product_cat-literature-en","8":"product_cat-tales-fables-en","9":"pa_auteur-collectiu-en-2","10":"pa_auteur-martin-jean-baptiste-en","11":"pa_editeur-editions-emcc-en","12":"pa_langue-occitan-auvernhat-en","13":"pa_langue-occitan-lengadocian-en","14":"pa_langue-occitan-vivaroaupenc-en","15":"pa_langue-occitan-francais-en","16":"entry","18":"first","19":"instock","20":"shipping-taxable","21":"purchasable","22":"product-type-simple"},"acf":[],"_links":{"self":[{"href":"https:\/\/www.libraria-occitana.org\/en\/wp-json\/wp\/v2\/product\/54864","targetHints":{"allow":["GET"]}}],"collection":[{"href":"https:\/\/www.libraria-occitana.org\/en\/wp-json\/wp\/v2\/product"}],"about":[{"href":"https:\/\/www.libraria-occitana.org\/en\/wp-json\/wp\/v2\/types\/product"}],"wp:featuredmedia":[{"embeddable":true,"href":"https:\/\/www.libraria-occitana.org\/en\/wp-json\/wp\/v2\/media\/54853"}],"wp:attachment":[{"href":"https:\/\/www.libraria-occitana.org\/en\/wp-json\/wp\/v2\/media?parent=54864"}],"wp:term":[{"taxonomy":"product_brand","embeddable":true,"href":"https:\/\/www.libraria-occitana.org\/en\/wp-json\/wp\/v2\/product_brand?post=54864"},{"taxonomy":"product_cat","embeddable":true,"href":"https:\/\/www.libraria-occitana.org\/en\/wp-json\/wp\/v2\/product_cat?post=54864"},{"taxonomy":"product_tag","embeddable":true,"href":"https:\/\/www.libraria-occitana.org\/en\/wp-json\/wp\/v2\/product_tag?post=54864"}],"curies":[{"name":"wp","href":"https:\/\/api.w.org\/{rel}","templated":true}]}}