{"id":56954,"date":"2022-10-25T13:57:12","date_gmt":"2022-10-25T11:57:12","guid":{"rendered":"http:\/\/www.libraria-occitana.org\/?post_type=product&#038;p=56954"},"modified":"2026-04-29T10:44:25","modified_gmt":"2026-04-29T08:44:25","slug":"lo-papagai-president","status":"publish","type":"product","link":"https:\/\/www.libraria-occitana.org\/en\/product\/lo-papagai-president\/","title":{"rendered":"Lo Papagai president"},"content":{"rendered":"<p>Premier roman de Tederic Quatre, \u00e9crit en gascon de N\u00e9rac.<\/p>\n<p>Kevin et Jaufre, les deux conseillers en \u00ab comunication \u00bb du pr\u00e9sident de la R\u00e9publique Manuel Cercac\u00ed, attendent \u00e0 la porte du bureau de l&#8217;\u00c9lys\u00e9e. Puis un vacarme, un tapage monstre, un cri ind\u00e9termin\u00e9, un bruit sourd et ensuite\u2026 le silence. Dans le bureau pr\u00e9sidentiel : personne ! Ou plut\u00f4t pas d&#8217;\u00eatre humain ! Car perch\u00e9 sur le dossier du fauteuil du chef \u2013 Manuel Cercac\u00ed \u2013, au sommet donc du tr\u00f4ne de la R\u00e9publique, un oiseau color\u00e9 les regardait de son \u0153il rond&#8230; un perroquet. Qu&#8217;est-ce que ce perroquet ? O\u00f9 est pass\u00e9 le pr\u00e9sident ? Et la r\u00e9\u00e9lection qui se pr\u00e9pare !<\/p>\n","protected":false},"excerpt":{"rendered":"<p>Premier roman de Tederic Quatre, \u00e9crit en gascon de N\u00e9rac. Kevin et Jaufre, les deux conseillers en \u00ab comunication \u00bb du pr\u00e9sident de la R\u00e9publique Manuel Cercac\u00ed, attendent \u00e0 la porte du bureau de l&#8217;\u00c9lys\u00e9e. Puis un vacarme, un tapage monstre, un cri ind\u00e9termin\u00e9, un bruit sourd et ensuite\u2026 le silence. Dans le bureau pr\u00e9sidentiel [&hellip;]<\/p>\n","protected":false},"featured_media":56947,"template":"","meta":{"_acf_changed":false,"_genesis_hide_title":false,"_genesis_hide_breadcrumbs":false,"_genesis_hide_singular_image":false,"_genesis_hide_footer_widgets":false,"_genesis_custom_body_class":"","_genesis_custom_post_class":"","_genesis_layout":""},"product_brand":[],"product_cat":[7132,7174,7182],"product_tag":[],"class_list":{"0":"post-56954","1":"product","2":"type-product","3":"status-publish","4":"has-post-thumbnail","6":"product_cat-books","7":"product_cat-literature-en","8":"product_cat-novels-short-stories-en","9":"pa_auteur-quatre-tederic-en","10":"pa_editeur-ieo-fr-en","11":"pa_langue-occitan-en","12":"pa_langue-occitan-gascon-en","13":"entry","15":"first","16":"instock","17":"shipping-taxable","18":"purchasable","19":"product-type-simple"},"acf":[],"_links":{"self":[{"href":"https:\/\/www.libraria-occitana.org\/en\/wp-json\/wp\/v2\/product\/56954","targetHints":{"allow":["GET"]}}],"collection":[{"href":"https:\/\/www.libraria-occitana.org\/en\/wp-json\/wp\/v2\/product"}],"about":[{"href":"https:\/\/www.libraria-occitana.org\/en\/wp-json\/wp\/v2\/types\/product"}],"wp:featuredmedia":[{"embeddable":true,"href":"https:\/\/www.libraria-occitana.org\/en\/wp-json\/wp\/v2\/media\/56947"}],"wp:attachment":[{"href":"https:\/\/www.libraria-occitana.org\/en\/wp-json\/wp\/v2\/media?parent=56954"}],"wp:term":[{"taxonomy":"product_brand","embeddable":true,"href":"https:\/\/www.libraria-occitana.org\/en\/wp-json\/wp\/v2\/product_brand?post=56954"},{"taxonomy":"product_cat","embeddable":true,"href":"https:\/\/www.libraria-occitana.org\/en\/wp-json\/wp\/v2\/product_cat?post=56954"},{"taxonomy":"product_tag","embeddable":true,"href":"https:\/\/www.libraria-occitana.org\/en\/wp-json\/wp\/v2\/product_tag?post=56954"}],"curies":[{"name":"wp","href":"https:\/\/api.w.org\/{rel}","templated":true}]}}