{"id":56995,"date":"2022-10-25T19:42:21","date_gmt":"2022-10-25T17:42:21","guid":{"rendered":"http:\/\/www.libraria-occitana.org\/?post_type=product&#038;p=56995"},"modified":"2026-04-29T06:47:06","modified_gmt":"2026-04-29T04:47:06","slug":"dialogues-occitans-lemosin-libre-2-cd","status":"publish","type":"product","link":"https:\/\/www.libraria-occitana.org\/en\/product\/dialogues-occitans-lemosin-libre-2-cd\/","title":{"rendered":"Dial\u00f2gues occitans &#8211; Lemosin (libre + 2 CD)"},"content":{"rendered":"<p>Apr\u00e8s avoir publi\u00e9 les <em>Dial\u00f2gues occitans<\/em> (<a href=\"http:\/\/www.libraria-occitana.org\/produit\/dialogues-occitans-lengadocian-libre-2-cd\/\">nouvelle \u00e9dition<\/a>) en parler sarladais de Daniel Chavaroche, Novelum pr\u00e9sente ici 56 dialogues \u00e9crits en occitan limousin par le regrett\u00e9 Gilbert Bourgeois.<br \/>\nComme leurs homologues nord-languedociens, certains d&#8217;entre eux sont enregistr\u00e9s avec talent sur 2 CD.<\/p>\n<p>Quilhs \u00ab Dial\u00f2gues lemosins \u00bb de Gilbert Borg\u00e9s s&#8217;inscriven dins l&#8217;enveja de transmission de la lenga occitana que fuguet la so\u00e1 : \u00ab passaire de lenga \u00bb dins son trabalh d\u2019ab\u00f2rd, que i fuguet regent chaminaire e tanben de classa biling\u00fca, e per lo quau permenet sa guitarra e sa bia\u00e7a plan coneguda dins mai d&#8217;una esc\u00f2la dau N\u00f2rd-Dordonha. Transmission per l&#8217;escritura tanben, per far viure quela lenga dins lo monde d\u2019a\u00fcei. Nos fai present dins quilhs dial\u00f2gues, daus uns c\u00f2ps tirats de pitas ist\u00f2rias viscudas, d&#8217;una tropelada de portrachs sabor\u00f3s, jos una espiada afialada e petejanta mas benvolenta maitot, que monstra bien l&#8217;inter\u00e8s e l&#8217;amistan\u00e7a que portava a la gent \/ aus autres.<\/p>\n<p>Gilbert Borg\u00e9s (en franc\u00e9s Bourgeois) nasquet en 1962 a Gots e Rossinh\u00f2u. Qu\u00f2 es per son pair que, d&#8217;en prumier, auviguet parlar l&#8217;occitan. Aprep daus estudis de sociologia, entret a l\u2019Esc\u00f2la Normala de Perig\u00fcers. Comencet sa carriera de regent a Puei &#8216;Gut e demoret totjorn dins la circonscripcion de Dordonha N\u00f2rd, ente venguet regent chaminaire en 2011. Puei tornet dins lo primari a Brant\u00f2sme en tot contunhar de far lo chaminaire, puei junhet completament lo primari en apondre Rabairac a Brant\u00f2sme jurcinc&#8217;a 2018.<br \/>\nComencet d&#8217;en prumier d&#8217;escriure en franc\u00e9s, daus contes que contava dins las serenadas, &#8216;vances de passar a l&#8217;occitan per mai d&#8217;una novela, puei a daus corts racontes esmovents, los Raibes Negres e los Dial\u00f2gues, aic\u00ed presentats.<\/p>\n","protected":false},"excerpt":{"rendered":"<p>Apr\u00e8s avoir publi\u00e9 les Dial\u00f2gues occitans (nouvelle \u00e9dition) en parler sarladais de Daniel Chavaroche, Novelum pr\u00e9sente ici 56 dialogues \u00e9crits en occitan limousin par le regrett\u00e9 Gilbert Bourgeois. Comme leurs homologues nord-languedociens, certains d&#8217;entre eux sont enregistr\u00e9s avec talent sur 2 CD. Quilhs \u00ab Dial\u00f2gues lemosins \u00bb de Gilbert Borg\u00e9s s&#8217;inscriven dins l&#8217;enveja de transmission [&hellip;]<\/p>\n","protected":false},"featured_media":57004,"template":"","meta":{"_acf_changed":false,"_genesis_hide_title":false,"_genesis_hide_breadcrumbs":false,"_genesis_hide_singular_image":false,"_genesis_hide_footer_widgets":false,"_genesis_custom_body_class":"","_genesis_custom_post_class":"","_genesis_layout":""},"product_brand":[],"product_cat":[7132,7142,7136],"product_tag":[],"class_list":{"0":"post-56995","1":"product","2":"type-product","3":"status-publish","4":"has-post-thumbnail","6":"product_cat-books","7":"product_cat-course-books-en","8":"product_cat-dictionaries-language-educational-en","9":"pa_auteur-borges-gilbert-en","10":"pa_editeur-ieo-perigord-novelum-en","11":"pa_langue-occitan-en","12":"pa_langue-occitan-lemosin-en","13":"entry","15":"first","16":"instock","17":"shipping-taxable","18":"purchasable","19":"product-type-simple"},"acf":[],"_links":{"self":[{"href":"https:\/\/www.libraria-occitana.org\/en\/wp-json\/wp\/v2\/product\/56995","targetHints":{"allow":["GET"]}}],"collection":[{"href":"https:\/\/www.libraria-occitana.org\/en\/wp-json\/wp\/v2\/product"}],"about":[{"href":"https:\/\/www.libraria-occitana.org\/en\/wp-json\/wp\/v2\/types\/product"}],"wp:featuredmedia":[{"embeddable":true,"href":"https:\/\/www.libraria-occitana.org\/en\/wp-json\/wp\/v2\/media\/57004"}],"wp:attachment":[{"href":"https:\/\/www.libraria-occitana.org\/en\/wp-json\/wp\/v2\/media?parent=56995"}],"wp:term":[{"taxonomy":"product_brand","embeddable":true,"href":"https:\/\/www.libraria-occitana.org\/en\/wp-json\/wp\/v2\/product_brand?post=56995"},{"taxonomy":"product_cat","embeddable":true,"href":"https:\/\/www.libraria-occitana.org\/en\/wp-json\/wp\/v2\/product_cat?post=56995"},{"taxonomy":"product_tag","embeddable":true,"href":"https:\/\/www.libraria-occitana.org\/en\/wp-json\/wp\/v2\/product_tag?post=56995"}],"curies":[{"name":"wp","href":"https:\/\/api.w.org\/{rel}","templated":true}]}}