{"id":57762,"date":"2023-03-29T19:22:59","date_gmt":"2023-03-29T17:22:59","guid":{"rendered":"http:\/\/www.libraria-occitana.org\/?post_type=product&#038;p=57762"},"modified":"2026-04-29T01:06:23","modified_gmt":"2026-04-28T23:06:23","slug":"peira-seca-pierre-seche","status":"publish","type":"product","link":"https:\/\/www.libraria-occitana.org\/en\/product\/peira-seca-pierre-seche\/","title":{"rendered":"P\u00e8ira seca &#8211; Pierre s\u00e8che"},"content":{"rendered":"<p>Po\u00e8mes en occitan avec une traduction fran\u00e7aise de l&#8217;auteur en regard.<\/p>\n<blockquote>\n<p>Dins lei mans<br \/>\nDe la paraula<br \/>\nCada m\u00f2t una p\u00e8ira<br \/>\nCausida a l\u2019azard<br \/>\nDeis erosions<br \/>\nEquilibri<br \/>\nPer que tota l\u2019aiga de l\u2019equin\u00f2xi<br \/>\nPasse lentament<br \/>\nEntre lei mila fendasclas<br \/>\nDe la restanca dau lengatge<br \/>\nGes de pa\u00eds<br \/>\nNi de paisatges<br \/>\nMai un c\u00f2rs vivent<br \/>\nDessenhat<br \/>\nEn terrassas.<\/p>\n<p>Dans les mains<br \/>\nDe la parole<br \/>\nChaque mot est une pierre<br \/>\nChoisie au hasard<br \/>\nDes \u00e9rosions<br \/>\n\u00c9quilibre<br \/>\nPour que toute l\u2019eau de l\u2019\u00e9quinoxe<br \/>\nPasse lentement<br \/>\nEntre les mille interstices<br \/>\nDe la restanque du langage<br \/>\nPas de pays<br \/>\nNi de paysages<br \/>\nMais un corps vivant<br \/>\nDessin\u00e9<br \/>\nEn terrasses.<\/p>\n<\/blockquote>\n","protected":false},"excerpt":{"rendered":"<p>Po\u00e8mes en occitan avec une traduction fran\u00e7aise de l&#8217;auteur en regard. Dins lei mans De la paraula Cada m\u00f2t una p\u00e8ira Causida a l\u2019azard Deis erosions Equilibri Per que tota l\u2019aiga de l\u2019equin\u00f2xi Passe lentament Entre lei mila fendasclas De la restanca dau lengatge Ges de pa\u00eds Ni de paisatges Mai un c\u00f2rs vivent Dessenhat [&hellip;]<\/p>\n","protected":false},"featured_media":57755,"template":"","meta":{"_acf_changed":false,"_genesis_hide_title":false,"_genesis_hide_breadcrumbs":false,"_genesis_hide_singular_image":false,"_genesis_hide_footer_widgets":false,"_genesis_custom_body_class":"","_genesis_custom_post_class":"","_genesis_layout":""},"product_brand":[],"product_cat":[7132,7174,7180],"product_tag":[],"class_list":{"0":"post-57762","1":"product","2":"type-product","3":"status-publish","4":"has-post-thumbnail","6":"product_cat-books","7":"product_cat-literature-en","8":"product_cat-poetry-en","9":"pa_auteur-chabaud-silvan-chabaud-sylvan-en","10":"pa_editeur-lauceu-libre-en","11":"pa_langue-occitan-provencau-en","12":"pa_langue-occitan-francais-en","13":"entry","15":"first","16":"instock","17":"shipping-taxable","18":"purchasable","19":"product-type-simple"},"acf":[],"_links":{"self":[{"href":"https:\/\/www.libraria-occitana.org\/en\/wp-json\/wp\/v2\/product\/57762","targetHints":{"allow":["GET"]}}],"collection":[{"href":"https:\/\/www.libraria-occitana.org\/en\/wp-json\/wp\/v2\/product"}],"about":[{"href":"https:\/\/www.libraria-occitana.org\/en\/wp-json\/wp\/v2\/types\/product"}],"wp:featuredmedia":[{"embeddable":true,"href":"https:\/\/www.libraria-occitana.org\/en\/wp-json\/wp\/v2\/media\/57755"}],"wp:attachment":[{"href":"https:\/\/www.libraria-occitana.org\/en\/wp-json\/wp\/v2\/media?parent=57762"}],"wp:term":[{"taxonomy":"product_brand","embeddable":true,"href":"https:\/\/www.libraria-occitana.org\/en\/wp-json\/wp\/v2\/product_brand?post=57762"},{"taxonomy":"product_cat","embeddable":true,"href":"https:\/\/www.libraria-occitana.org\/en\/wp-json\/wp\/v2\/product_cat?post=57762"},{"taxonomy":"product_tag","embeddable":true,"href":"https:\/\/www.libraria-occitana.org\/en\/wp-json\/wp\/v2\/product_tag?post=57762"}],"curies":[{"name":"wp","href":"https:\/\/api.w.org\/{rel}","templated":true}]}}