{"id":59705,"date":"2024-05-30T20:18:12","date_gmt":"2024-05-30T18:18:12","guid":{"rendered":"http:\/\/www.libraria-occitana.org\/?post_type=product&#038;p=59705"},"modified":"2026-04-29T10:23:38","modified_gmt":"2026-04-29T08:23:38","slug":"joseph-guillemot-1899-1975-memoires-du-limousin-a-anvers-les-vies-dun-champion-olympique","status":"publish","type":"product","link":"https:\/\/www.libraria-occitana.org\/en\/product\/joseph-guillemot-1899-1975-memoires-du-limousin-a-anvers-les-vies-dun-champion-olympique\/","title":{"rendered":"Joseph Guillemot (1899-1975) : M\u00e9moires Du Limousin \u00e0 Anvers, les vies d&#8217;un champion olympique"},"content":{"rendered":"<p>L\u2019\u00e9pop\u00e9e de Joseph Isra\u00ebl Guillemot (1899-1975) r\u00e9sonne, encore aujourd\u2019hui, comme un v\u00e9ritable hymne au sport, \u00e0 l\u2019athl\u00e9tisme. Le 17 ao\u00fbt 1920, l\u2019enfant du Dorat (Haute-Vienne), le poilu de 14-18 devenu athl\u00e8te international, entrait \u00e0 tout juste 20 ans au panth\u00e9on olympique. En remportant l\u2019\u00e9preuve reine du demi-fond, le 5 000 m\u00e8tres sur piste lors des Jeux olympiques d\u2019Anvers (Belgique), \u00ab Guigui \u00bb r\u00e9alise l\u2019exploit de battre le redoutable \u00ab Finlandais volant \u00bb, le champion Paavo Nurmi.<\/p>\n<p>Au c\u0153ur des Ann\u00e9es folles, les d\u00e9buts fulgurants de Joseph Guillemot inaugurent une carri\u00e8re sportive de haut niveau rapidement marqu\u00e9e par douze s\u00e9lections internationales dont sept victoires illustrant un palmar\u00e8s fran\u00e7ais et international unique. N\u2019h\u00e9sitant jamais \u00e0 imposer ses points de vue aux dirigeants f\u00e9d\u00e9raux de l\u2019\u00e9poque, ce petit bonhomme, au rythme cardiaque incomparable, a r\u00e9ussi \u00e0 construire, malgr\u00e9 les obstacles, son chemin vers une gloire mondiale en v\u00e9ritable combattant passionn\u00e9 !<\/p>\n<p>Depuis plusieurs ann\u00e9es, Christophe Laguzet s\u2019est attach\u00e9 \u00e0 retracer la vie de cet athl\u00e8te fran\u00e7ais et a engag\u00e9 un travail de recherches afin de publier le manuscrit in\u00e9dit des <em>M\u00e9moires<\/em> du champion. Dans une langue simple et directe, Joseph Guillemot fait entrer le lecteur de ses <em>M\u00e9moires<\/em> dans l\u2019intimit\u00e9 des histoires et anecdotes sportives les plus marquantes de sa vie, en particulier la d\u00e9cennie remarquable de l\u2019athl\u00e9tisme fran\u00e7ais, celle des ann\u00e9es 1918 \u00e0 1928. Par un \u00e9clairage tr\u00e8s personnel, Joseph Guillemot t\u00e9moigne des conditions du d\u00e9roulement des plus grandes comp\u00e9titions internationales de l\u2019\u00e9poque jusqu\u2019au fonctionnement des plus prestigieuses enceintes sportives.<\/p>\n<p>Un ouvrage qui passionnera tant les sp\u00e9cialistes que les amateurs de challenges, d\u2019aventures et d\u2019histoires humaines.<\/p>\n","protected":false},"excerpt":{"rendered":"<p>L\u2019\u00e9pop\u00e9e de Joseph Isra\u00ebl Guillemot (1899-1975) r\u00e9sonne, encore aujourd\u2019hui, comme un v\u00e9ritable hymne au sport, \u00e0 l\u2019athl\u00e9tisme. Le 17 ao\u00fbt 1920, l\u2019enfant du Dorat (Haute-Vienne), le poilu de 14-18 devenu athl\u00e8te international, entrait \u00e0 tout juste 20 ans au panth\u00e9on olympique. En remportant l\u2019\u00e9preuve reine du demi-fond, le 5 000 m\u00e8tres sur piste lors des [&hellip;]<\/p>\n","protected":false},"featured_media":59708,"template":"","meta":{"_acf_changed":false,"_genesis_hide_title":false,"_genesis_hide_breadcrumbs":false,"_genesis_hide_singular_image":false,"_genesis_hide_footer_widgets":false,"_genesis_custom_body_class":"","_genesis_custom_post_class":"","_genesis_layout":""},"product_brand":[],"product_cat":[7132,7212,7206],"product_tag":[],"class_list":{"0":"post-59705","1":"product","2":"type-product","3":"status-publish","4":"has-post-thumbnail","6":"product_cat-books","7":"product_cat-traditional-skills-savoirs-faire-en","8":"product_cat-traditions-heritage-en","9":"pa_auteur-guillemot-joseph-en","10":"pa_auteur-laguzet-christophe-en","11":"pa_editeur-les-ardents-editeurs-en","12":"pa_langue-francais-en","13":"entry","15":"first","16":"outofstock","17":"shipping-taxable","18":"purchasable","19":"product-type-simple"},"acf":[],"_links":{"self":[{"href":"https:\/\/www.libraria-occitana.org\/en\/wp-json\/wp\/v2\/product\/59705","targetHints":{"allow":["GET"]}}],"collection":[{"href":"https:\/\/www.libraria-occitana.org\/en\/wp-json\/wp\/v2\/product"}],"about":[{"href":"https:\/\/www.libraria-occitana.org\/en\/wp-json\/wp\/v2\/types\/product"}],"wp:featuredmedia":[{"embeddable":true,"href":"https:\/\/www.libraria-occitana.org\/en\/wp-json\/wp\/v2\/media\/59708"}],"wp:attachment":[{"href":"https:\/\/www.libraria-occitana.org\/en\/wp-json\/wp\/v2\/media?parent=59705"}],"wp:term":[{"taxonomy":"product_brand","embeddable":true,"href":"https:\/\/www.libraria-occitana.org\/en\/wp-json\/wp\/v2\/product_brand?post=59705"},{"taxonomy":"product_cat","embeddable":true,"href":"https:\/\/www.libraria-occitana.org\/en\/wp-json\/wp\/v2\/product_cat?post=59705"},{"taxonomy":"product_tag","embeddable":true,"href":"https:\/\/www.libraria-occitana.org\/en\/wp-json\/wp\/v2\/product_tag?post=59705"}],"curies":[{"name":"wp","href":"https:\/\/api.w.org\/{rel}","templated":true}]}}