{"id":60036,"date":"2021-01-12T13:31:37","date_gmt":"2021-01-12T12:31:37","guid":{"rendered":"http:\/\/www.libraria-occitana.org\/product\/orfeas-orfanelas-orphees-orphelines-ou-les-musiques-au-feminin-actes-du-colloque-dalbi-tarn-octobre-2019\/"},"modified":"2026-04-29T01:16:42","modified_gmt":"2026-04-28T23:16:42","slug":"orfeas-orfanelas-orphees-orphelines-ou-les-musiques-au-feminin-actes-du-colloque-dalbi-tarn-octobre-2019","status":"publish","type":"product","link":"https:\/\/www.libraria-occitana.org\/en\/product\/orfeas-orfanelas-orphees-orphelines-ou-les-musiques-au-feminin-actes-du-colloque-dalbi-tarn-octobre-2019\/","title":{"rendered":"Orfeas, orfan\u00e8las : Orph\u00e9es, orphelines, ou les musiques au f\u00e9minin &#8211; Actes du colloque d&#8217;Albi (Tarn) octobre 2019"},"content":{"rendered":"<p>L\u2019objectif du colloque consistait \u00e0 mettre en lumi\u00e8re et \u00e0 mieux faire conna\u00eetre tous les espaces, les lieux, les moments ou les circonstances li\u00e9s \u00e0 la musique, o\u00f9 la pr\u00e9sence f\u00e9minine est primordiale, ainsi qu\u2019\u00e0 pr\u00e9senter certaines figures incontournables des musiques au f\u00e9minin, en insistant sur tout le combat qu\u2019elles ont d\u00fb ou doivent encore mener pour arriver \u00e0 s\u2019exprimer face \u00e0 un milieu professionnel ou amateur encore relativement machiste.<\/p>\n","protected":false},"excerpt":{"rendered":"<p>L\u2019objectif du colloque consistait \u00e0 mettre en lumi\u00e8re et \u00e0 mieux faire conna\u00eetre tous les espaces, les lieux, les moments ou les circonstances li\u00e9s \u00e0 la musique, o\u00f9 la pr\u00e9sence f\u00e9minine est primordiale, ainsi qu\u2019\u00e0 pr\u00e9senter certaines figures incontournables des musiques au f\u00e9minin, en insistant sur tout le combat qu\u2019elles ont d\u00fb ou doivent encore [&hellip;]<\/p>\n","protected":false},"featured_media":60034,"template":"","meta":{"_acf_changed":false,"_genesis_hide_title":false,"_genesis_hide_breadcrumbs":false,"_genesis_hide_singular_image":false,"_genesis_hide_footer_widgets":false,"_genesis_custom_body_class":"","_genesis_custom_post_class":"","_genesis_layout":""},"product_brand":[],"product_cat":[7132,7194,7190],"product_tag":[],"class_list":{"0":"post-60036","1":"product","2":"type-product","3":"status-publish","4":"has-post-thumbnail","6":"product_cat-books","7":"product_cat-studies-en","8":"product_cat-music-dances-en","9":"pa_auteur-collectiu-en-2","10":"pa_editeur-cordae-la-talvera-en","11":"pa_langue-francais-en","12":"entry","14":"first","15":"instock","16":"shipping-taxable","17":"purchasable","18":"product-type-simple"},"acf":[],"_links":{"self":[{"href":"https:\/\/www.libraria-occitana.org\/en\/wp-json\/wp\/v2\/product\/60036","targetHints":{"allow":["GET"]}}],"collection":[{"href":"https:\/\/www.libraria-occitana.org\/en\/wp-json\/wp\/v2\/product"}],"about":[{"href":"https:\/\/www.libraria-occitana.org\/en\/wp-json\/wp\/v2\/types\/product"}],"wp:featuredmedia":[{"embeddable":true,"href":"https:\/\/www.libraria-occitana.org\/en\/wp-json\/wp\/v2\/media\/60034"}],"wp:attachment":[{"href":"https:\/\/www.libraria-occitana.org\/en\/wp-json\/wp\/v2\/media?parent=60036"}],"wp:term":[{"taxonomy":"product_brand","embeddable":true,"href":"https:\/\/www.libraria-occitana.org\/en\/wp-json\/wp\/v2\/product_brand?post=60036"},{"taxonomy":"product_cat","embeddable":true,"href":"https:\/\/www.libraria-occitana.org\/en\/wp-json\/wp\/v2\/product_cat?post=60036"},{"taxonomy":"product_tag","embeddable":true,"href":"https:\/\/www.libraria-occitana.org\/en\/wp-json\/wp\/v2\/product_tag?post=60036"}],"curies":[{"name":"wp","href":"https:\/\/api.w.org\/{rel}","templated":true}]}}