{"id":60124,"date":"2022-11-19T16:38:20","date_gmt":"2022-11-19T15:38:20","guid":{"rendered":"http:\/\/www.libraria-occitana.org\/product\/istoria-dun-sauvatjot-je-suis-cet-enfant\/"},"modified":"2026-04-25T21:36:48","modified_gmt":"2026-04-25T19:36:48","slug":"istoria-dun-sauvatjot-je-suis-cet-enfant","status":"publish","type":"product","link":"https:\/\/www.libraria-occitana.org\/en\/product\/istoria-dun-sauvatjot-je-suis-cet-enfant\/","title":{"rendered":"Ist\u00f2ria d&#8217;un sauvatj\u00f2t &#8211; Je suis cet enfant"},"content":{"rendered":"<p><em>Ist\u00f2ria d\u2019un sauvatj\u00f2t<\/em>, c\u2019est un r\u00e9cit autobiographique cont\u00e9 \u00e0 hauteur d\u2019enfant.<br \/>\nUn enfant qui d\u00e9couvre le monde, pas \u00e0 pas : la maison familiale, les voisins, le monde de l\u2019\u00e9cole, les joies et les peines, les premiers drames, la vie quotidienne v\u00e9cue entre deux langues, l\u2019occitan (sous le nom de patois) et le fran\u00e7ais.<\/p>\n<p>Serge Carles nous fait partager son cheminement jusqu\u2019\u00e0 l\u2019entr\u00e9e \u00e0 l\u2019\u00c9cole Normale, passage dans un autre univers, dans une \u00e9criture autobiographique sensible et g\u00e9n\u00e9reuse.<\/p>\n<p>Suivi d\u2019une version fran\u00e7aise de l\u2019auteur.<br \/>\nAvec un lexique occitan-fran\u00e7ais.<\/p>\n","protected":false},"excerpt":{"rendered":"<p>Ist\u00f2ria d\u2019un sauvatj\u00f2t, c\u2019est un r\u00e9cit autobiographique cont\u00e9 \u00e0 hauteur d\u2019enfant. Un enfant qui d\u00e9couvre le monde, pas \u00e0 pas : la maison familiale, les voisins, le monde de l\u2019\u00e9cole, les joies et les peines, les premiers drames, la vie quotidienne v\u00e9cue entre deux langues, l\u2019occitan (sous le nom de patois) et le fran\u00e7ais. Serge [&hellip;]<\/p>\n","protected":false},"featured_media":60121,"template":"","meta":{"_acf_changed":false,"_genesis_hide_title":false,"_genesis_hide_breadcrumbs":false,"_genesis_hide_singular_image":false,"_genesis_hide_footer_widgets":false,"_genesis_custom_body_class":"","_genesis_custom_post_class":"","_genesis_layout":""},"product_brand":[],"product_cat":[7132,7174,7186],"product_tag":[],"class_list":{"0":"post-60124","1":"product","2":"type-product","3":"status-publish","4":"has-post-thumbnail","6":"product_cat-books","7":"product_cat-literature-en","8":"product_cat-personal-narratives-memoirs-en","9":"pa_auteur-carles-sergi-carles-serge-en","10":"pa_editeur-letras-doc-en","11":"pa_langue-occitan-lengadocian-en","12":"pa_langue-occitan-francais-en","13":"entry","15":"first","16":"instock","17":"shipping-taxable","18":"purchasable","19":"product-type-simple"},"acf":[],"_links":{"self":[{"href":"https:\/\/www.libraria-occitana.org\/en\/wp-json\/wp\/v2\/product\/60124","targetHints":{"allow":["GET"]}}],"collection":[{"href":"https:\/\/www.libraria-occitana.org\/en\/wp-json\/wp\/v2\/product"}],"about":[{"href":"https:\/\/www.libraria-occitana.org\/en\/wp-json\/wp\/v2\/types\/product"}],"wp:featuredmedia":[{"embeddable":true,"href":"https:\/\/www.libraria-occitana.org\/en\/wp-json\/wp\/v2\/media\/60121"}],"wp:attachment":[{"href":"https:\/\/www.libraria-occitana.org\/en\/wp-json\/wp\/v2\/media?parent=60124"}],"wp:term":[{"taxonomy":"product_brand","embeddable":true,"href":"https:\/\/www.libraria-occitana.org\/en\/wp-json\/wp\/v2\/product_brand?post=60124"},{"taxonomy":"product_cat","embeddable":true,"href":"https:\/\/www.libraria-occitana.org\/en\/wp-json\/wp\/v2\/product_cat?post=60124"},{"taxonomy":"product_tag","embeddable":true,"href":"https:\/\/www.libraria-occitana.org\/en\/wp-json\/wp\/v2\/product_tag?post=60124"}],"curies":[{"name":"wp","href":"https:\/\/api.w.org\/{rel}","templated":true}]}}