{"id":61909,"date":"2025-06-06T13:04:24","date_gmt":"2025-06-06T11:04:24","guid":{"rendered":"https:\/\/www.libraria-occitana.org\/?post_type=product&#038;p=61909"},"modified":"2026-04-29T10:14:40","modified_gmt":"2026-04-29T08:14:40","slug":"lombre-messagere-et-autres-moissons-de-poemes","status":"publish","type":"product","link":"https:\/\/www.libraria-occitana.org\/en\/product\/lombre-messagere-et-autres-moissons-de-poemes\/","title":{"rendered":"L&#8217;ombre messag\u00e8re et autres moissons de po\u00e8mes"},"content":{"rendered":"<blockquote>\n<p>Los mots son de s\u00f2us traucats.<br \/>\nPer jogar als osselets<br \/>\nne v\u00f2le cafir ma pauma.<br \/>\nE ne faire gisclar son cant perdut,<br \/>\namb\u00e9 d&#8217;ulhau\u00e7s de lusor n\u00f2va.<br \/>\nAn delembrat \u00e7\u00f2 que disi\u00e1n,<br \/>\nson tornats v\u00e8rges dins l&#8217;espandi.<br \/>\nLo s\u00f2u traucat es vengut n\u00f2u.<br \/>\nNe v\u00f2le faire de solelhs<br \/>\ne de lunas emai d&#8217;est\u00e8las<br \/>\nqu&#8217;entre elas s&#8217;entrelusir\u00e0n.<\/p>\n<p>Les mots sont des sous trou\u00e9s.<br \/>\nPour jouer aux osselets<br \/>\nje veux en remplir ma paume.<br \/>\nEt leur faire crier leur chant perdu<br \/>\ndans des \u00e9clairs de clart\u00e9 neuve.<br \/>\nIls ont oubli\u00e9 ce qu\u2019ils disaient,<br \/>\n\u00e0 nouveau vierges dans l\u2019espace.<br \/>\nLe sou trou\u00e9 redevient neuf.<br \/>\nJe veux en faire des soleils<br \/>\net des lunes et des \u00e9toiles,<br \/>\nqui s\u2019illumineront entr\u2019elles.<\/p>\n<\/blockquote>\n<p>Les oiseaux et les fleurs, le grillon qui meurt en chantant, la voix mill\u00e9naire qui bruisse dans les arbres, les herbes d\u2019eau et le corps des nymphes, les pierres venues du fond des \u00e2ges, la nuit qui nous regarde \u00ab sur l\u2019autre rive de la nuit \u00bb, un si\u00e8cle qui s\u2019\u00e9tire entre deux sanglots de guitare, et les d\u00e9serts, l\u2019\u00e2pret\u00e9 silencieuse, les ruisseaux, les saisons et les astres&#8230; En magicien du langage, Max Rouquette nous entra\u00eene sur les sentiers d\u2019une Occitanie ancestrale. Ses paysages int\u00e9rieurs et les garrigues de l\u2019H\u00e9rault se rejoignent, comme se rejoignent, le silence des pierres et le bruissement du temps, les animaux r\u00e9els et le bestiaire mythologique qui peuple son imaginaire. Les mots de po\u00e8te visionnaire sont des sous trou\u00e9s : on ne s\u2019\u00e9tonnera pas d\u2019y passer le soleil.<\/p>\n<p>Choix de textes et pr\u00e9face d&#8217;Aur\u00e9lia Lassaque. Postface de Philippe Gardy.<\/p>\n","protected":false},"excerpt":{"rendered":"<p>Los mots son de s\u00f2us traucats. Per jogar als osselets ne v\u00f2le cafir ma pauma. E ne faire gisclar son cant perdut, amb\u00e9 d&#8217;ulhau\u00e7s de lusor n\u00f2va. An delembrat \u00e7\u00f2 que disi\u00e1n, son tornats v\u00e8rges dins l&#8217;espandi. Lo s\u00f2u traucat es vengut n\u00f2u. Ne v\u00f2le faire de solelhs e de lunas emai d&#8217;est\u00e8las qu&#8217;entre elas [&hellip;]<\/p>\n","protected":false},"featured_media":61907,"template":"","meta":{"_acf_changed":false,"_genesis_hide_title":false,"_genesis_hide_breadcrumbs":false,"_genesis_hide_singular_image":false,"_genesis_hide_footer_widgets":false,"_genesis_custom_body_class":"","_genesis_custom_post_class":"","_genesis_layout":""},"product_brand":[],"product_cat":[7132,7174,7180],"product_tag":[],"class_list":{"0":"post-61909","1":"product","2":"type-product","3":"status-publish","4":"has-post-thumbnail","6":"product_cat-books","7":"product_cat-literature-en","8":"product_cat-poetry-en","9":"pa_auteur-roqueta-max-en","10":"pa_editeur-editions-bruno-doucey-oc-en","11":"pa_illustrateur-gardy-philippe-1-en","12":"pa_illustrateur-lassaque-aurelia-1-en","13":"pa_illustrateur-rouquette-jean-guilhem-en","14":"pa_langue-occitan-lengadocian-en","15":"pa_langue-occitan-francais-en","16":"entry","18":"first","19":"instock","20":"shipping-taxable","21":"purchasable","22":"product-type-simple"},"acf":[],"_links":{"self":[{"href":"https:\/\/www.libraria-occitana.org\/en\/wp-json\/wp\/v2\/product\/61909","targetHints":{"allow":["GET"]}}],"collection":[{"href":"https:\/\/www.libraria-occitana.org\/en\/wp-json\/wp\/v2\/product"}],"about":[{"href":"https:\/\/www.libraria-occitana.org\/en\/wp-json\/wp\/v2\/types\/product"}],"wp:featuredmedia":[{"embeddable":true,"href":"https:\/\/www.libraria-occitana.org\/en\/wp-json\/wp\/v2\/media\/61907"}],"wp:attachment":[{"href":"https:\/\/www.libraria-occitana.org\/en\/wp-json\/wp\/v2\/media?parent=61909"}],"wp:term":[{"taxonomy":"product_brand","embeddable":true,"href":"https:\/\/www.libraria-occitana.org\/en\/wp-json\/wp\/v2\/product_brand?post=61909"},{"taxonomy":"product_cat","embeddable":true,"href":"https:\/\/www.libraria-occitana.org\/en\/wp-json\/wp\/v2\/product_cat?post=61909"},{"taxonomy":"product_tag","embeddable":true,"href":"https:\/\/www.libraria-occitana.org\/en\/wp-json\/wp\/v2\/product_tag?post=61909"}],"curies":[{"name":"wp","href":"https:\/\/api.w.org\/{rel}","templated":true}]}}