{"id":62163,"date":"2015-04-30T12:51:24","date_gmt":"2015-04-30T10:51:24","guid":{"rendered":"https:\/\/www.libraria-occitana.org\/product\/peau-noire-masques-blancs\/"},"modified":"2026-04-29T10:29:25","modified_gmt":"2026-04-29T08:29:25","slug":"peau-noire-masques-blancs","status":"publish","type":"product","link":"https:\/\/www.libraria-occitana.org\/en\/product\/peau-noire-masques-blancs\/","title":{"rendered":"Peau noire, masques blancs"},"content":{"rendered":"<p>La d\u00e9colonisation faite, cet essai de compr\u00e9hension du rapport Noir-Blanc a gard\u00e9 toute sa valeur proph\u00e9tique : car le racisme, malgr\u00e9 les horreurs dont il a afflig\u00e9 le monde, reste un probl\u00e8me d\u2019avenir.<\/p>\n<p>Il est ici abord\u00e9 et combattu de front, avec toutes les ressources des sciences de l\u2019homme et avec la passion de celui qui allait devenir un ma\u00eetre \u00e0 penser pour beaucoup d\u2019intellectuels du tiers monde.<\/p>\n<h3>Frantz Fanon (1925-1961)<\/h3>\n<p>N\u00e9 \u00e0 Fort-de-France, il s\u2019engage dans les Forces fran\u00e7aise libre en 1943, puis \u00e9tudie la m\u00e9decine, la philosophie et la psychologie \u00e0 Lyon. Il devient m\u00e9decin-chef de l\u2019h\u00f4pital psychiatrique de Blida, mais il est expuls\u00e9 d\u2019Alg\u00e9rie en 1957 et s\u2019installe \u00e0 Tunis o\u00f9 il reste li\u00e9 avec les dirigeants du GPRA. Il meurt d\u2019une leuc\u00e9mie apr\u00e8s avoir publi\u00e9 deux autres ouvrages consacr\u00e9s \u00e0 la r\u00e9volution alg\u00e9rienne et \u00e0 la d\u00e9colonisation.<\/p>\n","protected":false},"excerpt":{"rendered":"<p>La d\u00e9colonisation faite, cet essai de compr\u00e9hension du rapport Noir-Blanc a gard\u00e9 toute sa valeur proph\u00e9tique : car le racisme, malgr\u00e9 les horreurs dont il a afflig\u00e9 le monde, reste un probl\u00e8me d\u2019avenir. Il est ici abord\u00e9 et combattu de front, avec toutes les ressources des sciences de l\u2019homme et avec la passion de celui [&hellip;]<\/p>\n","protected":false},"featured_media":62161,"template":"","meta":{"_acf_changed":false,"_genesis_hide_title":false,"_genesis_hide_breadcrumbs":false,"_genesis_hide_singular_image":false,"_genesis_hide_footer_widgets":false,"_genesis_custom_body_class":"","_genesis_custom_post_class":"","_genesis_layout":""},"product_brand":[],"product_cat":[7132,7202],"product_tag":[],"class_list":{"0":"post-62163","1":"product","2":"type-product","3":"status-publish","4":"has-post-thumbnail","6":"product_cat-books","7":"product_cat-politics-sociology-current-affairs-en","8":"pa_auteur-fanon-frantz-en","9":"pa_langue-francais-en","10":"entry","12":"first","13":"instock","14":"shipping-taxable","15":"purchasable","16":"product-type-simple"},"acf":[],"_links":{"self":[{"href":"https:\/\/www.libraria-occitana.org\/en\/wp-json\/wp\/v2\/product\/62163","targetHints":{"allow":["GET"]}}],"collection":[{"href":"https:\/\/www.libraria-occitana.org\/en\/wp-json\/wp\/v2\/product"}],"about":[{"href":"https:\/\/www.libraria-occitana.org\/en\/wp-json\/wp\/v2\/types\/product"}],"wp:featuredmedia":[{"embeddable":true,"href":"https:\/\/www.libraria-occitana.org\/en\/wp-json\/wp\/v2\/media\/62161"}],"wp:attachment":[{"href":"https:\/\/www.libraria-occitana.org\/en\/wp-json\/wp\/v2\/media?parent=62163"}],"wp:term":[{"taxonomy":"product_brand","embeddable":true,"href":"https:\/\/www.libraria-occitana.org\/en\/wp-json\/wp\/v2\/product_brand?post=62163"},{"taxonomy":"product_cat","embeddable":true,"href":"https:\/\/www.libraria-occitana.org\/en\/wp-json\/wp\/v2\/product_cat?post=62163"},{"taxonomy":"product_tag","embeddable":true,"href":"https:\/\/www.libraria-occitana.org\/en\/wp-json\/wp\/v2\/product_tag?post=62163"}],"curies":[{"name":"wp","href":"https:\/\/api.w.org\/{rel}","templated":true}]}}