{"id":62657,"date":"2025-10-29T17:58:35","date_gmt":"2025-10-29T16:58:35","guid":{"rendered":"https:\/\/www.libraria-occitana.org\/?post_type=product&#038;p=62657"},"modified":"2026-04-29T10:23:47","modified_gmt":"2026-04-29T08:23:47","slug":"quand-le-limousin-sinventait-un-avenir-mai-1968-mai-1981-chroniques-dhistoire","status":"publish","type":"product","link":"https:\/\/www.libraria-occitana.org\/en\/product\/quand-le-limousin-sinventait-un-avenir-mai-1968-mai-1981-chroniques-dhistoire\/","title":{"rendered":"Quand le Limousin s&#8217;inventait un avenir : Mai 1968 &#8211; mai 1981 \u2013 Chroniques d&#8217;histoire"},"content":{"rendered":"<p>D\u2019un mai \u00e0 l\u2019autre : des manifestations de Mai 68 \u00e0 l\u2019\u00e9lection de Fran\u00e7ois Mitterrand, la France, enfin en paix, conna\u00eet deux d\u00e9cennies de transformations profondes. Croissance \u00e9conomique et \u00e9l\u00e9vation du niveau de vie c\u00f4toient crises politiques, contestations sociales et chocs p\u00e9troliers. Le pouvoir du g\u00e9n\u00e9ral de Gaulle vacille sous la pression de la rue, tandis qu\u2019en 1981, la gauche acc\u00e8de \u00e0 la pr\u00e9sidence de la R\u00e9publique apr\u00e8s des d\u00e9cennies d\u2019exclusion.<\/p>\n<p>Comment ces bouleversements ont-ils \u00e9t\u00e9 v\u00e9cus en Corr\u00e8ze, Creuse et Haute-Vienne ?<\/p>\n<p>Des cort\u00e8ges de Mai 68 aux mutations urbaines et industrielles, des usines \u2013 devenues pour certaines de v\u00e9ritables citadelles ouvri\u00e8res \u2013 aux campagnes, elles-m\u00eames travers\u00e9es par de nouvelles contestations, cette province longtemps per\u00e7ue comme en marge du progr\u00e8s mat\u00e9riel entre dans une \u00e8re de modernit\u00e9. Devenu une r\u00e9gion \u00e0 part enti\u00e8re, le Limousin se transforme sous l\u2019effet des grandes dynamiques nationales et locales, et vit de profonds bouleversements sociaux r\u00e9v\u00e9l\u00e9s lors des consultations \u00e9lectorales.<\/p>\n<p>\u00c0 travers ces pages, l\u2019association M\u00e9moire ouvri\u00e8re en Limousin propose une plong\u00e9e dans cette p\u00e9riode charni\u00e8re de l\u2019histoire nationale, dans la lign\u00e9e de ses pr\u00e9c\u00e9dentes publications de r\u00e9f\u00e9rence\u2026 <a href=\"https:\/\/www.libraria-occitana.org\/produit\/utopies-en-limousin-de-boussac-a-tarnac-histoires-dautres-possibles\/\"><em>Utopies en Limousin<\/em><\/a> et <a href=\"https:\/\/www.libraria-occitana.org\/produit\/1936-le-front-populaire-en-limousin\/\"><em>1936, le Front populaire en Limousin<\/em><\/a>.<\/p>\n<p>Avec les contributions de Vincent Brousse, Dominique Danthieux, Bernard Duverny, Johanna Lemercier, Nicolas Lestieux, Bernadette Malinvaud, Annette Marsac et Pierre Vallin.<\/p>\n","protected":false},"excerpt":{"rendered":"<p>D\u2019un mai \u00e0 l\u2019autre : des manifestations de Mai 68 \u00e0 l\u2019\u00e9lection de Fran\u00e7ois Mitterrand, la France, enfin en paix, conna\u00eet deux d\u00e9cennies de transformations profondes. Croissance \u00e9conomique et \u00e9l\u00e9vation du niveau de vie c\u00f4toient crises politiques, contestations sociales et chocs p\u00e9troliers. Le pouvoir du g\u00e9n\u00e9ral de Gaulle vacille sous la pression de la rue, [&hellip;]<\/p>\n","protected":false},"featured_media":62660,"template":"","meta":{"_acf_changed":false,"_genesis_hide_title":false,"_genesis_hide_breadcrumbs":false,"_genesis_hide_singular_image":false,"_genesis_hide_footer_widgets":false,"_genesis_custom_body_class":"","_genesis_custom_post_class":"","_genesis_layout":""},"product_brand":[],"product_cat":[7132,7148,7158],"product_tag":[],"class_list":{"0":"post-62657","1":"product","2":"type-product","3":"status-publish","4":"has-post-thumbnail","6":"product_cat-books","7":"product_cat-history-geography-en","8":"product_cat-modern-and-contemporary-history-en","9":"pa_auteur-memoire-ouvriere-en-limousin-en","10":"pa_editeur-les-ardents-editeurs-en","11":"pa_langue-francais-en","12":"entry","14":"first","15":"instock","16":"shipping-taxable","17":"purchasable","18":"product-type-simple"},"acf":[],"_links":{"self":[{"href":"https:\/\/www.libraria-occitana.org\/en\/wp-json\/wp\/v2\/product\/62657","targetHints":{"allow":["GET"]}}],"collection":[{"href":"https:\/\/www.libraria-occitana.org\/en\/wp-json\/wp\/v2\/product"}],"about":[{"href":"https:\/\/www.libraria-occitana.org\/en\/wp-json\/wp\/v2\/types\/product"}],"wp:featuredmedia":[{"embeddable":true,"href":"https:\/\/www.libraria-occitana.org\/en\/wp-json\/wp\/v2\/media\/62660"}],"wp:attachment":[{"href":"https:\/\/www.libraria-occitana.org\/en\/wp-json\/wp\/v2\/media?parent=62657"}],"wp:term":[{"taxonomy":"product_brand","embeddable":true,"href":"https:\/\/www.libraria-occitana.org\/en\/wp-json\/wp\/v2\/product_brand?post=62657"},{"taxonomy":"product_cat","embeddable":true,"href":"https:\/\/www.libraria-occitana.org\/en\/wp-json\/wp\/v2\/product_cat?post=62657"},{"taxonomy":"product_tag","embeddable":true,"href":"https:\/\/www.libraria-occitana.org\/en\/wp-json\/wp\/v2\/product_tag?post=62657"}],"curies":[{"name":"wp","href":"https:\/\/api.w.org\/{rel}","templated":true}]}}